{"id":2796,"date":"2025-04-17T09:56:00","date_gmt":"2025-04-17T07:56:00","guid":{"rendered":"https:\/\/international-funeral.com\/?page_id=2796"},"modified":"2025-05-15T11:56:34","modified_gmt":"2025-05-15T09:56:34","slug":"prix-fixe","status":"publish","type":"page","link":"https:\/\/international-funeral.com\/fr\/ueberfuehrung\/fixpreis\/","title":{"rendered":"Co\u00fbts transparents pour les transferts"},"content":{"rendered":"<div data-elementor-type=\"wp-page\" data-elementor-id=\"2796\" class=\"elementor elementor-2796\" data-elementor-post-type=\"page\">\n\t\t\t\t<div class=\"elementor-element elementor-element-159e451a e-flex e-con-boxed e-con e-parent\" data-id=\"159e451a\" data-element_type=\"container\" data-e-type=\"container\">\n\t\t\t\t\t<div class=\"e-con-inner\">\n\t\t\t\t<div class=\"elementor-element elementor-element-9f3ec90 elementor-widget elementor-widget-heading\" data-id=\"9f3ec90\" data-element_type=\"widget\" data-e-type=\"widget\" data-widget_type=\"heading.default\">\n\t\t\t\t<div class=\"elementor-widget-container\">\n\t\t\t\t\t<h1 class=\"elementor-heading-title elementor-size-default\">Des transferts internationaux en toute dignit\u00e9 - dans le monde entier et en toute fiabilit\u00e9<\/h1>\t\t\t\t<\/div>\n\t\t\t\t<\/div>\n\t\t\t\t<div class=\"elementor-element elementor-element-deb03ca elementor-widget elementor-widget-text-editor\" data-id=\"deb03ca\" data-element_type=\"widget\" data-e-type=\"widget\" data-widget_type=\"text-editor.default\">\n\t\t\t\t<div class=\"elementor-widget-container\">\n\t\t\t\t\t\t\t\t\t<p>Un \u00eatre cher est d\u00e9c\u00e9d\u00e9 - et la famille doit maintenant se demander comment le rapatriement dans le pays d'origine peut se faire dignement et sans probl\u00e8me. Dans de tels moments, il faut non seulement faire son deuil, mais aussi faire face \u00e0 une \u00e9norme charge organisationnelle. C'est pr\u00e9cis\u00e9ment l\u00e0 que nous sommes \u00e0 vos c\u00f4t\u00e9s, avec empathie et comp\u00e9tence.<\/p><p>International Funeral \u00e0 Berlin est sp\u00e9cialis\u00e9 depuis de nombreuses ann\u00e9es dans le transport international de d\u00e9funts d'Allemagne vers le monde entier. Que ce soit vers des pays europ\u00e9ens voisins ou vers d'autres continents, nous nous chargeons de toutes les formalit\u00e9s, de la communication avec les consulats, de la documentation n\u00e9cessaire et, bien s\u00fbr, d'un transport respectueux vers le pays de destination souhait\u00e9.<\/p>\t\t\t\t\t\t\t\t<\/div>\n\t\t\t\t<\/div>\n\t\t\t\t<div class=\"elementor-element elementor-element-de5f385 elementor-view-stacked elementor-position-inline-start elementor-shape-circle elementor-mobile-position-block-start elementor-widget elementor-widget-icon-box\" data-id=\"de5f385\" data-element_type=\"widget\" data-e-type=\"widget\" data-widget_type=\"icon-box.default\">\n\t\t\t\t<div class=\"elementor-widget-container\">\n\t\t\t\t\t\t\t<div class=\"elementor-icon-box-wrapper\">\n\n\t\t\t\t\t\t<div class=\"elementor-icon-box-icon\">\n\t\t\t\t<a href=\"tel:+493034332566\" target=\"_blank\" class=\"elementor-icon\" tabindex=\"-1\" aria-label=\"Discret, humain, exp\u00e9riment\u00e9 - nous sommes \u00e0 votre service\">\n\t\t\t\t<i aria-hidden=\"true\" class=\"icon icon-hours-phone-support-icon\"><\/i>\t\t\t\t<\/a>\n\t\t\t<\/div>\n\t\t\t\n\t\t\t\t\t\t<div class=\"elementor-icon-box-content\">\n\n\t\t\t\t\t\t\t\t\t<h3 class=\"elementor-icon-box-title\">\n\t\t\t\t\t\t<a href=\"tel:+493034332566\" target=\"_blank\" >\n\t\t\t\t\t\t\tDiscret, humain, exp\u00e9riment\u00e9 - nous sommes \u00e0 votre service\t\t\t\t\t\t<\/a>\n\t\t\t\t\t<\/h3>\n\t\t\t\t\n\t\t\t\t\t\t\t\t\t<p class=\"elementor-icon-box-description\">\n\t\t\t\t\t\tAppelez maintenant et faites-vous conseiller - gratuitement et sans engagement. Lors d'un entretien personnel, nous d\u00e9terminerons ensemble ce qu'il faut faire et quelles sont les possibilit\u00e9s. Nous sommes \u00e0 votre disposition \u00e0 tout moment. International Funeral - parce que la dignit\u00e9 ne conna\u00eet pas de fronti\u00e8res.\t\t\t\t\t<\/p>\n\t\t\t\t\n\t\t\t<\/div>\n\t\t\t\n\t\t<\/div>\n\t\t\t\t\t\t<\/div>\n\t\t\t\t<\/div>\n\t\t\t\t<div class=\"elementor-element elementor-element-1aed38b elementor-widget elementor-widget-heading\" data-id=\"1aed38b\" data-element_type=\"widget\" data-e-type=\"widget\" data-widget_type=\"heading.default\">\n\t\t\t\t<div class=\"elementor-widget-container\">\n\t\t\t\t\t<h3 class=\"elementor-heading-title elementor-size-default\">Un prix fixe. Des proc\u00e9dures claires. Accompagnement personnel.<\/h3>\t\t\t\t<\/div>\n\t\t\t\t<\/div>\n\t\t\t\t<div class=\"elementor-element elementor-element-ad13557 elementor-widget elementor-widget-text-editor\" data-id=\"ad13557\" data-element_type=\"widget\" data-e-type=\"widget\" data-widget_type=\"text-editor.default\">\n\t\t\t\t<div class=\"elementor-widget-container\">\n\t\t\t\t\t\t\t\t\t<p>Nous savons \u00e0 quel point il est important de pouvoir compter sur des engagements fiables en ces temps difficiles, tant sur le plan \u00e9motionnel que financier. C'est pourquoi nous proposons un prix fixe sur lequel vous pouvez compter pour nos services de transfert en Allemagne. Nous calculons les frais de transport sp\u00e9cifiques \u00e0 chaque pays (par exemple les taxes a\u00e9riennes) de mani\u00e8re transparente et individuelle - en fonction de la destination, de la r\u00e9glementation et de la disponibilit\u00e9.<\/p><p>Notre ambition n'est pas seulement de vous d\u00e9charger du travail, mais aussi de vous apporter une s\u00e9curit\u00e9 \u00e9motionnelle.<\/p><p>Chaque transfert est unique, chaque famille a sa propre histoire. C'est pourquoi nous ne misons pas sur des processus automatiques, mais sur un conseil et un suivi personnalis\u00e9s. Nous \u00e9coutons, nous expliquons et nous accompagnons - \u00e9tape par \u00e9tape, avec beaucoup de sensibilit\u00e9.<\/p>\t\t\t\t\t\t\t\t<\/div>\n\t\t\t\t<\/div>\n\t\t\t\t\t<\/div>\n\t\t\t\t<\/div>\n\t\t\t\t<\/div>","protected":false},"excerpt":{"rendered":"<p>Internationale \u00dcberf\u00fchrungen mit W\u00fcrde \u2013 weltweit und zuverl\u00e4ssig Ein geliebter Mensch ist verstorben \u2013 und nun steht die Familie vor der Frage, wie die \u00dcberf\u00fchrung in das Heimatland w\u00fcrdevoll und reibungslos erfolgen kann. In solchen Momenten ist neben der Trauer auch eine enorme organisatorische Last zu bew\u00e4ltigen. Genau hier stehen wir Ihnen einf\u00fchlsam und kompetent [&hellip;]<\/p>\n","protected":false},"author":1,"featured_media":0,"parent":167,"menu_order":0,"comment_status":"closed","ping_status":"closed","template":"","meta":{"_acf_changed":false,"footnotes":""},"class_list":["post-2796","page","type-page","status-publish","hentry"],"acf":[],"yoast_head":"<!-- This site is optimized with the Yoast SEO plugin v27.5 - https:\/\/yoast.com\/product\/yoast-seo-wordpress\/ -->\n<title>Internationale \u00dcberf\u00fchrungen mit Fixpreis \u2013 Weltweit &amp; w\u00fcrdevoll<\/title>\n<meta name=\"description\" content=\"International Funeral - Spezialist f\u00fcr weltweite \u00dcberf\u00fchrungen Verstorbener. Fixpreis, pers\u00f6nliche Betreuung, Hilfe bei allen Formalit\u00e4ten.\" \/>\n<meta name=\"robots\" content=\"index, follow, max-snippet:-1, max-image-preview:large, max-video-preview:-1\" \/>\n<link rel=\"canonical\" href=\"https:\/\/international-funeral.com\/fr\/transfert\/prix-fixe\/\" \/>\n<meta property=\"og:locale\" content=\"fr_FR\" \/>\n<meta property=\"og:type\" content=\"article\" \/>\n<meta property=\"og:title\" content=\"Internationale \u00dcberf\u00fchrungen mit Fixpreis \u2013 Weltweit &amp; w\u00fcrdevoll\" \/>\n<meta property=\"og:description\" content=\"International Funeral - Spezialist f\u00fcr weltweite \u00dcberf\u00fchrungen Verstorbener. Fixpreis, pers\u00f6nliche Betreuung, Hilfe bei allen Formalit\u00e4ten.\" \/>\n<meta property=\"og:url\" content=\"https:\/\/international-funeral.com\/fr\/transfert\/prix-fixe\/\" \/>\n<meta property=\"og:site_name\" content=\"international-funeral.com\" \/>\n<meta property=\"article:modified_time\" content=\"2025-05-15T09:56:34+00:00\" \/>\n<meta name=\"twitter:card\" content=\"summary_large_image\" \/>\n<meta name=\"twitter:label1\" content=\"Dur\u00e9e de lecture estim\u00e9e\" \/>\n\t<meta name=\"twitter:data1\" content=\"2 minutes\" \/>\n<script type=\"application\/ld+json\" class=\"yoast-schema-graph\">{\"@context\":\"https:\\\/\\\/schema.org\",\"@graph\":[{\"@type\":\"WebPage\",\"@id\":\"https:\\\/\\\/international-funeral.com\\\/ueberfuehrung\\\/fixpreis\\\/\",\"url\":\"https:\\\/\\\/international-funeral.com\\\/ueberfuehrung\\\/fixpreis\\\/\",\"name\":\"Internationale \u00dcberf\u00fchrungen mit Fixpreis \u2013 Weltweit & w\u00fcrdevoll\",\"isPartOf\":{\"@id\":\"https:\\\/\\\/international-funeral.com\\\/#website\"},\"datePublished\":\"2025-04-17T07:56:00+00:00\",\"dateModified\":\"2025-05-15T09:56:34+00:00\",\"description\":\"International Funeral - Spezialist f\u00fcr weltweite \u00dcberf\u00fchrungen Verstorbener. Fixpreis, pers\u00f6nliche Betreuung, Hilfe bei allen Formalit\u00e4ten.\",\"breadcrumb\":{\"@id\":\"https:\\\/\\\/international-funeral.com\\\/ueberfuehrung\\\/fixpreis\\\/#breadcrumb\"},\"inLanguage\":\"fr-FR\",\"potentialAction\":[{\"@type\":\"ReadAction\",\"target\":[\"https:\\\/\\\/international-funeral.com\\\/ueberfuehrung\\\/fixpreis\\\/\"]}]},{\"@type\":\"BreadcrumbList\",\"@id\":\"https:\\\/\\\/international-funeral.com\\\/ueberfuehrung\\\/fixpreis\\\/#breadcrumb\",\"itemListElement\":[{\"@type\":\"ListItem\",\"position\":1,\"name\":\"Startseite\",\"item\":\"https:\\\/\\\/international-funeral.com\\\/\"},{\"@type\":\"ListItem\",\"position\":2,\"name\":\"Weltweite \u00dcberf\u00fchrungen\",\"item\":\"https:\\\/\\\/international-funeral.com\\\/ueberfuehrung\\\/\"},{\"@type\":\"ListItem\",\"position\":3,\"name\":\"Transparente Kosten bei \u00dcberf\u00fchrungen\"}]},{\"@type\":\"WebSite\",\"@id\":\"https:\\\/\\\/international-funeral.com\\\/#website\",\"url\":\"https:\\\/\\\/international-funeral.com\\\/\",\"name\":\"international-funeral.com\",\"description\":\"Pompes Fun\u00e9bres |\u00a0Funeral Home | Wordwide Transfers\",\"publisher\":{\"@id\":\"https:\\\/\\\/international-funeral.com\\\/#organization\"},\"potentialAction\":[{\"@type\":\"SearchAction\",\"target\":{\"@type\":\"EntryPoint\",\"urlTemplate\":\"https:\\\/\\\/international-funeral.com\\\/?s={search_term_string}\"},\"query-input\":{\"@type\":\"PropertyValueSpecification\",\"valueRequired\":true,\"valueName\":\"search_term_string\"}}],\"inLanguage\":\"fr-FR\"},{\"@type\":\"Organization\",\"@id\":\"https:\\\/\\\/international-funeral.com\\\/#organization\",\"name\":\"international-funeral.com\",\"url\":\"https:\\\/\\\/international-funeral.com\\\/\",\"logo\":{\"@type\":\"ImageObject\",\"inLanguage\":\"fr-FR\",\"@id\":\"https:\\\/\\\/international-funeral.com\\\/#\\\/schema\\\/logo\\\/image\\\/\",\"url\":\"https:\\\/\\\/international-funeral.com\\\/wp-content\\\/uploads\\\/2025\\\/05\\\/if_logo_pos.png\",\"contentUrl\":\"https:\\\/\\\/international-funeral.com\\\/wp-content\\\/uploads\\\/2025\\\/05\\\/if_logo_pos.png\",\"width\":1890,\"height\":543,\"caption\":\"international-funeral.com\"},\"image\":{\"@id\":\"https:\\\/\\\/international-funeral.com\\\/#\\\/schema\\\/logo\\\/image\\\/\"}}]}<\/script>\n<!-- \/ Yoast SEO plugin. -->","yoast_head_json":{"title":"Transferts internationaux \u00e0 prix fixe - dans le monde entier &amp; dans la dignit\u00e9","description":"International Funeral - Sp\u00e9cialiste du transport de d\u00e9funts dans le monde entier. Prix fixe, suivi personnalis\u00e9, aide pour toutes les formalit\u00e9s.","robots":{"index":"index","follow":"follow","max-snippet":"max-snippet:-1","max-image-preview":"max-image-preview:large","max-video-preview":"max-video-preview:-1"},"canonical":"https:\/\/international-funeral.com\/fr\/transfert\/prix-fixe\/","og_locale":"fr_FR","og_type":"article","og_title":"Internationale \u00dcberf\u00fchrungen mit Fixpreis \u2013 Weltweit & w\u00fcrdevoll","og_description":"International Funeral - Spezialist f\u00fcr weltweite \u00dcberf\u00fchrungen Verstorbener. Fixpreis, pers\u00f6nliche Betreuung, Hilfe bei allen Formalit\u00e4ten.","og_url":"https:\/\/international-funeral.com\/fr\/transfert\/prix-fixe\/","og_site_name":"international-funeral.com","article_modified_time":"2025-05-15T09:56:34+00:00","twitter_card":"summary_large_image","twitter_misc":{"Dur\u00e9e de lecture estim\u00e9e":"2 minutes"},"schema":{"@context":"https:\/\/schema.org","@graph":[{"@type":"WebPage","@id":"https:\/\/international-funeral.com\/ueberfuehrung\/fixpreis\/","url":"https:\/\/international-funeral.com\/ueberfuehrung\/fixpreis\/","name":"Transferts internationaux \u00e0 prix fixe - dans le monde entier &amp; dans la dignit\u00e9","isPartOf":{"@id":"https:\/\/international-funeral.com\/#website"},"datePublished":"2025-04-17T07:56:00+00:00","dateModified":"2025-05-15T09:56:34+00:00","description":"International Funeral - Sp\u00e9cialiste du transport de d\u00e9funts dans le monde entier. Prix fixe, suivi personnalis\u00e9, aide pour toutes les formalit\u00e9s.","breadcrumb":{"@id":"https:\/\/international-funeral.com\/ueberfuehrung\/fixpreis\/#breadcrumb"},"inLanguage":"fr-FR","potentialAction":[{"@type":"ReadAction","target":["https:\/\/international-funeral.com\/ueberfuehrung\/fixpreis\/"]}]},{"@type":"BreadcrumbList","@id":"https:\/\/international-funeral.com\/ueberfuehrung\/fixpreis\/#breadcrumb","itemListElement":[{"@type":"ListItem","position":1,"name":"Startseite","item":"https:\/\/international-funeral.com\/"},{"@type":"ListItem","position":2,"name":"Weltweite \u00dcberf\u00fchrungen","item":"https:\/\/international-funeral.com\/ueberfuehrung\/"},{"@type":"ListItem","position":3,"name":"Transparente Kosten bei \u00dcberf\u00fchrungen"}]},{"@type":"WebSite","@id":"https:\/\/international-funeral.com\/#website","url":"https:\/\/international-funeral.com\/","name":"international-funeral.com","description":"Pompes Fun\u00e9bres | Funeral Home | Wordwide Transfers","publisher":{"@id":"https:\/\/international-funeral.com\/#organization"},"potentialAction":[{"@type":"SearchAction","target":{"@type":"EntryPoint","urlTemplate":"https:\/\/international-funeral.com\/?s={search_term_string}"},"query-input":{"@type":"PropertyValueSpecification","valueRequired":true,"valueName":"search_term_string"}}],"inLanguage":"fr-FR"},{"@type":"Organization","@id":"https:\/\/international-funeral.com\/#organization","name":"international-funeral.com","url":"https:\/\/international-funeral.com\/","logo":{"@type":"ImageObject","inLanguage":"fr-FR","@id":"https:\/\/international-funeral.com\/#\/schema\/logo\/image\/","url":"https:\/\/international-funeral.com\/wp-content\/uploads\/2025\/05\/if_logo_pos.png","contentUrl":"https:\/\/international-funeral.com\/wp-content\/uploads\/2025\/05\/if_logo_pos.png","width":1890,"height":543,"caption":"international-funeral.com"},"image":{"@id":"https:\/\/international-funeral.com\/#\/schema\/logo\/image\/"}}]}},"_links":{"self":[{"href":"https:\/\/international-funeral.com\/fr\/wp-json\/wp\/v2\/pages\/2796","targetHints":{"allow":["GET"]}}],"collection":[{"href":"https:\/\/international-funeral.com\/fr\/wp-json\/wp\/v2\/pages"}],"about":[{"href":"https:\/\/international-funeral.com\/fr\/wp-json\/wp\/v2\/types\/page"}],"author":[{"embeddable":true,"href":"https:\/\/international-funeral.com\/fr\/wp-json\/wp\/v2\/users\/1"}],"replies":[{"embeddable":true,"href":"https:\/\/international-funeral.com\/fr\/wp-json\/wp\/v2\/comments?post=2796"}],"version-history":[{"count":10,"href":"https:\/\/international-funeral.com\/fr\/wp-json\/wp\/v2\/pages\/2796\/revisions"}],"predecessor-version":[{"id":3065,"href":"https:\/\/international-funeral.com\/fr\/wp-json\/wp\/v2\/pages\/2796\/revisions\/3065"}],"up":[{"embeddable":true,"href":"https:\/\/international-funeral.com\/fr\/wp-json\/wp\/v2\/pages\/167"}],"wp:attachment":[{"href":"https:\/\/international-funeral.com\/fr\/wp-json\/wp\/v2\/media?parent=2796"}],"curies":[{"name":"wp","href":"https:\/\/api.w.org\/{rel}","templated":true}]}}