{"id":2434,"date":"2025-04-13T19:21:21","date_gmt":"2025-04-13T17:21:21","guid":{"rendered":"https:\/\/international-funeral.com\/?page_id=2434"},"modified":"2025-05-23T13:57:04","modified_gmt":"2025-05-23T11:57:04","slug":"europe","status":"publish","type":"page","link":"https:\/\/international-funeral.com\/fr\/ueberfuehrung\/europa\/","title":{"rendered":"Europe"},"content":{"rendered":"<div data-elementor-type=\"wp-page\" data-elementor-id=\"2434\" class=\"elementor elementor-2434\" data-elementor-post-type=\"page\">\n\t\t\t\t<div class=\"elementor-element elementor-element-574f422 e-con-full e-flex e-con e-parent\" data-id=\"574f422\" data-element_type=\"container\" data-e-type=\"container\">\n\t\t\t\t<div class=\"elementor-element elementor-element-87be24c elementor-widget elementor-widget-heading\" data-id=\"87be24c\" data-element_type=\"widget\" data-e-type=\"widget\" data-widget_type=\"heading.default\">\n\t\t\t\t<div class=\"elementor-widget-container\">\n\t\t\t\t\t<h1 class=\"elementor-heading-title elementor-size-default\">Les transferts de l'UE : Rapide, r\u00e9glement\u00e9 et avec doigt\u00e9<\/h1>\t\t\t\t<\/div>\n\t\t\t\t<\/div>\n\t\t\t\t<div class=\"elementor-element elementor-element-e8d6e67 elementor-widget elementor-widget-text-editor\" data-id=\"e8d6e67\" data-element_type=\"widget\" data-e-type=\"widget\" data-widget_type=\"text-editor.default\">\n\t\t\t\t<div class=\"elementor-widget-container\">\n\t\t\t\t\t\t\t\t\tUn d\u00e9c\u00e8s au sein de l'Union europ\u00e9enne implique souvent moins d'obstacles bureaucratiques qu'en dehors de l'Europe - mais il faut n\u00e9anmoins tenir compte de nombreuses r\u00e9glementations.\nEn tant que sp\u00e9cialiste du transport de corps au sein de l'UE, nous connaissons les r\u00e9glementations sp\u00e9cifiques \u00e0 chaque pays, travaillons avec des entreprises de pompes fun\u00e8bres exp\u00e9riment\u00e9es dans toute l'Europe et vous accompagnons tout au long du processus - avec humanit\u00e9, comp\u00e9tence et fiabilit\u00e9.\t\t\t\t\t\t\t\t<\/div>\n\t\t\t\t<\/div>\n\t\t\t\t<div class=\"elementor-element elementor-element-871119d elementor-widget elementor-widget-heading\" data-id=\"871119d\" data-element_type=\"widget\" data-e-type=\"widget\" data-widget_type=\"heading.default\">\n\t\t\t\t<div class=\"elementor-widget-container\">\n\t\t\t\t\t<h2 class=\"elementor-heading-title elementor-size-default\">Vos avantages pour les transferts au sein de l'UE<\/h2>\t\t\t\t<\/div>\n\t\t\t\t<\/div>\n\t\t\t\t<div class=\"elementor-element elementor-element-8341f7d elementor-widget elementor-widget-text-editor\" data-id=\"8341f7d\" data-element_type=\"widget\" data-e-type=\"widget\" data-widget_type=\"text-editor.default\">\n\t\t\t\t<div class=\"elementor-widget-container\">\n\t\t\t\t\t\t\t\t\t<p>En cas de rapatriement ou de transfert vers un pays de l'UE, vous b\u00e9n\u00e9ficiez de proc\u00e9dures simplifi\u00e9es. Mais l\u00e0 aussi, il faut faire attention \u00e0 certains points, comme le choix du transport (terrestre, a\u00e9rien), les formalit\u00e9s et la langue.<br \/>Nous vous offrons<\/p><ul><li>Un transfert rapide gr\u00e2ce \u00e0 des trajets courts<\/li><li>Communication directe avec les autorit\u00e9s dans la langue du pays<\/li><li>Assistance pour tous les documents (\u00e9galement en plusieurs langues)<\/li><li>Connaissance de tous les r\u00e8glements actuels de l'UE<br \/><br \/><\/li><\/ul><p>Nous veillons tout particuli\u00e8rement \u00e0 ce que les proches soient trait\u00e9s avec dignit\u00e9 et \u00e0 ce que leurs souhaits individuels soient respect\u00e9s, m\u00eame en cas d'exigences \u00e0 caract\u00e8re culturel.<\/p>\t\t\t\t\t\t\t\t<\/div>\n\t\t\t\t<\/div>\n\t\t\t\t<div class=\"elementor-element elementor-element-fe0201f elementor-widget elementor-widget-heading\" data-id=\"fe0201f\" data-element_type=\"widget\" data-e-type=\"widget\" data-widget_type=\"heading.default\">\n\t\t\t\t<div class=\"elementor-widget-container\">\n\t\t\t\t\t<h3 class=\"elementor-heading-title elementor-size-default\">O\u00f9 nous effectuons des transferts au sein de l'UE<\/h3>\t\t\t\t<\/div>\n\t\t\t\t<\/div>\n\t\t\t\t<div class=\"elementor-element elementor-element-6576b63 elementor-widget elementor-widget-text-editor\" data-id=\"6576b63\" data-element_type=\"widget\" data-e-type=\"widget\" data-widget_type=\"text-editor.default\">\n\t\t\t\t<div class=\"elementor-widget-container\">\n\t\t\t\t\t\t\t\t\t<p>Nous organisons r\u00e9guli\u00e8rement des transferts \u00e0 l'int\u00e9rieur et \u00e0 l'ext\u00e9rieur de l'UE - entre autres vers :<\/p><ul><li>Pologne, Roumanie, Bulgarie, Croatie<\/li><li>France, Espagne, Italie, Gr\u00e8ce<\/li><li>Les pays scandinaves comme le Danemark, la Su\u00e8de et la Finlande<\/li><li>Benelux et r\u00e9gions limitrophes (Belgique, Pays-Bas, Luxembourg)<\/li><li>et bien d'autres choses encore.<\/li><\/ul><p>\u00a0<\/p><p>Notre r\u00e9seau de partenaires europ\u00e9ens permet un rapatriement rapide, digne et s\u00fbr - en quelques jours et avec une assistance continue.<\/p><p>Demander plus d'informations sur les transferts de l'UE<\/p>\t\t\t\t\t\t\t\t<\/div>\n\t\t\t\t<\/div>\n\t\t\t\t<\/div>\n\t\t\t\t<\/div>","protected":false},"excerpt":{"rendered":"<p>EU-\u00dcberf\u00fchrungen: Schnell, geregelt und mit Fingerspitzengef\u00fchl Ein Todesfall innerhalb der Europ\u00e4ischen Union bedeutet zwar oft weniger b\u00fcrokratische H\u00fcrden als au\u00dferhalb Europas \u2013 dennoch sind viele Regularien zu beachten. Als Spezialist f\u00fcr EU-\u00dcberf\u00fchrungen kennen wir die l\u00e4nderspezifischen Vorschriften, arbeiten mit erfahrenen Bestattungsunternehmen europaweit zusammen und begleiten Sie durch den gesamten Prozess \u2013 menschlich, kompetent und zuverl\u00e4ssig. [&hellip;]<\/p>\n","protected":false},"author":1,"featured_media":0,"parent":167,"menu_order":0,"comment_status":"closed","ping_status":"closed","template":"","meta":{"_acf_changed":false,"footnotes":""},"class_list":["post-2434","page","type-page","status-publish","hentry"],"acf":[],"yoast_head":"<!-- This site is optimized with the Yoast SEO plugin v27.5 - https:\/\/yoast.com\/product\/yoast-seo-wordpress\/ -->\n<title>EU-\u00dcberf\u00fchrungen im Todesfall | Schnell &amp; geregelt begleitet<\/title>\n<meta name=\"description\" content=\"Schnelle, sichere R\u00fcckf\u00fchrungen innerhalb der EU, mit Erfahrung, Sprachexpertise &amp; Kenntnis aller Regularien. Wir begleiten Sie zuverl\u00e4ssig.\" \/>\n<meta name=\"robots\" content=\"index, follow, max-snippet:-1, max-image-preview:large, max-video-preview:-1\" \/>\n<link rel=\"canonical\" href=\"https:\/\/international-funeral.com\/fr\/transfert\/europe\/\" \/>\n<meta property=\"og:locale\" content=\"fr_FR\" \/>\n<meta property=\"og:type\" content=\"article\" \/>\n<meta property=\"og:title\" content=\"EU-\u00dcberf\u00fchrungen im Todesfall | Schnell &amp; geregelt begleitet\" \/>\n<meta property=\"og:description\" content=\"Schnelle, sichere R\u00fcckf\u00fchrungen innerhalb der EU, mit Erfahrung, Sprachexpertise &amp; Kenntnis aller Regularien. Wir begleiten Sie zuverl\u00e4ssig.\" \/>\n<meta property=\"og:url\" content=\"https:\/\/international-funeral.com\/fr\/transfert\/europe\/\" \/>\n<meta property=\"og:site_name\" content=\"international-funeral.com\" \/>\n<meta property=\"article:modified_time\" content=\"2025-05-23T11:57:04+00:00\" \/>\n<meta name=\"twitter:card\" content=\"summary_large_image\" \/>\n<meta name=\"twitter:label1\" content=\"Dur\u00e9e de lecture estim\u00e9e\" \/>\n\t<meta name=\"twitter:data1\" content=\"2 minutes\" \/>\n<script type=\"application\/ld+json\" class=\"yoast-schema-graph\">{\"@context\":\"https:\\\/\\\/schema.org\",\"@graph\":[{\"@type\":\"WebPage\",\"@id\":\"https:\\\/\\\/international-funeral.com\\\/ueberfuehrung\\\/europa\\\/\",\"url\":\"https:\\\/\\\/international-funeral.com\\\/ueberfuehrung\\\/europa\\\/\",\"name\":\"EU-\u00dcberf\u00fchrungen im Todesfall | Schnell & geregelt begleitet\",\"isPartOf\":{\"@id\":\"https:\\\/\\\/international-funeral.com\\\/#website\"},\"datePublished\":\"2025-04-13T17:21:21+00:00\",\"dateModified\":\"2025-05-23T11:57:04+00:00\",\"description\":\"Schnelle, sichere R\u00fcckf\u00fchrungen innerhalb der EU, mit Erfahrung, Sprachexpertise & Kenntnis aller Regularien. Wir begleiten Sie zuverl\u00e4ssig.\",\"breadcrumb\":{\"@id\":\"https:\\\/\\\/international-funeral.com\\\/ueberfuehrung\\\/europa\\\/#breadcrumb\"},\"inLanguage\":\"fr-FR\",\"potentialAction\":[{\"@type\":\"ReadAction\",\"target\":[\"https:\\\/\\\/international-funeral.com\\\/ueberfuehrung\\\/europa\\\/\"]}]},{\"@type\":\"BreadcrumbList\",\"@id\":\"https:\\\/\\\/international-funeral.com\\\/ueberfuehrung\\\/europa\\\/#breadcrumb\",\"itemListElement\":[{\"@type\":\"ListItem\",\"position\":1,\"name\":\"Startseite\",\"item\":\"https:\\\/\\\/international-funeral.com\\\/\"},{\"@type\":\"ListItem\",\"position\":2,\"name\":\"Weltweite \u00dcberf\u00fchrungen\",\"item\":\"https:\\\/\\\/international-funeral.com\\\/ueberfuehrung\\\/\"},{\"@type\":\"ListItem\",\"position\":3,\"name\":\"Europa\"}]},{\"@type\":\"WebSite\",\"@id\":\"https:\\\/\\\/international-funeral.com\\\/#website\",\"url\":\"https:\\\/\\\/international-funeral.com\\\/\",\"name\":\"international-funeral.com\",\"description\":\"Pompes Fun\u00e9bres |\u00a0Funeral Home | Wordwide Transfers\",\"publisher\":{\"@id\":\"https:\\\/\\\/international-funeral.com\\\/#organization\"},\"potentialAction\":[{\"@type\":\"SearchAction\",\"target\":{\"@type\":\"EntryPoint\",\"urlTemplate\":\"https:\\\/\\\/international-funeral.com\\\/?s={search_term_string}\"},\"query-input\":{\"@type\":\"PropertyValueSpecification\",\"valueRequired\":true,\"valueName\":\"search_term_string\"}}],\"inLanguage\":\"fr-FR\"},{\"@type\":\"Organization\",\"@id\":\"https:\\\/\\\/international-funeral.com\\\/#organization\",\"name\":\"international-funeral.com\",\"url\":\"https:\\\/\\\/international-funeral.com\\\/\",\"logo\":{\"@type\":\"ImageObject\",\"inLanguage\":\"fr-FR\",\"@id\":\"https:\\\/\\\/international-funeral.com\\\/#\\\/schema\\\/logo\\\/image\\\/\",\"url\":\"https:\\\/\\\/international-funeral.com\\\/wp-content\\\/uploads\\\/2025\\\/05\\\/if_logo_pos.png\",\"contentUrl\":\"https:\\\/\\\/international-funeral.com\\\/wp-content\\\/uploads\\\/2025\\\/05\\\/if_logo_pos.png\",\"width\":1890,\"height\":543,\"caption\":\"international-funeral.com\"},\"image\":{\"@id\":\"https:\\\/\\\/international-funeral.com\\\/#\\\/schema\\\/logo\\\/image\\\/\"}}]}<\/script>\n<!-- \/ Yoast SEO plugin. -->","yoast_head_json":{"title":"Rapatriement du corps dans l'UE en cas de d\u00e9c\u00e8s | Accompagnement rapide et r\u00e9glement\u00e9","description":"Rapatriements rapides et s\u00fbrs au sein de l'UE, avec exp\u00e9rience, expertise linguistique &amp; connaissance de toutes les r\u00e9glementations. Nous vous accompagnons de mani\u00e8re fiable.","robots":{"index":"index","follow":"follow","max-snippet":"max-snippet:-1","max-image-preview":"max-image-preview:large","max-video-preview":"max-video-preview:-1"},"canonical":"https:\/\/international-funeral.com\/fr\/transfert\/europe\/","og_locale":"fr_FR","og_type":"article","og_title":"EU-\u00dcberf\u00fchrungen im Todesfall | Schnell & geregelt begleitet","og_description":"Schnelle, sichere R\u00fcckf\u00fchrungen innerhalb der EU, mit Erfahrung, Sprachexpertise & Kenntnis aller Regularien. Wir begleiten Sie zuverl\u00e4ssig.","og_url":"https:\/\/international-funeral.com\/fr\/transfert\/europe\/","og_site_name":"international-funeral.com","article_modified_time":"2025-05-23T11:57:04+00:00","twitter_card":"summary_large_image","twitter_misc":{"Dur\u00e9e de lecture estim\u00e9e":"2 minutes"},"schema":{"@context":"https:\/\/schema.org","@graph":[{"@type":"WebPage","@id":"https:\/\/international-funeral.com\/ueberfuehrung\/europa\/","url":"https:\/\/international-funeral.com\/ueberfuehrung\/europa\/","name":"Rapatriement du corps dans l'UE en cas de d\u00e9c\u00e8s | Accompagnement rapide et r\u00e9glement\u00e9","isPartOf":{"@id":"https:\/\/international-funeral.com\/#website"},"datePublished":"2025-04-13T17:21:21+00:00","dateModified":"2025-05-23T11:57:04+00:00","description":"Rapatriements rapides et s\u00fbrs au sein de l'UE, avec exp\u00e9rience, expertise linguistique &amp; connaissance de toutes les r\u00e9glementations. Nous vous accompagnons de mani\u00e8re fiable.","breadcrumb":{"@id":"https:\/\/international-funeral.com\/ueberfuehrung\/europa\/#breadcrumb"},"inLanguage":"fr-FR","potentialAction":[{"@type":"ReadAction","target":["https:\/\/international-funeral.com\/ueberfuehrung\/europa\/"]}]},{"@type":"BreadcrumbList","@id":"https:\/\/international-funeral.com\/ueberfuehrung\/europa\/#breadcrumb","itemListElement":[{"@type":"ListItem","position":1,"name":"Startseite","item":"https:\/\/international-funeral.com\/"},{"@type":"ListItem","position":2,"name":"Weltweite \u00dcberf\u00fchrungen","item":"https:\/\/international-funeral.com\/ueberfuehrung\/"},{"@type":"ListItem","position":3,"name":"Europa"}]},{"@type":"WebSite","@id":"https:\/\/international-funeral.com\/#website","url":"https:\/\/international-funeral.com\/","name":"international-funeral.com","description":"Pompes Fun\u00e9bres | Funeral Home | Wordwide Transfers","publisher":{"@id":"https:\/\/international-funeral.com\/#organization"},"potentialAction":[{"@type":"SearchAction","target":{"@type":"EntryPoint","urlTemplate":"https:\/\/international-funeral.com\/?s={search_term_string}"},"query-input":{"@type":"PropertyValueSpecification","valueRequired":true,"valueName":"search_term_string"}}],"inLanguage":"fr-FR"},{"@type":"Organization","@id":"https:\/\/international-funeral.com\/#organization","name":"international-funeral.com","url":"https:\/\/international-funeral.com\/","logo":{"@type":"ImageObject","inLanguage":"fr-FR","@id":"https:\/\/international-funeral.com\/#\/schema\/logo\/image\/","url":"https:\/\/international-funeral.com\/wp-content\/uploads\/2025\/05\/if_logo_pos.png","contentUrl":"https:\/\/international-funeral.com\/wp-content\/uploads\/2025\/05\/if_logo_pos.png","width":1890,"height":543,"caption":"international-funeral.com"},"image":{"@id":"https:\/\/international-funeral.com\/#\/schema\/logo\/image\/"}}]}},"_links":{"self":[{"href":"https:\/\/international-funeral.com\/fr\/wp-json\/wp\/v2\/pages\/2434","targetHints":{"allow":["GET"]}}],"collection":[{"href":"https:\/\/international-funeral.com\/fr\/wp-json\/wp\/v2\/pages"}],"about":[{"href":"https:\/\/international-funeral.com\/fr\/wp-json\/wp\/v2\/types\/page"}],"author":[{"embeddable":true,"href":"https:\/\/international-funeral.com\/fr\/wp-json\/wp\/v2\/users\/1"}],"replies":[{"embeddable":true,"href":"https:\/\/international-funeral.com\/fr\/wp-json\/wp\/v2\/comments?post=2434"}],"version-history":[{"count":6,"href":"https:\/\/international-funeral.com\/fr\/wp-json\/wp\/v2\/pages\/2434\/revisions"}],"predecessor-version":[{"id":3069,"href":"https:\/\/international-funeral.com\/fr\/wp-json\/wp\/v2\/pages\/2434\/revisions\/3069"}],"up":[{"embeddable":true,"href":"https:\/\/international-funeral.com\/fr\/wp-json\/wp\/v2\/pages\/167"}],"wp:attachment":[{"href":"https:\/\/international-funeral.com\/fr\/wp-json\/wp\/v2\/media?parent=2434"}],"curies":[{"name":"wp","href":"https:\/\/api.w.org\/{rel}","templated":true}]}}