{"id":212,"date":"2023-12-19T17:16:45","date_gmt":"2023-12-19T16:16:45","guid":{"rendered":"https:\/\/international-funeral.com\/?page_id=212"},"modified":"2026-04-14T17:57:37","modified_gmt":"2026-04-14T15:57:37","slug":"mentions-legales","status":"publish","type":"page","link":"https:\/\/international-funeral.com\/fr\/impressum\/","title":{"rendered":"Mentions l\u00e9gales"},"content":{"rendered":"<div data-elementor-type=\"wp-page\" data-elementor-id=\"212\" class=\"elementor elementor-212\" data-elementor-post-type=\"page\">\n\t\t\t\t<div class=\"elementor-element elementor-element-733dc57 e-flex e-con-boxed e-con e-parent\" data-id=\"733dc57\" data-element_type=\"container\" data-e-type=\"container\">\n\t\t\t\t\t<div class=\"e-con-inner\">\n\t\t\t\t<div class=\"elementor-element elementor-element-2a8ca86 elementor-widget elementor-widget-heading\" data-id=\"2a8ca86\" data-element_type=\"widget\" data-e-type=\"widget\" data-widget_type=\"heading.default\">\n\t\t\t\t<div class=\"elementor-widget-container\">\n\t\t\t\t\t<h2 class=\"elementor-heading-title elementor-size-default\">Mentions l\u00e9gales conform\u00e9ment au \u00a7 5 DDG (loi allemande sur la protection des donn\u00e9es) relatives aux mentions l\u00e9gales<\/h2>\t\t\t\t<\/div>\n\t\t\t\t<\/div>\n\t\t\t\t<div class=\"elementor-element elementor-element-56f3561 elementor-widget elementor-widget-text-editor\" data-id=\"56f3561\" data-element_type=\"widget\" data-e-type=\"widget\" data-widget_type=\"text-editor.default\">\n\t\t\t\t<div class=\"elementor-widget-container\">\n\t\t\t\t\t\t\t\t\t<p><span style=\"color: #ff0000;\"><strong>Attention<\/strong><\/span>: \u00e0 partir de <span style=\"text-decoration: underline;\">imm\u00e9diatement<\/span> nous sommes \u00e0 votre disposition sur le site : <strong>Eichborndamm 292 \u00e0 13437 Berlin<\/strong> \u00e0 disposition.\u00a0\u00a0<\/p>\t\t\t\t\t\t\t\t<\/div>\n\t\t\t\t<\/div>\n\t\t\t\t<div class=\"elementor-element elementor-element-c40cac6 elementor-icon-list--layout-traditional elementor-list-item-link-full_width elementor-widget elementor-widget-icon-list\" data-id=\"c40cac6\" data-element_type=\"widget\" data-e-type=\"widget\" data-widget_type=\"icon-list.default\">\n\t\t\t\t<div class=\"elementor-widget-container\">\n\t\t\t\t\t\t\t<ul class=\"elementor-icon-list-items\">\n\t\t\t\t\t\t\t<li class=\"elementor-icon-list-item\">\n\t\t\t\t\t\t\t\t\t\t<span class=\"elementor-icon-list-text\"><b>IF International Funeral e.K.<\/b><\/span>\n\t\t\t\t\t\t\t\t\t<\/li>\n\t\t\t\t\t\t\t\t<li class=\"elementor-icon-list-item\">\n\t\t\t\t\t\t\t\t\t\t<span class=\"elementor-icon-list-text\">Spandauer Damm 111<\/span>\n\t\t\t\t\t\t\t\t\t<\/li>\n\t\t\t\t\t\t\t\t<li class=\"elementor-icon-list-item\">\n\t\t\t\t\t\t\t\t\t\t<span class=\"elementor-icon-list-text\">14059 Berlin<\/span>\n\t\t\t\t\t\t\t\t\t<\/li>\n\t\t\t\t\t\t\t\t<li class=\"elementor-icon-list-item\">\n\t\t\t\t\t\t\t\t\t\t<span class=\"elementor-icon-list-text\"><br \/><\/span>\n\t\t\t\t\t\t\t\t\t<\/li>\n\t\t\t\t\t\t\t\t<li class=\"elementor-icon-list-item\">\n\t\t\t\t\t\t\t\t\t\t<span class=\"elementor-icon-list-text\">Propri\u00e9taire : Sascha Witt-Speer<\/span>\n\t\t\t\t\t\t\t\t\t<\/li>\n\t\t\t\t\t\t\t\t<li class=\"elementor-icon-list-item\">\n\t\t\t\t\t\t\t\t\t\t<span class=\"elementor-icon-list-text\">Responsable du contenu : Sascha Witt-Speer<\/span>\n\t\t\t\t\t\t\t\t\t<\/li>\n\t\t\t\t\t\t\t\t<li class=\"elementor-icon-list-item\">\n\t\t\t\t\t\t\t\t\t\t<span class=\"elementor-icon-list-text\"><br \/><\/span>\n\t\t\t\t\t\t\t\t\t<\/li>\n\t\t\t\t\t\t\t\t<li class=\"elementor-icon-list-item\">\n\t\t\t\t\t\t\t\t\t\t<span class=\"elementor-icon-list-text\">T\u00e9l. : +49 (0)30 3433 25 66<\/span>\n\t\t\t\t\t\t\t\t\t<\/li>\n\t\t\t\t\t\t\t\t<li class=\"elementor-icon-list-item\">\n\t\t\t\t\t\t\t\t\t\t<span class=\"elementor-icon-list-text\">Courrier \u00e9lectronique : office@international-funeral.com<\/span>\n\t\t\t\t\t\t\t\t\t<\/li>\n\t\t\t\t\t\t\t\t<li class=\"elementor-icon-list-item\">\n\t\t\t\t\t\t\t\t\t\t<span class=\"elementor-icon-list-text\">Registre du commerce : HRA 65359 B<\/span>\n\t\t\t\t\t\t\t\t\t<\/li>\n\t\t\t\t\t\t\t\t<li class=\"elementor-icon-list-item\">\n\t\t\t\t\t\t\t\t\t\t<span class=\"elementor-icon-list-text\">Tribunal comp\u00e9tent : Berlin Charlottenburg<\/span>\n\t\t\t\t\t\t\t\t\t<\/li>\n\t\t\t\t\t\t\t\t<li class=\"elementor-icon-list-item\">\n\t\t\t\t\t\t\t\t\t\t<span class=\"elementor-icon-list-text\">Num\u00e9ro d'identification de la taxe sur le chiffre d'affaires : demand\u00e9<\/span>\n\t\t\t\t\t\t\t\t\t<\/li>\n\t\t\t\t\t\t<\/ul>\n\t\t\t\t\t\t<\/div>\n\t\t\t\t<\/div>\n\t\t\t\t<div class=\"elementor-element elementor-element-b10362f elementor-widget elementor-widget-text-editor\" data-id=\"b10362f\" data-element_type=\"widget\" data-e-type=\"widget\" data-widget_type=\"text-editor.default\">\n\t\t\t\t<div class=\"elementor-widget-container\">\n\t\t\t\t\t\t\t\t\t<p>Plateforme de la Commission europ\u00e9enne pour le r\u00e8glement en ligne des litiges (OS) pour les consommateurs : https:\/\/ec.europa.eu\/consumers\/odr\/. Nous ne sommes pas dispos\u00e9s \u00e0 participer \u00e0 une proc\u00e9dure de r\u00e8glement des litiges devant un organisme de conciliation des consommateurs et n'y sommes pas oblig\u00e9s.<\/p>\t\t\t\t\t\t\t\t<\/div>\n\t\t\t\t<\/div>\n\t\t\t\t\t<\/div>\n\t\t\t\t<\/div>\n\t\t\t\t<\/div>","protected":false},"excerpt":{"rendered":"<p>Rechtliche Angaben nach \u00a7 5 DDG zum Impressum Achtung: ab sofort stehen wir Ihnen am Standort: Eichborndamm 292 in 13437 Berlin zur verf\u00fcgung.\u00a0\u00a0 IF International Funeral e.K. Plattform der Europ\u00e4ischen Kommission zur Online-Streitbeilegung (OS) f\u00fcr Verbraucher: https:\/\/ec.europa.eu\/consumers\/odr\/. Wir sind nicht bereit und nicht verpflichtet an einem Streitbeilegungsverfahren vor einer Verbraucherschlichtungsstelle teilzunehmen.<\/p>","protected":false},"author":1,"featured_media":0,"parent":0,"menu_order":0,"comment_status":"closed","ping_status":"closed","template":"","meta":{"_acf_changed":false,"footnotes":""},"class_list":["post-212","page","type-page","status-publish","hentry"],"acf":[],"yoast_head":"<!-- This site is optimized with the Yoast SEO plugin v27.5 - https:\/\/yoast.com\/product\/yoast-seo-wordpress\/ -->\n<title>Impressum | Anbieterinformationen \u00a7 5 DDG | International Funeral<\/title>\n<meta name=\"description\" content=\"mpressum der Webseite international-funeral.com \u2013 Angaben gem\u00e4\u00df \u00a7 5 DDG , Kontaktdaten &amp; Verantwortlichkeiten von International Funeral.\" \/>\n<meta name=\"robots\" content=\"index, follow, max-snippet:-1, max-image-preview:large, max-video-preview:-1\" \/>\n<link rel=\"canonical\" href=\"https:\/\/international-funeral.com\/fr\/mentions-legales\/\" \/>\n<meta property=\"og:locale\" content=\"fr_FR\" \/>\n<meta property=\"og:type\" content=\"article\" \/>\n<meta property=\"og:title\" content=\"Impressum | Anbieterinformationen \u00a7 5 DDG | International Funeral\" \/>\n<meta property=\"og:description\" content=\"mpressum der Webseite international-funeral.com \u2013 Angaben gem\u00e4\u00df \u00a7 5 DDG , Kontaktdaten &amp; Verantwortlichkeiten von International Funeral.\" \/>\n<meta property=\"og:url\" content=\"https:\/\/international-funeral.com\/fr\/mentions-legales\/\" \/>\n<meta property=\"og:site_name\" content=\"international-funeral.com\" \/>\n<meta property=\"article:modified_time\" content=\"2026-04-14T15:57:37+00:00\" \/>\n<meta name=\"twitter:card\" content=\"summary_large_image\" \/>\n<meta name=\"twitter:label1\" content=\"Dur\u00e9e de lecture estim\u00e9e\" \/>\n\t<meta name=\"twitter:data1\" content=\"1 minute\" \/>\n<script type=\"application\/ld+json\" class=\"yoast-schema-graph\">{\"@context\":\"https:\\\/\\\/schema.org\",\"@graph\":[{\"@type\":\"WebPage\",\"@id\":\"https:\\\/\\\/international-funeral.com\\\/impressum\\\/\",\"url\":\"https:\\\/\\\/international-funeral.com\\\/impressum\\\/\",\"name\":\"Impressum | Anbieterinformationen \u00a7 5 DDG | International Funeral\",\"isPartOf\":{\"@id\":\"https:\\\/\\\/international-funeral.com\\\/#website\"},\"datePublished\":\"2023-12-19T16:16:45+00:00\",\"dateModified\":\"2026-04-14T15:57:37+00:00\",\"description\":\"mpressum der Webseite international-funeral.com \u2013 Angaben gem\u00e4\u00df \u00a7 5 DDG , Kontaktdaten & Verantwortlichkeiten von International Funeral.\",\"breadcrumb\":{\"@id\":\"https:\\\/\\\/international-funeral.com\\\/impressum\\\/#breadcrumb\"},\"inLanguage\":\"fr-FR\",\"potentialAction\":[{\"@type\":\"ReadAction\",\"target\":[\"https:\\\/\\\/international-funeral.com\\\/impressum\\\/\"]}]},{\"@type\":\"BreadcrumbList\",\"@id\":\"https:\\\/\\\/international-funeral.com\\\/impressum\\\/#breadcrumb\",\"itemListElement\":[{\"@type\":\"ListItem\",\"position\":1,\"name\":\"Startseite\",\"item\":\"https:\\\/\\\/international-funeral.com\\\/\"},{\"@type\":\"ListItem\",\"position\":2,\"name\":\"Impressum\"}]},{\"@type\":\"WebSite\",\"@id\":\"https:\\\/\\\/international-funeral.com\\\/#website\",\"url\":\"https:\\\/\\\/international-funeral.com\\\/\",\"name\":\"international-funeral.com\",\"description\":\"Pompes Fun\u00e9bres |\u00a0Funeral Home | Wordwide Transfers\",\"publisher\":{\"@id\":\"https:\\\/\\\/international-funeral.com\\\/#organization\"},\"potentialAction\":[{\"@type\":\"SearchAction\",\"target\":{\"@type\":\"EntryPoint\",\"urlTemplate\":\"https:\\\/\\\/international-funeral.com\\\/?s={search_term_string}\"},\"query-input\":{\"@type\":\"PropertyValueSpecification\",\"valueRequired\":true,\"valueName\":\"search_term_string\"}}],\"inLanguage\":\"fr-FR\"},{\"@type\":\"Organization\",\"@id\":\"https:\\\/\\\/international-funeral.com\\\/#organization\",\"name\":\"international-funeral.com\",\"url\":\"https:\\\/\\\/international-funeral.com\\\/\",\"logo\":{\"@type\":\"ImageObject\",\"inLanguage\":\"fr-FR\",\"@id\":\"https:\\\/\\\/international-funeral.com\\\/#\\\/schema\\\/logo\\\/image\\\/\",\"url\":\"https:\\\/\\\/international-funeral.com\\\/wp-content\\\/uploads\\\/2025\\\/05\\\/if_logo_pos.png\",\"contentUrl\":\"https:\\\/\\\/international-funeral.com\\\/wp-content\\\/uploads\\\/2025\\\/05\\\/if_logo_pos.png\",\"width\":1890,\"height\":543,\"caption\":\"international-funeral.com\"},\"image\":{\"@id\":\"https:\\\/\\\/international-funeral.com\\\/#\\\/schema\\\/logo\\\/image\\\/\"}}]}<\/script>\n<!-- \/ Yoast SEO plugin. -->","yoast_head_json":{"title":"Mentions l\u00e9gales | Informations sur le fournisseur \u00a7 5 DDG | International Funeral","description":"mpressum du site international-funeral.com - Informations conformes au \u00a7 5 DDG , Coordonn\u00e9es &amp; Responsabilit\u00e9s de International Funeral.","robots":{"index":"index","follow":"follow","max-snippet":"max-snippet:-1","max-image-preview":"max-image-preview:large","max-video-preview":"max-video-preview:-1"},"canonical":"https:\/\/international-funeral.com\/fr\/mentions-legales\/","og_locale":"fr_FR","og_type":"article","og_title":"Impressum | Anbieterinformationen \u00a7 5 DDG | International Funeral","og_description":"mpressum der Webseite international-funeral.com \u2013 Angaben gem\u00e4\u00df \u00a7 5 DDG , Kontaktdaten & Verantwortlichkeiten von International Funeral.","og_url":"https:\/\/international-funeral.com\/fr\/mentions-legales\/","og_site_name":"international-funeral.com","article_modified_time":"2026-04-14T15:57:37+00:00","twitter_card":"summary_large_image","twitter_misc":{"Dur\u00e9e de lecture estim\u00e9e":"1 minute"},"schema":{"@context":"https:\/\/schema.org","@graph":[{"@type":"WebPage","@id":"https:\/\/international-funeral.com\/impressum\/","url":"https:\/\/international-funeral.com\/impressum\/","name":"Mentions l\u00e9gales | Informations sur le fournisseur \u00a7 5 DDG | International Funeral","isPartOf":{"@id":"https:\/\/international-funeral.com\/#website"},"datePublished":"2023-12-19T16:16:45+00:00","dateModified":"2026-04-14T15:57:37+00:00","description":"mpressum du site international-funeral.com - Informations conformes au \u00a7 5 DDG , Coordonn\u00e9es &amp; Responsabilit\u00e9s de International Funeral.","breadcrumb":{"@id":"https:\/\/international-funeral.com\/impressum\/#breadcrumb"},"inLanguage":"fr-FR","potentialAction":[{"@type":"ReadAction","target":["https:\/\/international-funeral.com\/impressum\/"]}]},{"@type":"BreadcrumbList","@id":"https:\/\/international-funeral.com\/impressum\/#breadcrumb","itemListElement":[{"@type":"ListItem","position":1,"name":"Startseite","item":"https:\/\/international-funeral.com\/"},{"@type":"ListItem","position":2,"name":"Impressum"}]},{"@type":"WebSite","@id":"https:\/\/international-funeral.com\/#website","url":"https:\/\/international-funeral.com\/","name":"international-funeral.com","description":"Pompes Fun\u00e9bres | Funeral Home | Wordwide Transfers","publisher":{"@id":"https:\/\/international-funeral.com\/#organization"},"potentialAction":[{"@type":"SearchAction","target":{"@type":"EntryPoint","urlTemplate":"https:\/\/international-funeral.com\/?s={search_term_string}"},"query-input":{"@type":"PropertyValueSpecification","valueRequired":true,"valueName":"search_term_string"}}],"inLanguage":"fr-FR"},{"@type":"Organization","@id":"https:\/\/international-funeral.com\/#organization","name":"international-funeral.com","url":"https:\/\/international-funeral.com\/","logo":{"@type":"ImageObject","inLanguage":"fr-FR","@id":"https:\/\/international-funeral.com\/#\/schema\/logo\/image\/","url":"https:\/\/international-funeral.com\/wp-content\/uploads\/2025\/05\/if_logo_pos.png","contentUrl":"https:\/\/international-funeral.com\/wp-content\/uploads\/2025\/05\/if_logo_pos.png","width":1890,"height":543,"caption":"international-funeral.com"},"image":{"@id":"https:\/\/international-funeral.com\/#\/schema\/logo\/image\/"}}]}},"_links":{"self":[{"href":"https:\/\/international-funeral.com\/fr\/wp-json\/wp\/v2\/pages\/212","targetHints":{"allow":["GET"]}}],"collection":[{"href":"https:\/\/international-funeral.com\/fr\/wp-json\/wp\/v2\/pages"}],"about":[{"href":"https:\/\/international-funeral.com\/fr\/wp-json\/wp\/v2\/types\/page"}],"author":[{"embeddable":true,"href":"https:\/\/international-funeral.com\/fr\/wp-json\/wp\/v2\/users\/1"}],"replies":[{"embeddable":true,"href":"https:\/\/international-funeral.com\/fr\/wp-json\/wp\/v2\/comments?post=212"}],"version-history":[{"count":10,"href":"https:\/\/international-funeral.com\/fr\/wp-json\/wp\/v2\/pages\/212\/revisions"}],"predecessor-version":[{"id":3168,"href":"https:\/\/international-funeral.com\/fr\/wp-json\/wp\/v2\/pages\/212\/revisions\/3168"}],"wp:attachment":[{"href":"https:\/\/international-funeral.com\/fr\/wp-json\/wp\/v2\/media?parent=212"}],"curies":[{"name":"wp","href":"https:\/\/api.w.org\/{rel}","templated":true}]}}