{"id":169,"date":"2023-12-19T17:11:49","date_gmt":"2023-12-19T16:11:49","guid":{"rendered":"https:\/\/international-funeral.com\/?page_id=169"},"modified":"2025-05-23T13:58:31","modified_gmt":"2025-05-23T11:58:31","slug":"allemagne","status":"publish","type":"page","link":"https:\/\/international-funeral.com\/fr\/bestattungen\/deutschland\/","title":{"rendered":"Fun\u00e9railles en Allemagne"},"content":{"rendered":"<div data-elementor-type=\"wp-page\" data-elementor-id=\"169\" class=\"elementor elementor-169\" data-elementor-post-type=\"page\">\n\t\t\t\t<div class=\"elementor-element elementor-element-3b82c54c e-flex e-con-boxed e-con e-parent\" data-id=\"3b82c54c\" data-element_type=\"container\" data-e-type=\"container\">\n\t\t\t\t\t<div class=\"e-con-inner\">\n\t\t\t\t<div class=\"elementor-element elementor-element-bf30d79 elementor-widget elementor-widget-heading\" data-id=\"bf30d79\" data-element_type=\"widget\" data-e-type=\"widget\" data-widget_type=\"heading.default\">\n\t\t\t\t<div class=\"elementor-widget-container\">\n\t\t\t\t\t<h2 class=\"elementor-heading-title elementor-size-default\">Enterrements en Allemagne<\/h2>\t\t\t\t<\/div>\n\t\t\t\t<\/div>\n\t\t\t\t<div class=\"elementor-element elementor-element-626ead83 elementor-widget elementor-widget-text-editor\" data-id=\"626ead83\" data-element_type=\"widget\" data-e-type=\"widget\" data-widget_type=\"text-editor.default\">\n\t\t\t\t<div class=\"elementor-widget-container\">\n\t\t\t\t\t\t\t\t\t<p>L'inhumation est consid\u00e9r\u00e9e en Allemagne comme le mode d'enterrement traditionnel.<\/p><p>Celle-ci se fait en principe dans un cercueil en bois. Des exceptions, par exemple pour des raisons religieuses, sont possibles dans des cimeti\u00e8res d\u00e9sign\u00e9s. En Allemagne, le d\u00e9lai de repos est g\u00e9n\u00e9ralement de 20 ans. Il existe de nombreuses possibilit\u00e9s de choix de la tombe. La tombe doit \u00eatre entretenue par la famille. Il existe toutefois - en fonction du cimeti\u00e8re - des tombes qui ne doivent pas \u00eatre entretenues par les proches.<\/p><p>Si l'enterrement a lieu en Allemagne, il est en principe possible d'organiser une c\u00e9r\u00e9monie fun\u00e9raire avec un c\u00e9r\u00e9monial profane ou spirituel. Une inhumation sans c\u00e9r\u00e9monie est \u00e9galement possible. Pour les survivants autoris\u00e9s, il est possible, dans certaines circonstances, que les frais d'inhumation soient pris en charge par le service social comp\u00e9tent ou le service des \u00e9trangers.<\/p><p>Nous nous ferons un plaisir de vous conseiller gratuitement \u00e0 ce sujet.<\/p>\t\t\t\t\t\t\t\t<\/div>\n\t\t\t\t<\/div>\n\t\t\t\t<div class=\"elementor-element elementor-element-a163c3b elementor-widget elementor-widget-heading\" data-id=\"a163c3b\" data-element_type=\"widget\" data-e-type=\"widget\" data-widget_type=\"heading.default\">\n\t\t\t\t<div class=\"elementor-widget-container\">\n\t\t\t\t\t<h2 class=\"elementor-heading-title elementor-size-default\">Cr\u00e9mation en Allemagne<\/h2>\t\t\t\t<\/div>\n\t\t\t\t<\/div>\n\t\t\t\t<div class=\"elementor-element elementor-element-3f46c15 elementor-widget elementor-widget-text-editor\" data-id=\"3f46c15\" data-element_type=\"widget\" data-e-type=\"widget\" data-widget_type=\"text-editor.default\">\n\t\t\t\t<div class=\"elementor-widget-container\">\n\t\t\t\t\t\t\t\t\t<p>En Allemagne, la cr\u00e9mation est consid\u00e9r\u00e9e comme un mode d'inhumation alternatif et g\u00e9n\u00e9ralement plus avantageux.<\/p><p>L'incin\u00e9ration se fait en principe dans un cercueil. \u00c0 quelques exceptions pr\u00e8s, presque toutes les religions et croyances acceptent la cr\u00e9mation. Le d\u00e9lai de repos dans un cimeti\u00e8re allemand est g\u00e9n\u00e9ralement de 20 ans. Il existe de nombreuses possibilit\u00e9s de choix de la tombe. La tombe doit \u00eatre entretenue par les proches. Il existe cependant - en fonction du cimeti\u00e8re - un grand nombre de tombes qui ne doivent pas \u00eatre entretenues par les proches. Si l'enterrement a lieu en Allemagne, il est en principe possible d'organiser une c\u00e9r\u00e9monie fun\u00e9raire avec un c\u00e9r\u00e9monial profane ou spirituel. Il est \u00e9galement possible de proc\u00e9der \u00e0 un enterrement sans c\u00e9r\u00e9monie fun\u00e9raire.<\/p><p>Pour les survivants autoris\u00e9s, il est possible, dans certaines circonstances, que les frais d'inhumation soient pris en charge par le service social comp\u00e9tent ou le service des \u00e9trangers.<\/p><p>Nous nous ferons un plaisir de vous conseiller gratuitement \u00e0 ce sujet.<\/p>\t\t\t\t\t\t\t\t<\/div>\n\t\t\t\t<\/div>\n\t\t\t\t<div class=\"elementor-element elementor-element-ca6e575 elementor-widget elementor-widget-heading\" data-id=\"ca6e575\" data-element_type=\"widget\" data-e-type=\"widget\" data-widget_type=\"heading.default\">\n\t\t\t\t<div class=\"elementor-widget-container\">\n\t\t\t\t\t<h2 class=\"elementor-heading-title elementor-size-default\">C\u00e9r\u00e9monie fun\u00e9raire en Allemagne<\/h2>\t\t\t\t<\/div>\n\t\t\t\t<\/div>\n\t\t\t\t<div class=\"elementor-element elementor-element-a4b890c elementor-widget elementor-widget-text-editor\" data-id=\"a4b890c\" data-element_type=\"widget\" data-e-type=\"widget\" data-widget_type=\"text-editor.default\">\n\t\t\t\t<div class=\"elementor-widget-container\">\n\t\t\t\t\t\t\t\t\t<p>En tant qu'entreprise de pompes fun\u00e8bres, nous organisons volontiers pour vous l'ensemble de la c\u00e9r\u00e9monie fun\u00e9raire, suivie de l'inhumation dans un cimeti\u00e8re en Allemagne ou de la r\u00e9alisation de l'incin\u00e9ration. Nous vous permettons \u00e9galement d'organiser vous-m\u00eame la c\u00e9r\u00e9monie fun\u00e9raire ou la c\u00e9r\u00e9monie d'adieu, que vous pouvez alors organiser selon vos besoins personnels ou vos rites religieux.<\/p><p>N'h\u00e9sitez pas \u00e0 nous contacter pour conna\u00eetre les possibilit\u00e9s individuelles d'un d\u00e9part.<\/p>\t\t\t\t\t\t\t\t<\/div>\n\t\t\t\t<\/div>\n\t\t\t\t\t<\/div>\n\t\t\t\t<\/div>\n\t\t\t\t<\/div>","protected":false},"excerpt":{"rendered":"<p>Erdbestattungen in Deutschland Die Erdbestattung gilt in Deutschland als die traditionelle Bestattungsart. Diese erfolgt grunds\u00e4tzlich in einem Sarg aus Holz. Ausnahmen, z. B. aus religi\u00f6sen Gr\u00fcnden, sind auf ausgewiesenen Friedh\u00f6fen m\u00f6glich. Die Ruhefrist betr\u00e4gt in Deutschland im Allgemeinen 20 Jahre. Es gibt zahlreiche M\u00f6glichkeiten der Grabauswahl. Das Grab muss von den Angeh\u00f6rigen gepflegt werden. Es [&hellip;]<\/p>\n","protected":false},"author":1,"featured_media":0,"parent":2896,"menu_order":0,"comment_status":"closed","ping_status":"closed","template":"","meta":{"_acf_changed":false,"footnotes":""},"class_list":["post-169","page","type-page","status-publish","hentry"],"acf":[],"yoast_head":"<!-- This site is optimized with the Yoast SEO plugin v27.5 - https:\/\/yoast.com\/product\/yoast-seo-wordpress\/ -->\n<title>Bestattungen in Deutschland | Erd-, Feuerbestattung &amp; Trauerfeier<\/title>\n<meta name=\"description\" content=\"Traditionelle Erd- &amp; Feuerbestattungen, mit oder ohne Trauerfeier, wir beraten Sie individuell, einf\u00fchlsam &amp; kostenfrei zur Bestattung.\" \/>\n<meta name=\"robots\" content=\"index, follow, max-snippet:-1, max-image-preview:large, max-video-preview:-1\" \/>\n<link rel=\"canonical\" href=\"https:\/\/international-funeral.com\/fr\/funerailles\/allemagne\/\" \/>\n<meta property=\"og:locale\" content=\"fr_FR\" \/>\n<meta property=\"og:type\" content=\"article\" \/>\n<meta property=\"og:title\" content=\"Bestattungen in Deutschland | Erd-, Feuerbestattung &amp; Trauerfeier\" \/>\n<meta property=\"og:description\" content=\"Traditionelle Erd- &amp; Feuerbestattungen, mit oder ohne Trauerfeier, wir beraten Sie individuell, einf\u00fchlsam &amp; kostenfrei zur Bestattung.\" \/>\n<meta property=\"og:url\" content=\"https:\/\/international-funeral.com\/fr\/funerailles\/allemagne\/\" \/>\n<meta property=\"og:site_name\" content=\"international-funeral.com\" \/>\n<meta property=\"article:modified_time\" content=\"2025-05-23T11:58:31+00:00\" \/>\n<meta name=\"twitter:card\" content=\"summary_large_image\" \/>\n<meta name=\"twitter:label1\" content=\"Dur\u00e9e de lecture estim\u00e9e\" \/>\n\t<meta name=\"twitter:data1\" content=\"2 minutes\" \/>\n<script type=\"application\/ld+json\" class=\"yoast-schema-graph\">{\"@context\":\"https:\\\/\\\/schema.org\",\"@graph\":[{\"@type\":\"WebPage\",\"@id\":\"https:\\\/\\\/international-funeral.com\\\/bestattungen\\\/deutschland\\\/\",\"url\":\"https:\\\/\\\/international-funeral.com\\\/bestattungen\\\/deutschland\\\/\",\"name\":\"Bestattungen in Deutschland | Erd-, Feuerbestattung & Trauerfeier\",\"isPartOf\":{\"@id\":\"https:\\\/\\\/international-funeral.com\\\/#website\"},\"datePublished\":\"2023-12-19T16:11:49+00:00\",\"dateModified\":\"2025-05-23T11:58:31+00:00\",\"description\":\"Traditionelle Erd- & Feuerbestattungen, mit oder ohne Trauerfeier, wir beraten Sie individuell, einf\u00fchlsam & kostenfrei zur Bestattung.\",\"breadcrumb\":{\"@id\":\"https:\\\/\\\/international-funeral.com\\\/bestattungen\\\/deutschland\\\/#breadcrumb\"},\"inLanguage\":\"fr-FR\",\"potentialAction\":[{\"@type\":\"ReadAction\",\"target\":[\"https:\\\/\\\/international-funeral.com\\\/bestattungen\\\/deutschland\\\/\"]}]},{\"@type\":\"BreadcrumbList\",\"@id\":\"https:\\\/\\\/international-funeral.com\\\/bestattungen\\\/deutschland\\\/#breadcrumb\",\"itemListElement\":[{\"@type\":\"ListItem\",\"position\":1,\"name\":\"Startseite\",\"item\":\"https:\\\/\\\/international-funeral.com\\\/\"},{\"@type\":\"ListItem\",\"position\":2,\"name\":\"Bestattung\",\"item\":\"https:\\\/\\\/international-funeral.com\\\/bestattungen\\\/\"},{\"@type\":\"ListItem\",\"position\":3,\"name\":\"Bestattung in Deutschland\"}]},{\"@type\":\"WebSite\",\"@id\":\"https:\\\/\\\/international-funeral.com\\\/#website\",\"url\":\"https:\\\/\\\/international-funeral.com\\\/\",\"name\":\"international-funeral.com\",\"description\":\"Pompes Fun\u00e9bres |\u00a0Funeral Home | Wordwide Transfers\",\"publisher\":{\"@id\":\"https:\\\/\\\/international-funeral.com\\\/#organization\"},\"potentialAction\":[{\"@type\":\"SearchAction\",\"target\":{\"@type\":\"EntryPoint\",\"urlTemplate\":\"https:\\\/\\\/international-funeral.com\\\/?s={search_term_string}\"},\"query-input\":{\"@type\":\"PropertyValueSpecification\",\"valueRequired\":true,\"valueName\":\"search_term_string\"}}],\"inLanguage\":\"fr-FR\"},{\"@type\":\"Organization\",\"@id\":\"https:\\\/\\\/international-funeral.com\\\/#organization\",\"name\":\"international-funeral.com\",\"url\":\"https:\\\/\\\/international-funeral.com\\\/\",\"logo\":{\"@type\":\"ImageObject\",\"inLanguage\":\"fr-FR\",\"@id\":\"https:\\\/\\\/international-funeral.com\\\/#\\\/schema\\\/logo\\\/image\\\/\",\"url\":\"https:\\\/\\\/international-funeral.com\\\/wp-content\\\/uploads\\\/2025\\\/05\\\/if_logo_pos.png\",\"contentUrl\":\"https:\\\/\\\/international-funeral.com\\\/wp-content\\\/uploads\\\/2025\\\/05\\\/if_logo_pos.png\",\"width\":1890,\"height\":543,\"caption\":\"international-funeral.com\"},\"image\":{\"@id\":\"https:\\\/\\\/international-funeral.com\\\/#\\\/schema\\\/logo\\\/image\\\/\"}}]}<\/script>\n<!-- \/ Yoast SEO plugin. -->","yoast_head_json":{"title":"Fun\u00e9railles en Allemagne | Inhumation, cr\u00e9mation &amp; c\u00e9r\u00e9monie fun\u00e9raire","description":"Enterrement traditionnel &amp; cr\u00e9mation, avec ou sans c\u00e9r\u00e9monie, nous vous conseillons individuellement, avec empathie &amp; gratuitement sur les obs\u00e8ques.","robots":{"index":"index","follow":"follow","max-snippet":"max-snippet:-1","max-image-preview":"max-image-preview:large","max-video-preview":"max-video-preview:-1"},"canonical":"https:\/\/international-funeral.com\/fr\/funerailles\/allemagne\/","og_locale":"fr_FR","og_type":"article","og_title":"Bestattungen in Deutschland | Erd-, Feuerbestattung & Trauerfeier","og_description":"Traditionelle Erd- & Feuerbestattungen, mit oder ohne Trauerfeier, wir beraten Sie individuell, einf\u00fchlsam & kostenfrei zur Bestattung.","og_url":"https:\/\/international-funeral.com\/fr\/funerailles\/allemagne\/","og_site_name":"international-funeral.com","article_modified_time":"2025-05-23T11:58:31+00:00","twitter_card":"summary_large_image","twitter_misc":{"Dur\u00e9e de lecture estim\u00e9e":"2 minutes"},"schema":{"@context":"https:\/\/schema.org","@graph":[{"@type":"WebPage","@id":"https:\/\/international-funeral.com\/bestattungen\/deutschland\/","url":"https:\/\/international-funeral.com\/bestattungen\/deutschland\/","name":"Fun\u00e9railles en Allemagne | Inhumation, cr\u00e9mation &amp; c\u00e9r\u00e9monie fun\u00e9raire","isPartOf":{"@id":"https:\/\/international-funeral.com\/#website"},"datePublished":"2023-12-19T16:11:49+00:00","dateModified":"2025-05-23T11:58:31+00:00","description":"Enterrement traditionnel &amp; cr\u00e9mation, avec ou sans c\u00e9r\u00e9monie, nous vous conseillons individuellement, avec empathie &amp; gratuitement sur les obs\u00e8ques.","breadcrumb":{"@id":"https:\/\/international-funeral.com\/bestattungen\/deutschland\/#breadcrumb"},"inLanguage":"fr-FR","potentialAction":[{"@type":"ReadAction","target":["https:\/\/international-funeral.com\/bestattungen\/deutschland\/"]}]},{"@type":"BreadcrumbList","@id":"https:\/\/international-funeral.com\/bestattungen\/deutschland\/#breadcrumb","itemListElement":[{"@type":"ListItem","position":1,"name":"Startseite","item":"https:\/\/international-funeral.com\/"},{"@type":"ListItem","position":2,"name":"Bestattung","item":"https:\/\/international-funeral.com\/bestattungen\/"},{"@type":"ListItem","position":3,"name":"Bestattung in Deutschland"}]},{"@type":"WebSite","@id":"https:\/\/international-funeral.com\/#website","url":"https:\/\/international-funeral.com\/","name":"international-funeral.com","description":"Pompes Fun\u00e9bres | Funeral Home | Wordwide Transfers","publisher":{"@id":"https:\/\/international-funeral.com\/#organization"},"potentialAction":[{"@type":"SearchAction","target":{"@type":"EntryPoint","urlTemplate":"https:\/\/international-funeral.com\/?s={search_term_string}"},"query-input":{"@type":"PropertyValueSpecification","valueRequired":true,"valueName":"search_term_string"}}],"inLanguage":"fr-FR"},{"@type":"Organization","@id":"https:\/\/international-funeral.com\/#organization","name":"international-funeral.com","url":"https:\/\/international-funeral.com\/","logo":{"@type":"ImageObject","inLanguage":"fr-FR","@id":"https:\/\/international-funeral.com\/#\/schema\/logo\/image\/","url":"https:\/\/international-funeral.com\/wp-content\/uploads\/2025\/05\/if_logo_pos.png","contentUrl":"https:\/\/international-funeral.com\/wp-content\/uploads\/2025\/05\/if_logo_pos.png","width":1890,"height":543,"caption":"international-funeral.com"},"image":{"@id":"https:\/\/international-funeral.com\/#\/schema\/logo\/image\/"}}]}},"_links":{"self":[{"href":"https:\/\/international-funeral.com\/fr\/wp-json\/wp\/v2\/pages\/169","targetHints":{"allow":["GET"]}}],"collection":[{"href":"https:\/\/international-funeral.com\/fr\/wp-json\/wp\/v2\/pages"}],"about":[{"href":"https:\/\/international-funeral.com\/fr\/wp-json\/wp\/v2\/types\/page"}],"author":[{"embeddable":true,"href":"https:\/\/international-funeral.com\/fr\/wp-json\/wp\/v2\/users\/1"}],"replies":[{"embeddable":true,"href":"https:\/\/international-funeral.com\/fr\/wp-json\/wp\/v2\/comments?post=169"}],"version-history":[{"count":8,"href":"https:\/\/international-funeral.com\/fr\/wp-json\/wp\/v2\/pages\/169\/revisions"}],"predecessor-version":[{"id":3089,"href":"https:\/\/international-funeral.com\/fr\/wp-json\/wp\/v2\/pages\/169\/revisions\/3089"}],"up":[{"embeddable":true,"href":"https:\/\/international-funeral.com\/fr\/wp-json\/wp\/v2\/pages\/2896"}],"wp:attachment":[{"href":"https:\/\/international-funeral.com\/fr\/wp-json\/wp\/v2\/media?parent=169"}],"curies":[{"name":"wp","href":"https:\/\/api.w.org\/{rel}","templated":true}]}}