{"id":167,"date":"2023-12-19T17:11:41","date_gmt":"2023-12-19T16:11:41","guid":{"rendered":"https:\/\/international-funeral.com\/?page_id=167"},"modified":"2025-05-23T13:56:05","modified_gmt":"2025-05-23T11:56:05","slug":"transfert","status":"publish","type":"page","link":"https:\/\/international-funeral.com\/fr\/ueberfuehrung\/","title":{"rendered":"Transferts dans le monde entier"},"content":{"rendered":"<div data-elementor-type=\"wp-page\" data-elementor-id=\"167\" class=\"elementor elementor-167\" data-elementor-post-type=\"page\">\n\t\t\t\t<div class=\"elementor-element elementor-element-326f116 e-flex e-con-boxed e-con e-parent\" data-id=\"326f116\" data-element_type=\"container\" data-e-type=\"container\">\n\t\t\t\t\t<div class=\"e-con-inner\">\n\t\t\t\t<div class=\"elementor-element elementor-element-7cb0971 elementor-widget elementor-widget-heading\" data-id=\"7cb0971\" data-element_type=\"widget\" data-e-type=\"widget\" data-widget_type=\"heading.default\">\n\t\t\t\t<div class=\"elementor-widget-container\">\n\t\t\t\t\t<h1 class=\"elementor-heading-title elementor-size-default\">Transports fun\u00e9raires dans le monde entier - en toute s\u00e9curit\u00e9 et dignit\u00e9<\/h1>\t\t\t\t<\/div>\n\t\t\t\t<\/div>\n\t\t\t\t<div class=\"elementor-element elementor-element-527f7160 elementor-widget elementor-widget-text-editor\" data-id=\"527f7160\" data-element_type=\"widget\" data-e-type=\"widget\" data-widget_type=\"text-editor.default\">\n\t\t\t\t<div class=\"elementor-widget-container\">\n\t\t\t\t\t\t\t\t\tLa perte d'un \u00eatre cher est l'une des exp\u00e9riences les plus difficiles de la vie. Cela devient particuli\u00e8rement difficile lorsque le d\u00e9c\u00e8s survient \u00e0 l'\u00e9tranger ou que le rapatriement dans le pays d'origine est souhait\u00e9.\nDans cette situation exceptionnelle, nous sommes \u00e0 vos c\u00f4t\u00e9s en tant que partenaire fiable et prenons en charge toutes les \u00e9tapes n\u00e9cessaires \u00e0 un rapatriement sans probl\u00e8me - dans le monde entier, 24 heures sur 24.\t\t\t\t\t\t\t\t<\/div>\n\t\t\t\t<\/div>\n\t\t\t\t<div class=\"elementor-element elementor-element-9487c23 elementor-widget elementor-widget-heading\" data-id=\"9487c23\" data-element_type=\"widget\" data-e-type=\"widget\" data-widget_type=\"heading.default\">\n\t\t\t\t<div class=\"elementor-widget-container\">\n\t\t\t\t\t<h2 class=\"elementor-heading-title elementor-size-default\">Ce qui est important pour les transferts internationaux<\/h2>\t\t\t\t<\/div>\n\t\t\t\t<\/div>\n\t\t\t\t<div class=\"elementor-element elementor-element-b7e4641 elementor-widget elementor-widget-text-editor\" data-id=\"b7e4641\" data-element_type=\"widget\" data-e-type=\"widget\" data-widget_type=\"text-editor.default\">\n\t\t\t\t<div class=\"elementor-widget-container\">\n\t\t\t\t\t\t\t\t\t<p>Le rapatriement d'un corps dans le monde entier requiert une grande exp\u00e9rience, une sensibilit\u00e9 culturelle et un travail pr\u00e9cis. Notre \u00e9quipe s'occupe de toutes les autorisations administratives, des exigences consulaires et des r\u00e9servations de vols.<br \/>Ce faisant, nous veillons \u00e0<\/p><ul><li>La conformit\u00e9 aux r\u00e9glementations internationales<\/li><li>Les exigences culturelles et religieuses<\/li><li>Traiter le d\u00e9funt avec dignit\u00e9<\/li><li>Une communication transparente avec vous en tant que proches<\/li><\/ul><p>\u00a0<\/p><p>Nous travaillons avec des partenaires internationaux, des pompes fun\u00e8bres et des compagnies a\u00e9riennes afin de rendre le dernier voyage de votre proche aussi digne et efficace que possible.<\/p>\t\t\t\t\t\t\t\t<\/div>\n\t\t\t\t<\/div>\n\t\t\t\t<div class=\"elementor-element elementor-element-50caf56 elementor-widget elementor-widget-heading\" data-id=\"50caf56\" data-element_type=\"widget\" data-e-type=\"widget\" data-widget_type=\"heading.default\">\n\t\t\t\t<div class=\"elementor-widget-container\">\n\t\t\t\t\t<h3 class=\"elementor-heading-title elementor-size-default\">Votre avantage : tout d'une seule source - avec c\u0153ur et exp\u00e9rience<\/h3>\t\t\t\t<\/div>\n\t\t\t\t<\/div>\n\t\t\t\t<div class=\"elementor-element elementor-element-5a55747 elementor-widget elementor-widget-text-editor\" data-id=\"5a55747\" data-element_type=\"widget\" data-e-type=\"widget\" data-widget_type=\"text-editor.default\">\n\t\t\t\t<div class=\"elementor-widget-container\">\n\t\t\t\t\t\t\t\t\t<p>Nous vous soulageons sensiblement \u00e0 un moment o\u00f9 vous devriez vous concentrer sur votre deuil. Du premier appel jusqu'\u00e0 l'arriv\u00e9e dans le pays de destination, nous prenons en charge l'organisation compl\u00e8te du transfert.<br \/>Nous mettons notre sensibilit\u00e9, notre professionnalisme et nos ann\u00e9es d'exp\u00e9rience \u00e0 votre service, qu'il s'agisse de transferts vers l'Afrique, l'Asie, l'Am\u00e9rique ou l'Europe.<\/p><p>Contactez-nous 24 heures sur 24 - nous vous aiderons imm\u00e9diatement.<\/p>\t\t\t\t\t\t\t\t<\/div>\n\t\t\t\t<\/div>\n\t\t\t\t\t<\/div>\n\t\t\t\t<\/div>\n\t\t\t\t<\/div>","protected":false},"excerpt":{"rendered":"<p>Weltweite \u00dcberf\u00fchrungen im Trauerfall \u2013 sicher &amp; w\u00fcrdevoll Der Verlust eines geliebten Menschen ist eine der schwersten Erfahrungen im Leben. Besonders herausfordernd wird es, wenn der Todesfall im Ausland eintritt oder eine R\u00fcckf\u00fchrung in das Herkunftsland gew\u00fcnscht wird. Wir stehen Ihnen in dieser Ausnahmesituation als verl\u00e4sslicher Partner zur Seite und \u00fcbernehmen alle notwendigen Schritte f\u00fcr [&hellip;]<\/p>\n","protected":false},"author":1,"featured_media":1904,"parent":0,"menu_order":0,"comment_status":"closed","ping_status":"closed","template":"","meta":{"_acf_changed":false,"footnotes":""},"class_list":["post-167","page","type-page","status-publish","has-post-thumbnail","hentry"],"acf":[],"yoast_head":"<!-- This site is optimized with the Yoast SEO plugin v27.5 - https:\/\/yoast.com\/product\/yoast-seo-wordpress\/ -->\n<title>Weltweite \u00dcberf\u00fchrungen im Todesfall | International Funeral<\/title>\n<meta name=\"description\" content=\"Weltweite \u00dcberf\u00fchrungen im Trauerfall \u2013 wir organisieren jeden Schritt zuverl\u00e4ssig, piet\u00e4tvoll &amp; kultursensibel \u2013 24\/7 f\u00fcr Sie da.\" \/>\n<meta name=\"robots\" content=\"index, follow, max-snippet:-1, max-image-preview:large, max-video-preview:-1\" \/>\n<link rel=\"canonical\" href=\"https:\/\/international-funeral.com\/fr\/transfert\/\" \/>\n<meta property=\"og:locale\" content=\"fr_FR\" \/>\n<meta property=\"og:type\" content=\"article\" \/>\n<meta property=\"og:title\" content=\"Weltweite \u00dcberf\u00fchrungen im Todesfall | International Funeral\" \/>\n<meta property=\"og:description\" content=\"Weltweite \u00dcberf\u00fchrungen im Trauerfall \u2013 wir organisieren jeden Schritt zuverl\u00e4ssig, piet\u00e4tvoll &amp; kultursensibel \u2013 24\/7 f\u00fcr Sie da.\" \/>\n<meta property=\"og:url\" content=\"https:\/\/international-funeral.com\/fr\/transfert\/\" \/>\n<meta property=\"og:site_name\" content=\"international-funeral.com\" \/>\n<meta property=\"article:modified_time\" content=\"2025-05-23T11:56:05+00:00\" \/>\n<meta property=\"og:image\" content=\"https:\/\/international-funeral.com\/wp-content\/uploads\/2025\/04\/fantasy-style-clouds-scaled.jpg\" \/>\n\t<meta property=\"og:image:width\" content=\"2560\" \/>\n\t<meta property=\"og:image:height\" content=\"2560\" \/>\n\t<meta property=\"og:image:type\" content=\"image\/jpeg\" \/>\n<meta name=\"twitter:card\" content=\"summary_large_image\" \/>\n<meta name=\"twitter:label1\" content=\"Dur\u00e9e de lecture estim\u00e9e\" \/>\n\t<meta name=\"twitter:data1\" content=\"2 minutes\" \/>\n<script type=\"application\/ld+json\" class=\"yoast-schema-graph\">{\"@context\":\"https:\\\/\\\/schema.org\",\"@graph\":[{\"@type\":\"WebPage\",\"@id\":\"https:\\\/\\\/international-funeral.com\\\/ueberfuehrung\\\/\",\"url\":\"https:\\\/\\\/international-funeral.com\\\/ueberfuehrung\\\/\",\"name\":\"Weltweite \u00dcberf\u00fchrungen im Todesfall | International Funeral\",\"isPartOf\":{\"@id\":\"https:\\\/\\\/international-funeral.com\\\/#website\"},\"primaryImageOfPage\":{\"@id\":\"https:\\\/\\\/international-funeral.com\\\/ueberfuehrung\\\/#primaryimage\"},\"image\":{\"@id\":\"https:\\\/\\\/international-funeral.com\\\/ueberfuehrung\\\/#primaryimage\"},\"thumbnailUrl\":\"https:\\\/\\\/international-funeral.com\\\/wp-content\\\/uploads\\\/2025\\\/04\\\/fantasy-style-clouds-scaled.jpg\",\"datePublished\":\"2023-12-19T16:11:41+00:00\",\"dateModified\":\"2025-05-23T11:56:05+00:00\",\"description\":\"Weltweite \u00dcberf\u00fchrungen im Trauerfall \u2013 wir organisieren jeden Schritt zuverl\u00e4ssig, piet\u00e4tvoll & kultursensibel \u2013 24\\\/7 f\u00fcr Sie da.\",\"breadcrumb\":{\"@id\":\"https:\\\/\\\/international-funeral.com\\\/ueberfuehrung\\\/#breadcrumb\"},\"inLanguage\":\"fr-FR\",\"potentialAction\":[{\"@type\":\"ReadAction\",\"target\":[\"https:\\\/\\\/international-funeral.com\\\/ueberfuehrung\\\/\"]}]},{\"@type\":\"ImageObject\",\"inLanguage\":\"fr-FR\",\"@id\":\"https:\\\/\\\/international-funeral.com\\\/ueberfuehrung\\\/#primaryimage\",\"url\":\"https:\\\/\\\/international-funeral.com\\\/wp-content\\\/uploads\\\/2025\\\/04\\\/fantasy-style-clouds-scaled.jpg\",\"contentUrl\":\"https:\\\/\\\/international-funeral.com\\\/wp-content\\\/uploads\\\/2025\\\/04\\\/fantasy-style-clouds-scaled.jpg\",\"width\":2560,\"height\":2560},{\"@type\":\"BreadcrumbList\",\"@id\":\"https:\\\/\\\/international-funeral.com\\\/ueberfuehrung\\\/#breadcrumb\",\"itemListElement\":[{\"@type\":\"ListItem\",\"position\":1,\"name\":\"Startseite\",\"item\":\"https:\\\/\\\/international-funeral.com\\\/\"},{\"@type\":\"ListItem\",\"position\":2,\"name\":\"Weltweite \u00dcberf\u00fchrungen\"}]},{\"@type\":\"WebSite\",\"@id\":\"https:\\\/\\\/international-funeral.com\\\/#website\",\"url\":\"https:\\\/\\\/international-funeral.com\\\/\",\"name\":\"international-funeral.com\",\"description\":\"Pompes Fun\u00e9bres |\u00a0Funeral Home | Wordwide Transfers\",\"publisher\":{\"@id\":\"https:\\\/\\\/international-funeral.com\\\/#organization\"},\"potentialAction\":[{\"@type\":\"SearchAction\",\"target\":{\"@type\":\"EntryPoint\",\"urlTemplate\":\"https:\\\/\\\/international-funeral.com\\\/?s={search_term_string}\"},\"query-input\":{\"@type\":\"PropertyValueSpecification\",\"valueRequired\":true,\"valueName\":\"search_term_string\"}}],\"inLanguage\":\"fr-FR\"},{\"@type\":\"Organization\",\"@id\":\"https:\\\/\\\/international-funeral.com\\\/#organization\",\"name\":\"international-funeral.com\",\"url\":\"https:\\\/\\\/international-funeral.com\\\/\",\"logo\":{\"@type\":\"ImageObject\",\"inLanguage\":\"fr-FR\",\"@id\":\"https:\\\/\\\/international-funeral.com\\\/#\\\/schema\\\/logo\\\/image\\\/\",\"url\":\"https:\\\/\\\/international-funeral.com\\\/wp-content\\\/uploads\\\/2025\\\/05\\\/if_logo_pos.png\",\"contentUrl\":\"https:\\\/\\\/international-funeral.com\\\/wp-content\\\/uploads\\\/2025\\\/05\\\/if_logo_pos.png\",\"width\":1890,\"height\":543,\"caption\":\"international-funeral.com\"},\"image\":{\"@id\":\"https:\\\/\\\/international-funeral.com\\\/#\\\/schema\\\/logo\\\/image\\\/\"}}]}<\/script>\n<!-- \/ Yoast SEO plugin. -->","yoast_head_json":{"title":"Transferts de corps en cas de d\u00e9c\u00e8s dans le monde entier | International Funeral","description":"Transferts de corps dans le monde entier en cas de deuil - nous organisons chaque \u00e9tape avec fiabilit\u00e9, pi\u00e9t\u00e9 &amp; sensibilit\u00e9 culturelle - \u00e0 votre service 24h\/24 et 7j\/7.","robots":{"index":"index","follow":"follow","max-snippet":"max-snippet:-1","max-image-preview":"max-image-preview:large","max-video-preview":"max-video-preview:-1"},"canonical":"https:\/\/international-funeral.com\/fr\/transfert\/","og_locale":"fr_FR","og_type":"article","og_title":"Weltweite \u00dcberf\u00fchrungen im Todesfall | International Funeral","og_description":"Weltweite \u00dcberf\u00fchrungen im Trauerfall \u2013 wir organisieren jeden Schritt zuverl\u00e4ssig, piet\u00e4tvoll & kultursensibel \u2013 24\/7 f\u00fcr Sie da.","og_url":"https:\/\/international-funeral.com\/fr\/transfert\/","og_site_name":"international-funeral.com","article_modified_time":"2025-05-23T11:56:05+00:00","og_image":[{"width":2560,"height":2560,"url":"https:\/\/international-funeral.com\/wp-content\/uploads\/2025\/04\/fantasy-style-clouds-scaled.jpg","type":"image\/jpeg"}],"twitter_card":"summary_large_image","twitter_misc":{"Dur\u00e9e de lecture estim\u00e9e":"2 minutes"},"schema":{"@context":"https:\/\/schema.org","@graph":[{"@type":"WebPage","@id":"https:\/\/international-funeral.com\/ueberfuehrung\/","url":"https:\/\/international-funeral.com\/ueberfuehrung\/","name":"Transferts de corps en cas de d\u00e9c\u00e8s dans le monde entier | International Funeral","isPartOf":{"@id":"https:\/\/international-funeral.com\/#website"},"primaryImageOfPage":{"@id":"https:\/\/international-funeral.com\/ueberfuehrung\/#primaryimage"},"image":{"@id":"https:\/\/international-funeral.com\/ueberfuehrung\/#primaryimage"},"thumbnailUrl":"https:\/\/international-funeral.com\/wp-content\/uploads\/2025\/04\/fantasy-style-clouds-scaled.jpg","datePublished":"2023-12-19T16:11:41+00:00","dateModified":"2025-05-23T11:56:05+00:00","description":"Transferts de corps dans le monde entier en cas de deuil - nous organisons chaque \u00e9tape avec fiabilit\u00e9, pi\u00e9t\u00e9 &amp; sensibilit\u00e9 culturelle - \u00e0 votre service 24h\/24 et 7j\/7.","breadcrumb":{"@id":"https:\/\/international-funeral.com\/ueberfuehrung\/#breadcrumb"},"inLanguage":"fr-FR","potentialAction":[{"@type":"ReadAction","target":["https:\/\/international-funeral.com\/ueberfuehrung\/"]}]},{"@type":"ImageObject","inLanguage":"fr-FR","@id":"https:\/\/international-funeral.com\/ueberfuehrung\/#primaryimage","url":"https:\/\/international-funeral.com\/wp-content\/uploads\/2025\/04\/fantasy-style-clouds-scaled.jpg","contentUrl":"https:\/\/international-funeral.com\/wp-content\/uploads\/2025\/04\/fantasy-style-clouds-scaled.jpg","width":2560,"height":2560},{"@type":"BreadcrumbList","@id":"https:\/\/international-funeral.com\/ueberfuehrung\/#breadcrumb","itemListElement":[{"@type":"ListItem","position":1,"name":"Startseite","item":"https:\/\/international-funeral.com\/"},{"@type":"ListItem","position":2,"name":"Weltweite \u00dcberf\u00fchrungen"}]},{"@type":"WebSite","@id":"https:\/\/international-funeral.com\/#website","url":"https:\/\/international-funeral.com\/","name":"international-funeral.com","description":"Pompes Fun\u00e9bres | Funeral Home | Wordwide Transfers","publisher":{"@id":"https:\/\/international-funeral.com\/#organization"},"potentialAction":[{"@type":"SearchAction","target":{"@type":"EntryPoint","urlTemplate":"https:\/\/international-funeral.com\/?s={search_term_string}"},"query-input":{"@type":"PropertyValueSpecification","valueRequired":true,"valueName":"search_term_string"}}],"inLanguage":"fr-FR"},{"@type":"Organization","@id":"https:\/\/international-funeral.com\/#organization","name":"international-funeral.com","url":"https:\/\/international-funeral.com\/","logo":{"@type":"ImageObject","inLanguage":"fr-FR","@id":"https:\/\/international-funeral.com\/#\/schema\/logo\/image\/","url":"https:\/\/international-funeral.com\/wp-content\/uploads\/2025\/05\/if_logo_pos.png","contentUrl":"https:\/\/international-funeral.com\/wp-content\/uploads\/2025\/05\/if_logo_pos.png","width":1890,"height":543,"caption":"international-funeral.com"},"image":{"@id":"https:\/\/international-funeral.com\/#\/schema\/logo\/image\/"}}]}},"_links":{"self":[{"href":"https:\/\/international-funeral.com\/fr\/wp-json\/wp\/v2\/pages\/167","targetHints":{"allow":["GET"]}}],"collection":[{"href":"https:\/\/international-funeral.com\/fr\/wp-json\/wp\/v2\/pages"}],"about":[{"href":"https:\/\/international-funeral.com\/fr\/wp-json\/wp\/v2\/types\/page"}],"author":[{"embeddable":true,"href":"https:\/\/international-funeral.com\/fr\/wp-json\/wp\/v2\/users\/1"}],"replies":[{"embeddable":true,"href":"https:\/\/international-funeral.com\/fr\/wp-json\/wp\/v2\/comments?post=167"}],"version-history":[{"count":9,"href":"https:\/\/international-funeral.com\/fr\/wp-json\/wp\/v2\/pages\/167\/revisions"}],"predecessor-version":[{"id":3087,"href":"https:\/\/international-funeral.com\/fr\/wp-json\/wp\/v2\/pages\/167\/revisions\/3087"}],"wp:featuredmedia":[{"embeddable":true,"href":"https:\/\/international-funeral.com\/fr\/wp-json\/wp\/v2\/media\/1904"}],"wp:attachment":[{"href":"https:\/\/international-funeral.com\/fr\/wp-json\/wp\/v2\/media?parent=167"}],"curies":[{"name":"wp","href":"https:\/\/api.w.org\/{rel}","templated":true}]}}