{"id":485,"date":"2024-02-03T14:55:43","date_gmt":"2024-02-03T13:55:43","guid":{"rendered":"https:\/\/international-funeral.com\/?page_id=485"},"modified":"2024-02-03T19:28:56","modified_gmt":"2024-02-03T18:28:56","slug":"ue-alemania","status":"publish","type":"page","link":"https:\/\/international-funeral.com\/es\/ueberfuehrung\/eu-deutschland\/","title":{"rendered":"Traslado en coche f\u00fanebre"},"content":{"rendered":"<p>El traslado de un difunto dentro de Europa a pa\u00edses lim\u00edtrofes con Alemania se realiza casi exclusivamente en coche f\u00fanebre, pero tambi\u00e9n puede hacerse en avi\u00f3n.<\/p>\n<p>El difunto suele ser trasladado directamente al tanatorio o cementerio local en coche f\u00fanebre. Si el difunto es transportado en avi\u00f3n, se puede volar a todos los aeropuertos de las capitales de la UE y a muchos otros aeropuertos de grandes ciudades de los distintos pa\u00edses. Siempre deben respetarse las normas de importaci\u00f3n del pa\u00eds en el que se entierre finalmente al difunto. Puede ser necesario embalsamar (conservar) a la persona fallecida. Todo traslado debe realizarse en un ata\u00fad herm\u00e9tico y estanco o en un contenedor similar, a menos que el difunto haya sido incinerado.<\/p>\n<p>Siempre debe haber un certificado m\u00e9dico que confirme que el fallecido no estaba infectado por ninguna enfermedad infecciosa que imposibilite la importaci\u00f3n del cad\u00e1ver al pa\u00eds en el que va a ser enterrado. Adem\u00e1s, pueden ser necesarios otros documentos para autorizar el transporte en coche f\u00fanebre fuera de Alemania. Podemos asesorarle en cuestiones consulares y ayudarle a obtener todos los documentos necesarios. Hemos recopilado informaci\u00f3n \u00fatil en la opci\u00f3n de men\u00fa \"Embajadas\".<\/p>\n<p>Para obtener informaci\u00f3n y datos de contacto de su embajada o consulado, haga clic en el nombre del pa\u00eds donde se celebrar\u00e1 el funeral.<\/p>\n<p>Si el pa\u00eds en cuesti\u00f3n no figura en la lista, p\u00f3ngase en contacto con nosotros.<\/p>","protected":false},"excerpt":{"rendered":"<p>Die \u00dcberf\u00fchrung eines Verstorbenen innerhalb Europas erfolgt an Deutschland angrenzende L\u00e4nder fast ausschlie\u00dflich mit dem Bestattungswagen \u2013 kann aber auch per Flugzeug durchgef\u00fchrt werden. Mit dem Bestattungswagen wird der Verstorbene meist direkt zum \u00f6rtlichen Bestattungsunternehmen oder Friedhof \u00fcberf\u00fchrt. Erfolgt die \u00dcberf\u00fchrung per Flugzeug, k\u00f6nnen alle EU-Hauptstadtflugh\u00e4fen sowie viele weitere Gro\u00dfstadtflugh\u00e4fen einzelner L\u00e4nder mit einem verstorbenen [&hellip;]<\/p>\n","protected":false},"author":1,"featured_media":0,"parent":167,"menu_order":0,"comment_status":"closed","ping_status":"closed","template":"","meta":{"_acf_changed":false,"footnotes":""},"class_list":["post-485","page","type-page","status-publish","hentry"],"acf":[],"yoast_head":"<!-- This site is optimized with the Yoast SEO plugin v27.5 - https:\/\/yoast.com\/product\/yoast-seo-wordpress\/ -->\n<title>\u00dcberf\u00fchrung mit dem Bestattungswagen - international-funeral.com<\/title>\n<meta name=\"robots\" content=\"index, follow, max-snippet:-1, max-image-preview:large, max-video-preview:-1\" \/>\n<link rel=\"canonical\" href=\"https:\/\/international-funeral.com\/es\/transferencia\/ue-alemania\/\" \/>\n<meta property=\"og:locale\" content=\"es_ES\" \/>\n<meta property=\"og:type\" content=\"article\" \/>\n<meta property=\"og:title\" content=\"\u00dcberf\u00fchrung mit dem Bestattungswagen - international-funeral.com\" \/>\n<meta property=\"og:description\" content=\"Die \u00dcberf\u00fchrung eines Verstorbenen innerhalb Europas erfolgt an Deutschland angrenzende L\u00e4nder fast ausschlie\u00dflich mit dem Bestattungswagen \u2013 kann aber auch per Flugzeug durchgef\u00fchrt werden. Mit dem Bestattungswagen wird der Verstorbene meist direkt zum \u00f6rtlichen Bestattungsunternehmen oder Friedhof \u00fcberf\u00fchrt. Erfolgt die \u00dcberf\u00fchrung per Flugzeug, k\u00f6nnen alle EU-Hauptstadtflugh\u00e4fen sowie viele weitere Gro\u00dfstadtflugh\u00e4fen einzelner L\u00e4nder mit einem verstorbenen [&hellip;]\" \/>\n<meta property=\"og:url\" content=\"https:\/\/international-funeral.com\/es\/transferencia\/ue-alemania\/\" \/>\n<meta property=\"og:site_name\" content=\"international-funeral.com\" \/>\n<meta property=\"article:modified_time\" content=\"2024-02-03T18:28:56+00:00\" \/>\n<meta name=\"twitter:card\" content=\"summary_large_image\" \/>\n<meta name=\"twitter:label1\" content=\"Tiempo de lectura\" \/>\n\t<meta name=\"twitter:data1\" content=\"1 minuto\" \/>\n<script type=\"application\/ld+json\" class=\"yoast-schema-graph\">{\"@context\":\"https:\\\/\\\/schema.org\",\"@graph\":[{\"@type\":\"WebPage\",\"@id\":\"https:\\\/\\\/international-funeral.com\\\/ueberfuehrung\\\/eu-deutschland\\\/\",\"url\":\"https:\\\/\\\/international-funeral.com\\\/ueberfuehrung\\\/eu-deutschland\\\/\",\"name\":\"\u00dcberf\u00fchrung mit dem Bestattungswagen - international-funeral.com\",\"isPartOf\":{\"@id\":\"https:\\\/\\\/international-funeral.com\\\/#website\"},\"datePublished\":\"2024-02-03T13:55:43+00:00\",\"dateModified\":\"2024-02-03T18:28:56+00:00\",\"breadcrumb\":{\"@id\":\"https:\\\/\\\/international-funeral.com\\\/ueberfuehrung\\\/eu-deutschland\\\/#breadcrumb\"},\"inLanguage\":\"es\",\"potentialAction\":[{\"@type\":\"ReadAction\",\"target\":[\"https:\\\/\\\/international-funeral.com\\\/ueberfuehrung\\\/eu-deutschland\\\/\"]}]},{\"@type\":\"BreadcrumbList\",\"@id\":\"https:\\\/\\\/international-funeral.com\\\/ueberfuehrung\\\/eu-deutschland\\\/#breadcrumb\",\"itemListElement\":[{\"@type\":\"ListItem\",\"position\":1,\"name\":\"Startseite\",\"item\":\"https:\\\/\\\/international-funeral.com\\\/\"},{\"@type\":\"ListItem\",\"position\":2,\"name\":\"Weltweite \u00dcberf\u00fchrungen\",\"item\":\"https:\\\/\\\/international-funeral.com\\\/ueberfuehrung\\\/\"},{\"@type\":\"ListItem\",\"position\":3,\"name\":\"\u00dcberf\u00fchrung mit dem Bestattungswagen\"}]},{\"@type\":\"WebSite\",\"@id\":\"https:\\\/\\\/international-funeral.com\\\/#website\",\"url\":\"https:\\\/\\\/international-funeral.com\\\/\",\"name\":\"international-funeral.com\",\"description\":\"Pompes Fun\u00e9bres |\u00a0Funeral Home | Wordwide Transfers\",\"publisher\":{\"@id\":\"https:\\\/\\\/international-funeral.com\\\/#organization\"},\"potentialAction\":[{\"@type\":\"SearchAction\",\"target\":{\"@type\":\"EntryPoint\",\"urlTemplate\":\"https:\\\/\\\/international-funeral.com\\\/?s={search_term_string}\"},\"query-input\":{\"@type\":\"PropertyValueSpecification\",\"valueRequired\":true,\"valueName\":\"search_term_string\"}}],\"inLanguage\":\"es\"},{\"@type\":\"Organization\",\"@id\":\"https:\\\/\\\/international-funeral.com\\\/#organization\",\"name\":\"international-funeral.com\",\"url\":\"https:\\\/\\\/international-funeral.com\\\/\",\"logo\":{\"@type\":\"ImageObject\",\"inLanguage\":\"es\",\"@id\":\"https:\\\/\\\/international-funeral.com\\\/#\\\/schema\\\/logo\\\/image\\\/\",\"url\":\"https:\\\/\\\/international-funeral.com\\\/wp-content\\\/uploads\\\/2025\\\/05\\\/if_logo_pos.png\",\"contentUrl\":\"https:\\\/\\\/international-funeral.com\\\/wp-content\\\/uploads\\\/2025\\\/05\\\/if_logo_pos.png\",\"width\":1890,\"height\":543,\"caption\":\"international-funeral.com\"},\"image\":{\"@id\":\"https:\\\/\\\/international-funeral.com\\\/#\\\/schema\\\/logo\\\/image\\\/\"}}]}<\/script>\n<!-- \/ Yoast SEO plugin. -->","yoast_head_json":{"title":"Traslado en coche f\u00fanebre - international-funeral.com","robots":{"index":"index","follow":"follow","max-snippet":"max-snippet:-1","max-image-preview":"max-image-preview:large","max-video-preview":"max-video-preview:-1"},"canonical":"https:\/\/international-funeral.com\/es\/transferencia\/ue-alemania\/","og_locale":"es_ES","og_type":"article","og_title":"\u00dcberf\u00fchrung mit dem Bestattungswagen - international-funeral.com","og_description":"Die \u00dcberf\u00fchrung eines Verstorbenen innerhalb Europas erfolgt an Deutschland angrenzende L\u00e4nder fast ausschlie\u00dflich mit dem Bestattungswagen \u2013 kann aber auch per Flugzeug durchgef\u00fchrt werden. Mit dem Bestattungswagen wird der Verstorbene meist direkt zum \u00f6rtlichen Bestattungsunternehmen oder Friedhof \u00fcberf\u00fchrt. Erfolgt die \u00dcberf\u00fchrung per Flugzeug, k\u00f6nnen alle EU-Hauptstadtflugh\u00e4fen sowie viele weitere Gro\u00dfstadtflugh\u00e4fen einzelner L\u00e4nder mit einem verstorbenen [&hellip;]","og_url":"https:\/\/international-funeral.com\/es\/transferencia\/ue-alemania\/","og_site_name":"international-funeral.com","article_modified_time":"2024-02-03T18:28:56+00:00","twitter_card":"summary_large_image","twitter_misc":{"Tiempo de lectura":"1 minuto"},"schema":{"@context":"https:\/\/schema.org","@graph":[{"@type":"WebPage","@id":"https:\/\/international-funeral.com\/ueberfuehrung\/eu-deutschland\/","url":"https:\/\/international-funeral.com\/ueberfuehrung\/eu-deutschland\/","name":"Traslado en coche f\u00fanebre - international-funeral.com","isPartOf":{"@id":"https:\/\/international-funeral.com\/#website"},"datePublished":"2024-02-03T13:55:43+00:00","dateModified":"2024-02-03T18:28:56+00:00","breadcrumb":{"@id":"https:\/\/international-funeral.com\/ueberfuehrung\/eu-deutschland\/#breadcrumb"},"inLanguage":"es","potentialAction":[{"@type":"ReadAction","target":["https:\/\/international-funeral.com\/ueberfuehrung\/eu-deutschland\/"]}]},{"@type":"BreadcrumbList","@id":"https:\/\/international-funeral.com\/ueberfuehrung\/eu-deutschland\/#breadcrumb","itemListElement":[{"@type":"ListItem","position":1,"name":"Startseite","item":"https:\/\/international-funeral.com\/"},{"@type":"ListItem","position":2,"name":"Weltweite \u00dcberf\u00fchrungen","item":"https:\/\/international-funeral.com\/ueberfuehrung\/"},{"@type":"ListItem","position":3,"name":"\u00dcberf\u00fchrung mit dem Bestattungswagen"}]},{"@type":"WebSite","@id":"https:\/\/international-funeral.com\/#website","url":"https:\/\/international-funeral.com\/","name":"international-funeral.com","description":"Pompes Fun\u00e9bres | Funeraria | Traslados internacionales","publisher":{"@id":"https:\/\/international-funeral.com\/#organization"},"potentialAction":[{"@type":"SearchAction","target":{"@type":"EntryPoint","urlTemplate":"https:\/\/international-funeral.com\/?s={search_term_string}"},"query-input":{"@type":"PropertyValueSpecification","valueRequired":true,"valueName":"search_term_string"}}],"inLanguage":"es"},{"@type":"Organization","@id":"https:\/\/international-funeral.com\/#organization","name":"international-funeral.com","url":"https:\/\/international-funeral.com\/","logo":{"@type":"ImageObject","inLanguage":"es","@id":"https:\/\/international-funeral.com\/#\/schema\/logo\/image\/","url":"https:\/\/international-funeral.com\/wp-content\/uploads\/2025\/05\/if_logo_pos.png","contentUrl":"https:\/\/international-funeral.com\/wp-content\/uploads\/2025\/05\/if_logo_pos.png","width":1890,"height":543,"caption":"international-funeral.com"},"image":{"@id":"https:\/\/international-funeral.com\/#\/schema\/logo\/image\/"}}]}},"_links":{"self":[{"href":"https:\/\/international-funeral.com\/es\/wp-json\/wp\/v2\/pages\/485","targetHints":{"allow":["GET"]}}],"collection":[{"href":"https:\/\/international-funeral.com\/es\/wp-json\/wp\/v2\/pages"}],"about":[{"href":"https:\/\/international-funeral.com\/es\/wp-json\/wp\/v2\/types\/page"}],"author":[{"embeddable":true,"href":"https:\/\/international-funeral.com\/es\/wp-json\/wp\/v2\/users\/1"}],"replies":[{"embeddable":true,"href":"https:\/\/international-funeral.com\/es\/wp-json\/wp\/v2\/comments?post=485"}],"version-history":[{"count":5,"href":"https:\/\/international-funeral.com\/es\/wp-json\/wp\/v2\/pages\/485\/revisions"}],"predecessor-version":[{"id":632,"href":"https:\/\/international-funeral.com\/es\/wp-json\/wp\/v2\/pages\/485\/revisions\/632"}],"up":[{"embeddable":true,"href":"https:\/\/international-funeral.com\/es\/wp-json\/wp\/v2\/pages\/167"}],"wp:attachment":[{"href":"https:\/\/international-funeral.com\/es\/wp-json\/wp\/v2\/media?parent=485"}],"curies":[{"name":"wp","href":"https:\/\/api.w.org\/{rel}","templated":true}]}}