{"id":2796,"date":"2025-04-17T09:56:00","date_gmt":"2025-04-17T07:56:00","guid":{"rendered":"https:\/\/international-funeral.com\/?page_id=2796"},"modified":"2025-05-15T11:56:34","modified_gmt":"2025-05-15T09:56:34","slug":"precio-fijo","status":"publish","type":"page","link":"https:\/\/international-funeral.com\/es\/ueberfuehrung\/fixpreis\/","title":{"rendered":"Costes transparentes de las transferencias"},"content":{"rendered":"<div data-elementor-type=\"wp-page\" data-elementor-id=\"2796\" class=\"elementor elementor-2796\" data-elementor-post-type=\"page\">\n\t\t\t\t<div class=\"elementor-element elementor-element-159e451a e-flex e-con-boxed e-con e-parent\" data-id=\"159e451a\" data-element_type=\"container\" data-e-type=\"container\">\n\t\t\t\t\t<div class=\"e-con-inner\">\n\t\t\t\t<div class=\"elementor-element elementor-element-9f3ec90 elementor-widget elementor-widget-heading\" data-id=\"9f3ec90\" data-element_type=\"widget\" data-e-type=\"widget\" data-widget_type=\"heading.default\">\n\t\t\t\t<div class=\"elementor-widget-container\">\n\t\t\t\t\t<h1 class=\"elementor-heading-title elementor-size-default\">Transferencias internacionales con dignidad - en todo el mundo y fiables<\/h1>\t\t\t\t<\/div>\n\t\t\t\t<\/div>\n\t\t\t\t<div class=\"elementor-element elementor-element-deb03ca elementor-widget elementor-widget-text-editor\" data-id=\"deb03ca\" data-element_type=\"widget\" data-e-type=\"widget\" data-widget_type=\"text-editor.default\">\n\t\t\t\t<div class=\"elementor-widget-container\">\n\t\t\t\t\t\t\t\t\t<p>Ha fallecido un ser querido y ahora la familia se enfrenta a la cuesti\u00f3n de c\u00f3mo realizar el traslado al pa\u00eds de origen de forma digna y sin contratiempos. En esos momentos, adem\u00e1s del dolor, hay que hacer frente a una enorme carga organizativa. Aqu\u00ed es precisamente donde le ofrecemos un apoyo emp\u00e1tico y competente.<\/p><p>Funeraria Internacional de Berl\u00edn est\u00e1 especializada desde hace muchos a\u00f1os en el transporte internacional de difuntos desde Alemania a destinos de todo el mundo. Ya sea a pa\u00edses europeos vecinos o a otros continentes, nosotros nos encargamos de todos los tr\u00e1mites, la comunicaci\u00f3n con los consulados, la documentaci\u00f3n necesaria y, por supuesto, de un reverente transporte al pa\u00eds de destino deseado.<\/p>\t\t\t\t\t\t\t\t<\/div>\n\t\t\t\t<\/div>\n\t\t\t\t<div class=\"elementor-element elementor-element-de5f385 elementor-view-stacked elementor-position-inline-start elementor-shape-circle elementor-mobile-position-block-start elementor-widget elementor-widget-icon-box\" data-id=\"de5f385\" data-element_type=\"widget\" data-e-type=\"widget\" data-widget_type=\"icon-box.default\">\n\t\t\t\t<div class=\"elementor-widget-container\">\n\t\t\t\t\t\t\t<div class=\"elementor-icon-box-wrapper\">\n\n\t\t\t\t\t\t<div class=\"elementor-icon-box-icon\">\n\t\t\t\t<a href=\"tel:+493034332566\" target=\"_blank\" class=\"elementor-icon\" tabindex=\"-1\" aria-label=\"Discretos, humanos, experimentados: estamos a su disposici\u00f3n\">\n\t\t\t\t<i aria-hidden=\"true\" class=\"icon icon-hours-phone-support-icon\"><\/i>\t\t\t\t<\/a>\n\t\t\t<\/div>\n\t\t\t\n\t\t\t\t\t\t<div class=\"elementor-icon-box-content\">\n\n\t\t\t\t\t\t\t\t\t<h3 class=\"elementor-icon-box-title\">\n\t\t\t\t\t\t<a href=\"tel:+493034332566\" target=\"_blank\" >\n\t\t\t\t\t\t\tDiscretos, humanos, experimentados: estamos a su disposici\u00f3n\t\t\t\t\t\t<\/a>\n\t\t\t\t\t<\/h3>\n\t\t\t\t\n\t\t\t\t\t\t\t\t\t<p class=\"elementor-icon-box-description\">\n\t\t\t\t\t\tLlame ahora y obtenga asesoramiento gratuito y sin compromiso. En una reuni\u00f3n personal, aclararemos juntos lo que hay que hacer y las opciones disponibles. Estamos a su disposici\u00f3n en todo momento. Funeraria internacional - porque la dignidad no conoce fronteras.\t\t\t\t\t<\/p>\n\t\t\t\t\n\t\t\t<\/div>\n\t\t\t\n\t\t<\/div>\n\t\t\t\t\t\t<\/div>\n\t\t\t\t<\/div>\n\t\t\t\t<div class=\"elementor-element elementor-element-1aed38b elementor-widget elementor-widget-heading\" data-id=\"1aed38b\" data-element_type=\"widget\" data-e-type=\"widget\" data-widget_type=\"heading.default\">\n\t\t\t\t<div class=\"elementor-widget-container\">\n\t\t\t\t\t<h3 class=\"elementor-heading-title elementor-size-default\">Precio fijo. Procesos claros. Asistencia personalizada.<\/h3>\t\t\t\t<\/div>\n\t\t\t\t<\/div>\n\t\t\t\t<div class=\"elementor-element elementor-element-ad13557 elementor-widget elementor-widget-text-editor\" data-id=\"ad13557\" data-element_type=\"widget\" data-e-type=\"widget\" data-widget_type=\"text-editor.default\">\n\t\t\t\t<div class=\"elementor-widget-container\">\n\t\t\t\t\t\t\t\t\t<p>Sabemos lo importantes que son los compromisos fiables en estos tiempos dif\u00edciles, tanto emocional como econ\u00f3micamente. Por eso ofrecemos un precio fijo para nuestros servicios de traslado dentro de Alemania en el que puede confiar. Calculamos los costes de transporte espec\u00edficos de cada pa\u00eds (por ejemplo, las tasas de vuelo) de forma transparente e individualizada, en funci\u00f3n del destino, la normativa y la disponibilidad.<\/p><p>Nuestro objetivo no es s\u00f3lo descargarle de trabajo, sino tambi\u00e9n darle seguridad emocional.<\/p><p>Cada traslado es \u00fanico, cada familia tiene su propia historia. Por eso no nos basamos en procesos automatizados, sino en asesoramiento y apoyo personalizados. Escuchamos, explicamos y acompa\u00f1amos - paso a paso, con gran sensibilidad.<\/p>\t\t\t\t\t\t\t\t<\/div>\n\t\t\t\t<\/div>\n\t\t\t\t\t<\/div>\n\t\t\t\t<\/div>\n\t\t\t\t<\/div>","protected":false},"excerpt":{"rendered":"<p>Internationale \u00dcberf\u00fchrungen mit W\u00fcrde \u2013 weltweit und zuverl\u00e4ssig Ein geliebter Mensch ist verstorben \u2013 und nun steht die Familie vor der Frage, wie die \u00dcberf\u00fchrung in das Heimatland w\u00fcrdevoll und reibungslos erfolgen kann. In solchen Momenten ist neben der Trauer auch eine enorme organisatorische Last zu bew\u00e4ltigen. Genau hier stehen wir Ihnen einf\u00fchlsam und kompetent [&hellip;]<\/p>\n","protected":false},"author":1,"featured_media":0,"parent":167,"menu_order":0,"comment_status":"closed","ping_status":"closed","template":"","meta":{"_acf_changed":false,"footnotes":""},"class_list":["post-2796","page","type-page","status-publish","hentry"],"acf":[],"yoast_head":"<!-- This site is optimized with the Yoast SEO plugin v27.5 - https:\/\/yoast.com\/product\/yoast-seo-wordpress\/ -->\n<title>Internationale \u00dcberf\u00fchrungen mit Fixpreis \u2013 Weltweit &amp; w\u00fcrdevoll<\/title>\n<meta name=\"description\" content=\"International Funeral - Spezialist f\u00fcr weltweite \u00dcberf\u00fchrungen Verstorbener. Fixpreis, pers\u00f6nliche Betreuung, Hilfe bei allen Formalit\u00e4ten.\" \/>\n<meta name=\"robots\" content=\"index, follow, max-snippet:-1, max-image-preview:large, max-video-preview:-1\" \/>\n<link rel=\"canonical\" href=\"https:\/\/international-funeral.com\/es\/transferencia\/precio-fijo\/\" \/>\n<meta property=\"og:locale\" content=\"es_ES\" \/>\n<meta property=\"og:type\" content=\"article\" \/>\n<meta property=\"og:title\" content=\"Internationale \u00dcberf\u00fchrungen mit Fixpreis \u2013 Weltweit &amp; w\u00fcrdevoll\" \/>\n<meta property=\"og:description\" content=\"International Funeral - Spezialist f\u00fcr weltweite \u00dcberf\u00fchrungen Verstorbener. Fixpreis, pers\u00f6nliche Betreuung, Hilfe bei allen Formalit\u00e4ten.\" \/>\n<meta property=\"og:url\" content=\"https:\/\/international-funeral.com\/es\/transferencia\/precio-fijo\/\" \/>\n<meta property=\"og:site_name\" content=\"international-funeral.com\" \/>\n<meta property=\"article:modified_time\" content=\"2025-05-15T09:56:34+00:00\" \/>\n<meta name=\"twitter:card\" content=\"summary_large_image\" \/>\n<meta name=\"twitter:label1\" content=\"Tiempo de lectura\" \/>\n\t<meta name=\"twitter:data1\" content=\"2 minutos\" \/>\n<script type=\"application\/ld+json\" class=\"yoast-schema-graph\">{\"@context\":\"https:\\\/\\\/schema.org\",\"@graph\":[{\"@type\":\"WebPage\",\"@id\":\"https:\\\/\\\/international-funeral.com\\\/ueberfuehrung\\\/fixpreis\\\/\",\"url\":\"https:\\\/\\\/international-funeral.com\\\/ueberfuehrung\\\/fixpreis\\\/\",\"name\":\"Internationale \u00dcberf\u00fchrungen mit Fixpreis \u2013 Weltweit & w\u00fcrdevoll\",\"isPartOf\":{\"@id\":\"https:\\\/\\\/international-funeral.com\\\/#website\"},\"datePublished\":\"2025-04-17T07:56:00+00:00\",\"dateModified\":\"2025-05-15T09:56:34+00:00\",\"description\":\"International Funeral - Spezialist f\u00fcr weltweite \u00dcberf\u00fchrungen Verstorbener. Fixpreis, pers\u00f6nliche Betreuung, Hilfe bei allen Formalit\u00e4ten.\",\"breadcrumb\":{\"@id\":\"https:\\\/\\\/international-funeral.com\\\/ueberfuehrung\\\/fixpreis\\\/#breadcrumb\"},\"inLanguage\":\"es\",\"potentialAction\":[{\"@type\":\"ReadAction\",\"target\":[\"https:\\\/\\\/international-funeral.com\\\/ueberfuehrung\\\/fixpreis\\\/\"]}]},{\"@type\":\"BreadcrumbList\",\"@id\":\"https:\\\/\\\/international-funeral.com\\\/ueberfuehrung\\\/fixpreis\\\/#breadcrumb\",\"itemListElement\":[{\"@type\":\"ListItem\",\"position\":1,\"name\":\"Startseite\",\"item\":\"https:\\\/\\\/international-funeral.com\\\/\"},{\"@type\":\"ListItem\",\"position\":2,\"name\":\"Weltweite \u00dcberf\u00fchrungen\",\"item\":\"https:\\\/\\\/international-funeral.com\\\/ueberfuehrung\\\/\"},{\"@type\":\"ListItem\",\"position\":3,\"name\":\"Transparente Kosten bei \u00dcberf\u00fchrungen\"}]},{\"@type\":\"WebSite\",\"@id\":\"https:\\\/\\\/international-funeral.com\\\/#website\",\"url\":\"https:\\\/\\\/international-funeral.com\\\/\",\"name\":\"international-funeral.com\",\"description\":\"Pompes Fun\u00e9bres |\u00a0Funeral Home | Wordwide Transfers\",\"publisher\":{\"@id\":\"https:\\\/\\\/international-funeral.com\\\/#organization\"},\"potentialAction\":[{\"@type\":\"SearchAction\",\"target\":{\"@type\":\"EntryPoint\",\"urlTemplate\":\"https:\\\/\\\/international-funeral.com\\\/?s={search_term_string}\"},\"query-input\":{\"@type\":\"PropertyValueSpecification\",\"valueRequired\":true,\"valueName\":\"search_term_string\"}}],\"inLanguage\":\"es\"},{\"@type\":\"Organization\",\"@id\":\"https:\\\/\\\/international-funeral.com\\\/#organization\",\"name\":\"international-funeral.com\",\"url\":\"https:\\\/\\\/international-funeral.com\\\/\",\"logo\":{\"@type\":\"ImageObject\",\"inLanguage\":\"es\",\"@id\":\"https:\\\/\\\/international-funeral.com\\\/#\\\/schema\\\/logo\\\/image\\\/\",\"url\":\"https:\\\/\\\/international-funeral.com\\\/wp-content\\\/uploads\\\/2025\\\/05\\\/if_logo_pos.png\",\"contentUrl\":\"https:\\\/\\\/international-funeral.com\\\/wp-content\\\/uploads\\\/2025\\\/05\\\/if_logo_pos.png\",\"width\":1890,\"height\":543,\"caption\":\"international-funeral.com\"},\"image\":{\"@id\":\"https:\\\/\\\/international-funeral.com\\\/#\\\/schema\\\/logo\\\/image\\\/\"}}]}<\/script>\n<!-- \/ Yoast SEO plugin. -->","yoast_head_json":{"title":"Transferencias internacionales a precio fijo - en todo el mundo y con dignidad","description":"Funeraria internacional - Especialista en repatriaciones de difuntos en todo el mundo. Precio fijo, servicio personalizado, asistencia en todos los tr\u00e1mites.","robots":{"index":"index","follow":"follow","max-snippet":"max-snippet:-1","max-image-preview":"max-image-preview:large","max-video-preview":"max-video-preview:-1"},"canonical":"https:\/\/international-funeral.com\/es\/transferencia\/precio-fijo\/","og_locale":"es_ES","og_type":"article","og_title":"Internationale \u00dcberf\u00fchrungen mit Fixpreis \u2013 Weltweit & w\u00fcrdevoll","og_description":"International Funeral - Spezialist f\u00fcr weltweite \u00dcberf\u00fchrungen Verstorbener. Fixpreis, pers\u00f6nliche Betreuung, Hilfe bei allen Formalit\u00e4ten.","og_url":"https:\/\/international-funeral.com\/es\/transferencia\/precio-fijo\/","og_site_name":"international-funeral.com","article_modified_time":"2025-05-15T09:56:34+00:00","twitter_card":"summary_large_image","twitter_misc":{"Tiempo de lectura":"2 minutos"},"schema":{"@context":"https:\/\/schema.org","@graph":[{"@type":"WebPage","@id":"https:\/\/international-funeral.com\/ueberfuehrung\/fixpreis\/","url":"https:\/\/international-funeral.com\/ueberfuehrung\/fixpreis\/","name":"Transferencias internacionales a precio fijo - en todo el mundo y con dignidad","isPartOf":{"@id":"https:\/\/international-funeral.com\/#website"},"datePublished":"2025-04-17T07:56:00+00:00","dateModified":"2025-05-15T09:56:34+00:00","description":"Funeraria internacional - Especialista en repatriaciones de difuntos en todo el mundo. Precio fijo, servicio personalizado, asistencia en todos los tr\u00e1mites.","breadcrumb":{"@id":"https:\/\/international-funeral.com\/ueberfuehrung\/fixpreis\/#breadcrumb"},"inLanguage":"es","potentialAction":[{"@type":"ReadAction","target":["https:\/\/international-funeral.com\/ueberfuehrung\/fixpreis\/"]}]},{"@type":"BreadcrumbList","@id":"https:\/\/international-funeral.com\/ueberfuehrung\/fixpreis\/#breadcrumb","itemListElement":[{"@type":"ListItem","position":1,"name":"Startseite","item":"https:\/\/international-funeral.com\/"},{"@type":"ListItem","position":2,"name":"Weltweite \u00dcberf\u00fchrungen","item":"https:\/\/international-funeral.com\/ueberfuehrung\/"},{"@type":"ListItem","position":3,"name":"Transparente Kosten bei \u00dcberf\u00fchrungen"}]},{"@type":"WebSite","@id":"https:\/\/international-funeral.com\/#website","url":"https:\/\/international-funeral.com\/","name":"international-funeral.com","description":"Pompes Fun\u00e9bres | Funeraria | Traslados internacionales","publisher":{"@id":"https:\/\/international-funeral.com\/#organization"},"potentialAction":[{"@type":"SearchAction","target":{"@type":"EntryPoint","urlTemplate":"https:\/\/international-funeral.com\/?s={search_term_string}"},"query-input":{"@type":"PropertyValueSpecification","valueRequired":true,"valueName":"search_term_string"}}],"inLanguage":"es"},{"@type":"Organization","@id":"https:\/\/international-funeral.com\/#organization","name":"international-funeral.com","url":"https:\/\/international-funeral.com\/","logo":{"@type":"ImageObject","inLanguage":"es","@id":"https:\/\/international-funeral.com\/#\/schema\/logo\/image\/","url":"https:\/\/international-funeral.com\/wp-content\/uploads\/2025\/05\/if_logo_pos.png","contentUrl":"https:\/\/international-funeral.com\/wp-content\/uploads\/2025\/05\/if_logo_pos.png","width":1890,"height":543,"caption":"international-funeral.com"},"image":{"@id":"https:\/\/international-funeral.com\/#\/schema\/logo\/image\/"}}]}},"_links":{"self":[{"href":"https:\/\/international-funeral.com\/es\/wp-json\/wp\/v2\/pages\/2796","targetHints":{"allow":["GET"]}}],"collection":[{"href":"https:\/\/international-funeral.com\/es\/wp-json\/wp\/v2\/pages"}],"about":[{"href":"https:\/\/international-funeral.com\/es\/wp-json\/wp\/v2\/types\/page"}],"author":[{"embeddable":true,"href":"https:\/\/international-funeral.com\/es\/wp-json\/wp\/v2\/users\/1"}],"replies":[{"embeddable":true,"href":"https:\/\/international-funeral.com\/es\/wp-json\/wp\/v2\/comments?post=2796"}],"version-history":[{"count":10,"href":"https:\/\/international-funeral.com\/es\/wp-json\/wp\/v2\/pages\/2796\/revisions"}],"predecessor-version":[{"id":3065,"href":"https:\/\/international-funeral.com\/es\/wp-json\/wp\/v2\/pages\/2796\/revisions\/3065"}],"up":[{"embeddable":true,"href":"https:\/\/international-funeral.com\/es\/wp-json\/wp\/v2\/pages\/167"}],"wp:attachment":[{"href":"https:\/\/international-funeral.com\/es\/wp-json\/wp\/v2\/media?parent=2796"}],"curies":[{"name":"wp","href":"https:\/\/api.w.org\/{rel}","templated":true}]}}