{"id":2692,"date":"2025-04-16T14:43:00","date_gmt":"2025-04-16T12:43:00","guid":{"rendered":"https:\/\/international-funeral.com\/?page_id=2692"},"modified":"2025-05-23T13:51:28","modified_gmt":"2025-05-23T11:51:28","slug":"acerca-de-nosotros-2","status":"publish","type":"page","link":"https:\/\/international-funeral.com\/es\/ueber-uns\/","title":{"rendered":"Qui\u00e9nes somos"},"content":{"rendered":"<div data-elementor-type=\"wp-page\" data-elementor-id=\"2692\" class=\"elementor elementor-2692\" data-elementor-post-type=\"page\">\n\t\t\t\t<div class=\"elementor-element elementor-element-4d57ae9f e-flex e-con-boxed e-con e-parent\" data-id=\"4d57ae9f\" data-element_type=\"container\" data-e-type=\"container\">\n\t\t\t\t\t<div class=\"e-con-inner\">\n\t\t\t\t<div class=\"elementor-element elementor-element-36ab36e6 elementor-widget elementor-widget-text-editor\" data-id=\"36ab36e6\" data-element_type=\"widget\" data-e-type=\"widget\" data-widget_type=\"text-editor.default\">\n\t\t\t\t<div class=\"elementor-widget-container\">\n\t\t\t\t\t\t\t\t\t<h1>Repatriaci\u00f3n internacional en caso de fallecimiento: a su lado en todo el mundo<\/h1>\n<p>Un fallecimiento en el extranjero plantea grandes retos a los familiares. En <strong>Funerales internacionales<\/strong> nos hemos centrado en la <strong>Repatriaci\u00f3n mundial de los fallecidos<\/strong> y ofrecerle un servicio integral que cubra de forma fiable todos los aspectos organizativos y jur\u00eddicos. Desde la recogida en el lugar del fallecimiento hasta la obtenci\u00f3n de todos los documentos necesarios y el traslado a su pa\u00eds de origen, nos ocupamos de cada paso con el m\u00e1ximo respeto y pericia. Nuestro objetivo es proporcionarle alivio y seguridad en estos dif\u00edciles momentos.<\/p><div><br><\/div>\n\n<h2>Servicio multiling\u00fce para repatriaciones internacionales - alem\u00e1n, ingl\u00e9s, franc\u00e9s y espa\u00f1ol<\/h2>\n<p>Nuestro equipo internacional habla <strong>Alem\u00e1n, ingl\u00e9s, franc\u00e9s y espa\u00f1ol<\/strong> y garantiza as\u00ed una comunicaci\u00f3n fluida con autoridades, consulados, embajadas, compa\u00f1\u00edas a\u00e9reas y cementerios de todo el mundo. Con m\u00e1s de 25 a\u00f1os de experiencia en servicios funerarios y una red de colaboradores de confianza en muchos pa\u00edses, organizamos <strong>Repatriaciones internacionales<\/strong> con rapidez, reverencia y discreci\u00f3n. Tambi\u00e9n con la <strong>Servicios funerarios con vocaci\u00f3n internacional<\/strong> estamos a su disposici\u00f3n para asesorarle - en caso de que desee repatriarse a su pa\u00eds de origen en vida.<\/p>\n<p><br><\/p>\t\t\t\t\t\t\t\t<\/div>\n\t\t\t\t<\/div>\n\t\t\t\t\t<\/div>\n\t\t\t\t<\/div>\n\t\t\t\t<\/div>","protected":false},"excerpt":{"rendered":"<p>Internationale \u00dcberf\u00fchrungen im Todesfall \u2013 weltweit an Ihrer Seite Ein Todesfall im Ausland stellt Angeh\u00f6rige vor gro\u00dfe Herausforderungen. Bei International Funeral haben wir uns auf die weltweite \u00dcberf\u00fchrung Verstorbener spezialisiert und bieten Ihnen einen umfassenden Service, der alle organisatorischen und rechtlichen Aspekte zuverl\u00e4ssig abdeckt. Von der Abholung am Sterbeort \u00fcber die Beschaffung aller erforderlichen Dokumente [&hellip;]<\/p>\n","protected":false},"author":1,"featured_media":1890,"parent":0,"menu_order":0,"comment_status":"closed","ping_status":"closed","template":"","meta":{"_acf_changed":false,"footnotes":""},"class_list":["post-2692","page","type-page","status-publish","has-post-thumbnail","hentry"],"acf":[],"yoast_head":"<!-- This site is optimized with the Yoast SEO plugin v27.5 - https:\/\/yoast.com\/product\/yoast-seo-wordpress\/ -->\n<title>\u00dcber uns \u2013 Internationale \u00dcberf\u00fchrungen weltweit erkl\u00e4rt<\/title>\n<meta name=\"description\" content=\"Ihr Partner f\u00fcr weltweite \u00dcberf\u00fchrungen im Todesfall: Mehrsprachige Betreuung &amp; komplette Organisation sicher &amp; piet\u00e4tvoll.\" \/>\n<meta name=\"robots\" content=\"index, follow, max-snippet:-1, max-image-preview:large, max-video-preview:-1\" \/>\n<link rel=\"canonical\" href=\"https:\/\/international-funeral.com\/es\/acerca-de-nosotros-2\/\" \/>\n<meta property=\"og:locale\" content=\"es_ES\" \/>\n<meta property=\"og:type\" content=\"article\" \/>\n<meta property=\"og:title\" content=\"\u00dcber uns \u2013 Internationale \u00dcberf\u00fchrungen weltweit erkl\u00e4rt\" \/>\n<meta property=\"og:description\" content=\"Ihr Partner f\u00fcr weltweite \u00dcberf\u00fchrungen im Todesfall: Mehrsprachige Betreuung &amp; komplette Organisation sicher &amp; piet\u00e4tvoll.\" \/>\n<meta property=\"og:url\" content=\"https:\/\/international-funeral.com\/es\/acerca-de-nosotros-2\/\" \/>\n<meta property=\"og:site_name\" content=\"international-funeral.com\" \/>\n<meta property=\"article:modified_time\" content=\"2025-05-23T11:51:28+00:00\" \/>\n<meta property=\"og:image\" content=\"https:\/\/international-funeral.com\/wp-content\/uploads\/2025\/04\/Leonardo_Phoenix_10_A_bright_and_minimal_sunrise_scene_with_so_0.jpg\" \/>\n\t<meta property=\"og:image:width\" content=\"2560\" \/>\n\t<meta property=\"og:image:height\" content=\"1920\" \/>\n\t<meta property=\"og:image:type\" content=\"image\/jpeg\" \/>\n<meta name=\"twitter:card\" content=\"summary_large_image\" \/>\n<meta name=\"twitter:label1\" content=\"Tiempo de lectura\" \/>\n\t<meta name=\"twitter:data1\" content=\"2 minutos\" \/>\n<script type=\"application\/ld+json\" class=\"yoast-schema-graph\">{\"@context\":\"https:\\\/\\\/schema.org\",\"@graph\":[{\"@type\":\"WebPage\",\"@id\":\"https:\\\/\\\/international-funeral.com\\\/ueber-uns\\\/\",\"url\":\"https:\\\/\\\/international-funeral.com\\\/ueber-uns\\\/\",\"name\":\"\u00dcber uns \u2013 Internationale \u00dcberf\u00fchrungen weltweit erkl\u00e4rt\",\"isPartOf\":{\"@id\":\"https:\\\/\\\/international-funeral.com\\\/#website\"},\"primaryImageOfPage\":{\"@id\":\"https:\\\/\\\/international-funeral.com\\\/ueber-uns\\\/#primaryimage\"},\"image\":{\"@id\":\"https:\\\/\\\/international-funeral.com\\\/ueber-uns\\\/#primaryimage\"},\"thumbnailUrl\":\"https:\\\/\\\/international-funeral.com\\\/wp-content\\\/uploads\\\/2025\\\/04\\\/Leonardo_Phoenix_10_A_bright_and_minimal_sunrise_scene_with_so_0.jpg\",\"datePublished\":\"2025-04-16T12:43:00+00:00\",\"dateModified\":\"2025-05-23T11:51:28+00:00\",\"description\":\"Ihr Partner f\u00fcr weltweite \u00dcberf\u00fchrungen im Todesfall: Mehrsprachige Betreuung & komplette Organisation sicher & piet\u00e4tvoll.\",\"breadcrumb\":{\"@id\":\"https:\\\/\\\/international-funeral.com\\\/ueber-uns\\\/#breadcrumb\"},\"inLanguage\":\"es\",\"potentialAction\":[{\"@type\":\"ReadAction\",\"target\":[\"https:\\\/\\\/international-funeral.com\\\/ueber-uns\\\/\"]}]},{\"@type\":\"ImageObject\",\"inLanguage\":\"es\",\"@id\":\"https:\\\/\\\/international-funeral.com\\\/ueber-uns\\\/#primaryimage\",\"url\":\"https:\\\/\\\/international-funeral.com\\\/wp-content\\\/uploads\\\/2025\\\/04\\\/Leonardo_Phoenix_10_A_bright_and_minimal_sunrise_scene_with_so_0.jpg\",\"contentUrl\":\"https:\\\/\\\/international-funeral.com\\\/wp-content\\\/uploads\\\/2025\\\/04\\\/Leonardo_Phoenix_10_A_bright_and_minimal_sunrise_scene_with_so_0.jpg\",\"width\":2560,\"height\":1920},{\"@type\":\"BreadcrumbList\",\"@id\":\"https:\\\/\\\/international-funeral.com\\\/ueber-uns\\\/#breadcrumb\",\"itemListElement\":[{\"@type\":\"ListItem\",\"position\":1,\"name\":\"Startseite\",\"item\":\"https:\\\/\\\/international-funeral.com\\\/\"},{\"@type\":\"ListItem\",\"position\":2,\"name\":\"\u00dcber uns\"}]},{\"@type\":\"WebSite\",\"@id\":\"https:\\\/\\\/international-funeral.com\\\/#website\",\"url\":\"https:\\\/\\\/international-funeral.com\\\/\",\"name\":\"international-funeral.com\",\"description\":\"Pompes Fun\u00e9bres |\u00a0Funeral Home | Wordwide Transfers\",\"publisher\":{\"@id\":\"https:\\\/\\\/international-funeral.com\\\/#organization\"},\"potentialAction\":[{\"@type\":\"SearchAction\",\"target\":{\"@type\":\"EntryPoint\",\"urlTemplate\":\"https:\\\/\\\/international-funeral.com\\\/?s={search_term_string}\"},\"query-input\":{\"@type\":\"PropertyValueSpecification\",\"valueRequired\":true,\"valueName\":\"search_term_string\"}}],\"inLanguage\":\"es\"},{\"@type\":\"Organization\",\"@id\":\"https:\\\/\\\/international-funeral.com\\\/#organization\",\"name\":\"international-funeral.com\",\"url\":\"https:\\\/\\\/international-funeral.com\\\/\",\"logo\":{\"@type\":\"ImageObject\",\"inLanguage\":\"es\",\"@id\":\"https:\\\/\\\/international-funeral.com\\\/#\\\/schema\\\/logo\\\/image\\\/\",\"url\":\"https:\\\/\\\/international-funeral.com\\\/wp-content\\\/uploads\\\/2025\\\/05\\\/if_logo_pos.png\",\"contentUrl\":\"https:\\\/\\\/international-funeral.com\\\/wp-content\\\/uploads\\\/2025\\\/05\\\/if_logo_pos.png\",\"width\":1890,\"height\":543,\"caption\":\"international-funeral.com\"},\"image\":{\"@id\":\"https:\\\/\\\/international-funeral.com\\\/#\\\/schema\\\/logo\\\/image\\\/\"}}]}<\/script>\n<!-- \/ Yoast SEO plugin. -->","yoast_head_json":{"title":"Qui\u00e9nes somos - Explicaci\u00f3n de las transferencias internacionales en todo el mundo","description":"Su socio para repatriaciones en todo el mundo en caso de fallecimiento: asistencia multiling\u00fce y organizaci\u00f3n completa, segura y reverente.","robots":{"index":"index","follow":"follow","max-snippet":"max-snippet:-1","max-image-preview":"max-image-preview:large","max-video-preview":"max-video-preview:-1"},"canonical":"https:\/\/international-funeral.com\/es\/acerca-de-nosotros-2\/","og_locale":"es_ES","og_type":"article","og_title":"\u00dcber uns \u2013 Internationale \u00dcberf\u00fchrungen weltweit erkl\u00e4rt","og_description":"Ihr Partner f\u00fcr weltweite \u00dcberf\u00fchrungen im Todesfall: Mehrsprachige Betreuung & komplette Organisation sicher & piet\u00e4tvoll.","og_url":"https:\/\/international-funeral.com\/es\/acerca-de-nosotros-2\/","og_site_name":"international-funeral.com","article_modified_time":"2025-05-23T11:51:28+00:00","og_image":[{"width":2560,"height":1920,"url":"https:\/\/international-funeral.com\/wp-content\/uploads\/2025\/04\/Leonardo_Phoenix_10_A_bright_and_minimal_sunrise_scene_with_so_0.jpg","type":"image\/jpeg"}],"twitter_card":"summary_large_image","twitter_misc":{"Tiempo de lectura":"2 minutos"},"schema":{"@context":"https:\/\/schema.org","@graph":[{"@type":"WebPage","@id":"https:\/\/international-funeral.com\/ueber-uns\/","url":"https:\/\/international-funeral.com\/ueber-uns\/","name":"Qui\u00e9nes somos - Explicaci\u00f3n de las transferencias internacionales en todo el mundo","isPartOf":{"@id":"https:\/\/international-funeral.com\/#website"},"primaryImageOfPage":{"@id":"https:\/\/international-funeral.com\/ueber-uns\/#primaryimage"},"image":{"@id":"https:\/\/international-funeral.com\/ueber-uns\/#primaryimage"},"thumbnailUrl":"https:\/\/international-funeral.com\/wp-content\/uploads\/2025\/04\/Leonardo_Phoenix_10_A_bright_and_minimal_sunrise_scene_with_so_0.jpg","datePublished":"2025-04-16T12:43:00+00:00","dateModified":"2025-05-23T11:51:28+00:00","description":"Su socio para repatriaciones en todo el mundo en caso de fallecimiento: asistencia multiling\u00fce y organizaci\u00f3n completa, segura y reverente.","breadcrumb":{"@id":"https:\/\/international-funeral.com\/ueber-uns\/#breadcrumb"},"inLanguage":"es","potentialAction":[{"@type":"ReadAction","target":["https:\/\/international-funeral.com\/ueber-uns\/"]}]},{"@type":"ImageObject","inLanguage":"es","@id":"https:\/\/international-funeral.com\/ueber-uns\/#primaryimage","url":"https:\/\/international-funeral.com\/wp-content\/uploads\/2025\/04\/Leonardo_Phoenix_10_A_bright_and_minimal_sunrise_scene_with_so_0.jpg","contentUrl":"https:\/\/international-funeral.com\/wp-content\/uploads\/2025\/04\/Leonardo_Phoenix_10_A_bright_and_minimal_sunrise_scene_with_so_0.jpg","width":2560,"height":1920},{"@type":"BreadcrumbList","@id":"https:\/\/international-funeral.com\/ueber-uns\/#breadcrumb","itemListElement":[{"@type":"ListItem","position":1,"name":"Startseite","item":"https:\/\/international-funeral.com\/"},{"@type":"ListItem","position":2,"name":"\u00dcber uns"}]},{"@type":"WebSite","@id":"https:\/\/international-funeral.com\/#website","url":"https:\/\/international-funeral.com\/","name":"international-funeral.com","description":"Pompes Fun\u00e9bres | Funeraria | Traslados internacionales","publisher":{"@id":"https:\/\/international-funeral.com\/#organization"},"potentialAction":[{"@type":"SearchAction","target":{"@type":"EntryPoint","urlTemplate":"https:\/\/international-funeral.com\/?s={search_term_string}"},"query-input":{"@type":"PropertyValueSpecification","valueRequired":true,"valueName":"search_term_string"}}],"inLanguage":"es"},{"@type":"Organization","@id":"https:\/\/international-funeral.com\/#organization","name":"international-funeral.com","url":"https:\/\/international-funeral.com\/","logo":{"@type":"ImageObject","inLanguage":"es","@id":"https:\/\/international-funeral.com\/#\/schema\/logo\/image\/","url":"https:\/\/international-funeral.com\/wp-content\/uploads\/2025\/05\/if_logo_pos.png","contentUrl":"https:\/\/international-funeral.com\/wp-content\/uploads\/2025\/05\/if_logo_pos.png","width":1890,"height":543,"caption":"international-funeral.com"},"image":{"@id":"https:\/\/international-funeral.com\/#\/schema\/logo\/image\/"}}]}},"_links":{"self":[{"href":"https:\/\/international-funeral.com\/es\/wp-json\/wp\/v2\/pages\/2692","targetHints":{"allow":["GET"]}}],"collection":[{"href":"https:\/\/international-funeral.com\/es\/wp-json\/wp\/v2\/pages"}],"about":[{"href":"https:\/\/international-funeral.com\/es\/wp-json\/wp\/v2\/types\/page"}],"author":[{"embeddable":true,"href":"https:\/\/international-funeral.com\/es\/wp-json\/wp\/v2\/users\/1"}],"replies":[{"embeddable":true,"href":"https:\/\/international-funeral.com\/es\/wp-json\/wp\/v2\/comments?post=2692"}],"version-history":[{"count":10,"href":"https:\/\/international-funeral.com\/es\/wp-json\/wp\/v2\/pages\/2692\/revisions"}],"predecessor-version":[{"id":2817,"href":"https:\/\/international-funeral.com\/es\/wp-json\/wp\/v2\/pages\/2692\/revisions\/2817"}],"wp:featuredmedia":[{"embeddable":true,"href":"https:\/\/international-funeral.com\/es\/wp-json\/wp\/v2\/media\/1890"}],"wp:attachment":[{"href":"https:\/\/international-funeral.com\/es\/wp-json\/wp\/v2\/media?parent=2692"}],"curies":[{"name":"wp","href":"https:\/\/api.w.org\/{rel}","templated":true}]}}