{"id":2434,"date":"2025-04-13T19:21:21","date_gmt":"2025-04-13T17:21:21","guid":{"rendered":"https:\/\/international-funeral.com\/?page_id=2434"},"modified":"2025-05-23T13:57:04","modified_gmt":"2025-05-23T11:57:04","slug":"europa","status":"publish","type":"page","link":"https:\/\/international-funeral.com\/es\/ueberfuehrung\/europa\/","title":{"rendered":"Europa"},"content":{"rendered":"<div data-elementor-type=\"wp-page\" data-elementor-id=\"2434\" class=\"elementor elementor-2434\" data-elementor-post-type=\"page\">\n\t\t\t\t<div class=\"elementor-element elementor-element-574f422 e-con-full e-flex e-con e-parent\" data-id=\"574f422\" data-element_type=\"container\" data-e-type=\"container\">\n\t\t\t\t<div class=\"elementor-element elementor-element-87be24c elementor-widget elementor-widget-heading\" data-id=\"87be24c\" data-element_type=\"widget\" data-e-type=\"widget\" data-widget_type=\"heading.default\">\n\t\t\t\t<div class=\"elementor-widget-container\">\n\t\t\t\t\t<h1 class=\"elementor-heading-title elementor-size-default\">Transferencias a la UE: R\u00e1pidas, reguladas y con un instinto seguro<\/h1>\t\t\t\t<\/div>\n\t\t\t\t<\/div>\n\t\t\t\t<div class=\"elementor-element elementor-element-e8d6e67 elementor-widget elementor-widget-text-editor\" data-id=\"e8d6e67\" data-element_type=\"widget\" data-e-type=\"widget\" data-widget_type=\"text-editor.default\">\n\t\t\t\t<div class=\"elementor-widget-container\">\n\t\t\t\t\t\t\t\t\tUn fallecimiento dentro de la Uni\u00f3n Europea suele conllevar menos trabas burocr\u00e1ticas que fuera de Europa, pero sigue habiendo muchas normas que cumplir.\nComo especialistas en traslados dentro de la UE, conocemos las normativas espec\u00edficas de cada pa\u00eds, colaboramos con empresas funerarias con experiencia en toda Europa y le acompa\u00f1amos a lo largo de todo el proceso: con humanidad, competencia y fiabilidad.\t\t\t\t\t\t\t\t<\/div>\n\t\t\t\t<\/div>\n\t\t\t\t<div class=\"elementor-element elementor-element-871119d elementor-widget elementor-widget-heading\" data-id=\"871119d\" data-element_type=\"widget\" data-e-type=\"widget\" data-widget_type=\"heading.default\">\n\t\t\t\t<div class=\"elementor-widget-container\">\n\t\t\t\t\t<h2 class=\"elementor-heading-title elementor-size-default\">Sus ventajas para las transferencias dentro de la UE<\/h2>\t\t\t\t<\/div>\n\t\t\t\t<\/div>\n\t\t\t\t<div class=\"elementor-element elementor-element-8341f7d elementor-widget elementor-widget-text-editor\" data-id=\"8341f7d\" data-element_type=\"widget\" data-e-type=\"widget\" data-widget_type=\"text-editor.default\">\n\t\t\t\t<div class=\"elementor-widget-container\">\n\t\t\t\t\t\t\t\t\t<p>Se beneficia de procedimientos simplificados para las repatriaciones o repatriaciones al extranjero a pa\u00edses de la UE. Sin embargo, tambi\u00e9n hay que tener en cuenta algunos aspectos, como la elecci\u00f3n del medio de transporte (terrestre o a\u00e9reo), los tr\u00e1mites y el idioma.<br \/>Le ofrecemos:<\/p><ul><li>Transferencia r\u00e1pida gracias a las distancias cortas<\/li><li>Comunicaci\u00f3n directa con las autoridades en el idioma local<\/li><li>Soporte para todos los documentos (tambi\u00e9n multiling\u00fce)<\/li><li>Conocimiento de toda la normativa vigente de la UE<br \/><br \/><\/li><\/ul><p>Prestamos especial atenci\u00f3n a un enfoque digno y a los deseos individuales de los familiares, incluso en el caso de requisitos influenciados culturalmente.<\/p>\t\t\t\t\t\t\t\t<\/div>\n\t\t\t\t<\/div>\n\t\t\t\t<div class=\"elementor-element elementor-element-fe0201f elementor-widget elementor-widget-heading\" data-id=\"fe0201f\" data-element_type=\"widget\" data-e-type=\"widget\" data-widget_type=\"heading.default\">\n\t\t\t\t<div class=\"elementor-widget-container\">\n\t\t\t\t\t<h3 class=\"elementor-heading-title elementor-size-default\">Cuando realizamos transferencias dentro de la UE<\/h3>\t\t\t\t<\/div>\n\t\t\t\t<\/div>\n\t\t\t\t<div class=\"elementor-element elementor-element-6576b63 elementor-widget elementor-widget-text-editor\" data-id=\"6576b63\" data-element_type=\"widget\" data-e-type=\"widget\" data-widget_type=\"text-editor.default\">\n\t\t\t\t<div class=\"elementor-widget-container\">\n\t\t\t\t\t\t\t\t\t<p>Organizamos con regularidad traslados dentro de la UE y desde ella, incluidos:<\/p><ul><li>Polonia, Ruman\u00eda, Bulgaria, Croacia<\/li><li>Francia, Espa\u00f1a, Italia, Grecia<\/li><li>Pa\u00edses escandinavos como Dinamarca, Suecia y Finlandia<\/li><li>Benelux y regiones lim\u00edtrofes (B\u00e9lgica, Pa\u00edses Bajos, Luxemburgo)<\/li><li>y mucho m\u00e1s.<\/li><\/ul><p>\u00a0<\/p><p>Nuestra red de socios europeos permite una repatriaci\u00f3n r\u00e1pida, digna y segura, en pocos d\u00edas y con apoyo continuo.<\/p><p>M\u00e1s informaci\u00f3n sobre las transferencias a la UE<\/p>\t\t\t\t\t\t\t\t<\/div>\n\t\t\t\t<\/div>\n\t\t\t\t<\/div>\n\t\t\t\t<\/div>","protected":false},"excerpt":{"rendered":"<p>EU-\u00dcberf\u00fchrungen: Schnell, geregelt und mit Fingerspitzengef\u00fchl Ein Todesfall innerhalb der Europ\u00e4ischen Union bedeutet zwar oft weniger b\u00fcrokratische H\u00fcrden als au\u00dferhalb Europas \u2013 dennoch sind viele Regularien zu beachten. Als Spezialist f\u00fcr EU-\u00dcberf\u00fchrungen kennen wir die l\u00e4nderspezifischen Vorschriften, arbeiten mit erfahrenen Bestattungsunternehmen europaweit zusammen und begleiten Sie durch den gesamten Prozess \u2013 menschlich, kompetent und zuverl\u00e4ssig. [&hellip;]<\/p>\n","protected":false},"author":1,"featured_media":0,"parent":167,"menu_order":0,"comment_status":"closed","ping_status":"closed","template":"","meta":{"_acf_changed":false,"footnotes":""},"class_list":["post-2434","page","type-page","status-publish","hentry"],"acf":[],"yoast_head":"<!-- This site is optimized with the Yoast SEO plugin v27.5 - https:\/\/yoast.com\/product\/yoast-seo-wordpress\/ -->\n<title>EU-\u00dcberf\u00fchrungen im Todesfall | Schnell &amp; geregelt begleitet<\/title>\n<meta name=\"description\" content=\"Schnelle, sichere R\u00fcckf\u00fchrungen innerhalb der EU, mit Erfahrung, Sprachexpertise &amp; Kenntnis aller Regularien. Wir begleiten Sie zuverl\u00e4ssig.\" \/>\n<meta name=\"robots\" content=\"index, follow, max-snippet:-1, max-image-preview:large, max-video-preview:-1\" \/>\n<link rel=\"canonical\" href=\"https:\/\/international-funeral.com\/es\/transferencia\/europa\/\" \/>\n<meta property=\"og:locale\" content=\"es_ES\" \/>\n<meta property=\"og:type\" content=\"article\" \/>\n<meta property=\"og:title\" content=\"EU-\u00dcberf\u00fchrungen im Todesfall | Schnell &amp; geregelt begleitet\" \/>\n<meta property=\"og:description\" content=\"Schnelle, sichere R\u00fcckf\u00fchrungen innerhalb der EU, mit Erfahrung, Sprachexpertise &amp; Kenntnis aller Regularien. Wir begleiten Sie zuverl\u00e4ssig.\" \/>\n<meta property=\"og:url\" content=\"https:\/\/international-funeral.com\/es\/transferencia\/europa\/\" \/>\n<meta property=\"og:site_name\" content=\"international-funeral.com\" \/>\n<meta property=\"article:modified_time\" content=\"2025-05-23T11:57:04+00:00\" \/>\n<meta name=\"twitter:card\" content=\"summary_large_image\" \/>\n<meta name=\"twitter:label1\" content=\"Tiempo de lectura\" \/>\n\t<meta name=\"twitter:data1\" content=\"2 minutos\" \/>\n<script type=\"application\/ld+json\" class=\"yoast-schema-graph\">{\"@context\":\"https:\\\/\\\/schema.org\",\"@graph\":[{\"@type\":\"WebPage\",\"@id\":\"https:\\\/\\\/international-funeral.com\\\/ueberfuehrung\\\/europa\\\/\",\"url\":\"https:\\\/\\\/international-funeral.com\\\/ueberfuehrung\\\/europa\\\/\",\"name\":\"EU-\u00dcberf\u00fchrungen im Todesfall | Schnell & geregelt begleitet\",\"isPartOf\":{\"@id\":\"https:\\\/\\\/international-funeral.com\\\/#website\"},\"datePublished\":\"2025-04-13T17:21:21+00:00\",\"dateModified\":\"2025-05-23T11:57:04+00:00\",\"description\":\"Schnelle, sichere R\u00fcckf\u00fchrungen innerhalb der EU, mit Erfahrung, Sprachexpertise & Kenntnis aller Regularien. Wir begleiten Sie zuverl\u00e4ssig.\",\"breadcrumb\":{\"@id\":\"https:\\\/\\\/international-funeral.com\\\/ueberfuehrung\\\/europa\\\/#breadcrumb\"},\"inLanguage\":\"es\",\"potentialAction\":[{\"@type\":\"ReadAction\",\"target\":[\"https:\\\/\\\/international-funeral.com\\\/ueberfuehrung\\\/europa\\\/\"]}]},{\"@type\":\"BreadcrumbList\",\"@id\":\"https:\\\/\\\/international-funeral.com\\\/ueberfuehrung\\\/europa\\\/#breadcrumb\",\"itemListElement\":[{\"@type\":\"ListItem\",\"position\":1,\"name\":\"Startseite\",\"item\":\"https:\\\/\\\/international-funeral.com\\\/\"},{\"@type\":\"ListItem\",\"position\":2,\"name\":\"Weltweite \u00dcberf\u00fchrungen\",\"item\":\"https:\\\/\\\/international-funeral.com\\\/ueberfuehrung\\\/\"},{\"@type\":\"ListItem\",\"position\":3,\"name\":\"Europa\"}]},{\"@type\":\"WebSite\",\"@id\":\"https:\\\/\\\/international-funeral.com\\\/#website\",\"url\":\"https:\\\/\\\/international-funeral.com\\\/\",\"name\":\"international-funeral.com\",\"description\":\"Pompes Fun\u00e9bres |\u00a0Funeral Home | Wordwide Transfers\",\"publisher\":{\"@id\":\"https:\\\/\\\/international-funeral.com\\\/#organization\"},\"potentialAction\":[{\"@type\":\"SearchAction\",\"target\":{\"@type\":\"EntryPoint\",\"urlTemplate\":\"https:\\\/\\\/international-funeral.com\\\/?s={search_term_string}\"},\"query-input\":{\"@type\":\"PropertyValueSpecification\",\"valueRequired\":true,\"valueName\":\"search_term_string\"}}],\"inLanguage\":\"es\"},{\"@type\":\"Organization\",\"@id\":\"https:\\\/\\\/international-funeral.com\\\/#organization\",\"name\":\"international-funeral.com\",\"url\":\"https:\\\/\\\/international-funeral.com\\\/\",\"logo\":{\"@type\":\"ImageObject\",\"inLanguage\":\"es\",\"@id\":\"https:\\\/\\\/international-funeral.com\\\/#\\\/schema\\\/logo\\\/image\\\/\",\"url\":\"https:\\\/\\\/international-funeral.com\\\/wp-content\\\/uploads\\\/2025\\\/05\\\/if_logo_pos.png\",\"contentUrl\":\"https:\\\/\\\/international-funeral.com\\\/wp-content\\\/uploads\\\/2025\\\/05\\\/if_logo_pos.png\",\"width\":1890,\"height\":543,\"caption\":\"international-funeral.com\"},\"image\":{\"@id\":\"https:\\\/\\\/international-funeral.com\\\/#\\\/schema\\\/logo\\\/image\\\/\"}}]}<\/script>\n<!-- \/ Yoast SEO plugin. -->","yoast_head_json":{"title":"Transferencias de la UE en caso de fallecimiento | Asistencia r\u00e1pida y organizada","description":"Repatriaciones r\u00e1pidas y seguras dentro de la UE, con experiencia, conocimientos ling\u00fc\u00edsticos y de todas las normativas. Le acompa\u00f1amos de forma fiable.","robots":{"index":"index","follow":"follow","max-snippet":"max-snippet:-1","max-image-preview":"max-image-preview:large","max-video-preview":"max-video-preview:-1"},"canonical":"https:\/\/international-funeral.com\/es\/transferencia\/europa\/","og_locale":"es_ES","og_type":"article","og_title":"EU-\u00dcberf\u00fchrungen im Todesfall | Schnell & geregelt begleitet","og_description":"Schnelle, sichere R\u00fcckf\u00fchrungen innerhalb der EU, mit Erfahrung, Sprachexpertise & Kenntnis aller Regularien. Wir begleiten Sie zuverl\u00e4ssig.","og_url":"https:\/\/international-funeral.com\/es\/transferencia\/europa\/","og_site_name":"international-funeral.com","article_modified_time":"2025-05-23T11:57:04+00:00","twitter_card":"summary_large_image","twitter_misc":{"Tiempo de lectura":"2 minutos"},"schema":{"@context":"https:\/\/schema.org","@graph":[{"@type":"WebPage","@id":"https:\/\/international-funeral.com\/ueberfuehrung\/europa\/","url":"https:\/\/international-funeral.com\/ueberfuehrung\/europa\/","name":"Transferencias de la UE en caso de fallecimiento | Asistencia r\u00e1pida y organizada","isPartOf":{"@id":"https:\/\/international-funeral.com\/#website"},"datePublished":"2025-04-13T17:21:21+00:00","dateModified":"2025-05-23T11:57:04+00:00","description":"Repatriaciones r\u00e1pidas y seguras dentro de la UE, con experiencia, conocimientos ling\u00fc\u00edsticos y de todas las normativas. Le acompa\u00f1amos de forma fiable.","breadcrumb":{"@id":"https:\/\/international-funeral.com\/ueberfuehrung\/europa\/#breadcrumb"},"inLanguage":"es","potentialAction":[{"@type":"ReadAction","target":["https:\/\/international-funeral.com\/ueberfuehrung\/europa\/"]}]},{"@type":"BreadcrumbList","@id":"https:\/\/international-funeral.com\/ueberfuehrung\/europa\/#breadcrumb","itemListElement":[{"@type":"ListItem","position":1,"name":"Startseite","item":"https:\/\/international-funeral.com\/"},{"@type":"ListItem","position":2,"name":"Weltweite \u00dcberf\u00fchrungen","item":"https:\/\/international-funeral.com\/ueberfuehrung\/"},{"@type":"ListItem","position":3,"name":"Europa"}]},{"@type":"WebSite","@id":"https:\/\/international-funeral.com\/#website","url":"https:\/\/international-funeral.com\/","name":"international-funeral.com","description":"Pompes Fun\u00e9bres | Funeraria | Traslados internacionales","publisher":{"@id":"https:\/\/international-funeral.com\/#organization"},"potentialAction":[{"@type":"SearchAction","target":{"@type":"EntryPoint","urlTemplate":"https:\/\/international-funeral.com\/?s={search_term_string}"},"query-input":{"@type":"PropertyValueSpecification","valueRequired":true,"valueName":"search_term_string"}}],"inLanguage":"es"},{"@type":"Organization","@id":"https:\/\/international-funeral.com\/#organization","name":"international-funeral.com","url":"https:\/\/international-funeral.com\/","logo":{"@type":"ImageObject","inLanguage":"es","@id":"https:\/\/international-funeral.com\/#\/schema\/logo\/image\/","url":"https:\/\/international-funeral.com\/wp-content\/uploads\/2025\/05\/if_logo_pos.png","contentUrl":"https:\/\/international-funeral.com\/wp-content\/uploads\/2025\/05\/if_logo_pos.png","width":1890,"height":543,"caption":"international-funeral.com"},"image":{"@id":"https:\/\/international-funeral.com\/#\/schema\/logo\/image\/"}}]}},"_links":{"self":[{"href":"https:\/\/international-funeral.com\/es\/wp-json\/wp\/v2\/pages\/2434","targetHints":{"allow":["GET"]}}],"collection":[{"href":"https:\/\/international-funeral.com\/es\/wp-json\/wp\/v2\/pages"}],"about":[{"href":"https:\/\/international-funeral.com\/es\/wp-json\/wp\/v2\/types\/page"}],"author":[{"embeddable":true,"href":"https:\/\/international-funeral.com\/es\/wp-json\/wp\/v2\/users\/1"}],"replies":[{"embeddable":true,"href":"https:\/\/international-funeral.com\/es\/wp-json\/wp\/v2\/comments?post=2434"}],"version-history":[{"count":6,"href":"https:\/\/international-funeral.com\/es\/wp-json\/wp\/v2\/pages\/2434\/revisions"}],"predecessor-version":[{"id":3069,"href":"https:\/\/international-funeral.com\/es\/wp-json\/wp\/v2\/pages\/2434\/revisions\/3069"}],"up":[{"embeddable":true,"href":"https:\/\/international-funeral.com\/es\/wp-json\/wp\/v2\/pages\/167"}],"wp:attachment":[{"href":"https:\/\/international-funeral.com\/es\/wp-json\/wp\/v2\/media?parent=2434"}],"curies":[{"name":"wp","href":"https:\/\/api.w.org\/{rel}","templated":true}]}}