{"id":210,"date":"2023-12-19T17:16:39","date_gmt":"2023-12-19T16:16:39","guid":{"rendered":"https:\/\/international-funeral.com\/?page_id=210"},"modified":"2025-05-23T14:05:46","modified_gmt":"2025-05-23T12:05:46","slug":"pongase-en-contacto-con","status":"publish","type":"page","link":"https:\/\/international-funeral.com\/es\/kontakt\/","title":{"rendered":"Contacto"},"content":{"rendered":"\t\t<div data-elementor-type=\"wp-page\" data-elementor-id=\"210\" class=\"elementor elementor-210\" data-elementor-post-type=\"page\">\n\t\t\t\t<div class=\"elementor-element elementor-element-f569ab6 e-flex e-con-boxed e-con e-parent\" data-id=\"f569ab6\" data-element_type=\"container\" data-e-type=\"container\">\n\t\t\t\t\t<div class=\"e-con-inner\">\n\t\t<div class=\"elementor-element elementor-element-39c726d e-flex e-con-boxed e-con e-child\" data-id=\"39c726d\" data-element_type=\"container\" data-e-type=\"container\" data-settings=\"{&quot;background_background&quot;:&quot;classic&quot;}\">\n\t\t\t\t\t<div class=\"e-con-inner\">\n\t\t\t\t<div class=\"elementor-element elementor-element-a245cee elementor-widget elementor-widget-heading\" data-id=\"a245cee\" data-element_type=\"widget\" data-e-type=\"widget\" data-widget_type=\"heading.default\">\n\t\t\t\t<div class=\"elementor-widget-container\">\n\t\t\t\t\t<h2 class=\"elementor-heading-title elementor-size-default\">So erreichen Sie uns<\/h2>\t\t\t\t<\/div>\n\t\t\t\t<\/div>\n\t\t\t\t<div class=\"elementor-element elementor-element-e379b16 elementor-icon-list--layout-traditional elementor-list-item-link-full_width elementor-widget elementor-widget-icon-list\" data-id=\"e379b16\" data-element_type=\"widget\" data-e-type=\"widget\" data-widget_type=\"icon-list.default\">\n\t\t\t\t<div class=\"elementor-widget-container\">\n\t\t\t\t\t\t\t<ul class=\"elementor-icon-list-items\">\n\t\t\t\t\t\t\t<li class=\"elementor-icon-list-item\">\n\t\t\t\t\t\t\t\t\t\t<span class=\"elementor-icon-list-text\">Ansprechpartner: Fr\u00e9d\u00e9ric Vo Van<\/span>\n\t\t\t\t\t\t\t\t\t<\/li>\n\t\t\t\t\t\t\t\t<li class=\"elementor-icon-list-item\">\n\t\t\t\t\t\t\t\t\t\t<span class=\"elementor-icon-list-text\">Firma: IF International Funeral e.K.<\/span>\n\t\t\t\t\t\t\t\t\t<\/li>\n\t\t\t\t\t\t\t\t<li class=\"elementor-icon-list-item\">\n\t\t\t\t\t\t\t\t\t\t<span class=\"elementor-icon-list-text\">Anschrift: Spandauer Damm 111<\/span>\n\t\t\t\t\t\t\t\t\t<\/li>\n\t\t\t\t\t\t\t\t<li class=\"elementor-icon-list-item\">\n\t\t\t\t\t\t\t\t\t\t<span class=\"elementor-icon-list-text\">Postleitzahl: 14059 Berlin<\/span>\n\t\t\t\t\t\t\t\t\t<\/li>\n\t\t\t\t\t\t\t\t<li class=\"elementor-icon-list-item\">\n\t\t\t\t\t\t\t\t\t\t<span class=\"elementor-icon-list-text\">Rufnummer: +49 (0)30 3433 25 66<\/span>\n\t\t\t\t\t\t\t\t\t<\/li>\n\t\t\t\t\t\t<\/ul>\n\t\t\t\t\t\t<\/div>\n\t\t\t\t<\/div>\n\t\t\t\t\t<\/div>\n\t\t\t\t<\/div>\n\t\t\t\t<div class=\"elementor-element elementor-element-88b25a5 elementor-button-align-start elementor-widget elementor-widget-form\" data-id=\"88b25a5\" data-element_type=\"widget\" data-e-type=\"widget\" data-settings=\"{&quot;step_next_label&quot;:&quot;N\\u00e4chster&quot;,&quot;step_previous_label&quot;:&quot;Voriger&quot;,&quot;button_width&quot;:&quot;100&quot;,&quot;step_type&quot;:&quot;number_text&quot;,&quot;step_icon_shape&quot;:&quot;circle&quot;}\" data-widget_type=\"form.default\">\n\t\t\t\t<div class=\"elementor-widget-container\">\n\t\t\t\t\t\t\t<form class=\"elementor-form\" method=\"post\" id=\"Kontaktformular\" name=\"Kontaktformular\" aria-label=\"Kontaktformular\">\n\t\t\t<input type=\"hidden\" name=\"post_id\" value=\"210\"\/>\n\t\t\t<input type=\"hidden\" name=\"form_id\" value=\"88b25a5\"\/>\n\t\t\t<input type=\"hidden\" name=\"referer_title\" value=\"international-funeral.com\" \/>\n\n\t\t\t\n\t\t\t<div class=\"elementor-form-fields-wrapper elementor-labels-above\">\n\t\t\t\t\t\t\t\t<div class=\"elementor-field-type-text elementor-field-group elementor-column elementor-field-group-name elementor-col-50 elementor-field-required elementor-mark-required\">\n\t\t\t\t\t\t\t\t\t\t\t\t<label for=\"form-field-name\" class=\"elementor-field-label\">\n\t\t\t\t\t\t\t\tIhr Name\t\t\t\t\t\t\t<\/label>\n\t\t\t\t\t\t\t\t\t\t\t\t\t\t<input size=\"1\" type=\"text\" name=\"form_fields[name]\" id=\"form-field-name\" class=\"elementor-field elementor-size-sm  elementor-field-textual\" placeholder=\"z.B. Max Mustermann...\" required=\"required\">\n\t\t\t\t\t\t\t\t\t\t\t<\/div>\n\t\t\t\t\t\t\t\t<div class=\"elementor-field-type-email elementor-field-group elementor-column elementor-field-group-email elementor-col-50 elementor-field-required elementor-mark-required\">\n\t\t\t\t\t\t\t\t\t\t\t\t<label for=\"form-field-email\" class=\"elementor-field-label\">\n\t\t\t\t\t\t\t\tIhre E-Mail\t\t\t\t\t\t\t<\/label>\n\t\t\t\t\t\t\t\t\t\t\t\t\t\t<input size=\"1\" type=\"email\" name=\"form_fields[email]\" id=\"form-field-email\" class=\"elementor-field elementor-size-sm  elementor-field-textual\" placeholder=\"z.B. max@mustermann.de\" required=\"required\">\n\t\t\t\t\t\t\t\t\t\t\t<\/div>\n\t\t\t\t\t\t\t\t<div class=\"elementor-field-type-tel elementor-field-group elementor-column elementor-field-group-field_1 elementor-col-50\">\n\t\t\t\t\t\t\t\t\t\t\t\t<label for=\"form-field-field_1\" class=\"elementor-field-label\">\n\t\t\t\t\t\t\t\tIhre Rufnummer\t\t\t\t\t\t\t<\/label>\n\t\t\t\t\t\t\t\t<input size=\"1\" type=\"tel\" name=\"form_fields[field_1]\" id=\"form-field-field_1\" class=\"elementor-field elementor-size-sm  elementor-field-textual\" placeholder=\"...\" pattern=\"[0-9()#&amp;+*-=.]+\" title=\"Solo se aceptan n\u00fameros y caracteres de tel\u00e9fono (#,-,*,etc).\">\n\n\t\t\t\t\t\t<\/div>\n\t\t\t\t\t\t\t\t<div class=\"elementor-field-type-text elementor-field-group elementor-column elementor-field-group-field_2 elementor-col-50\">\n\t\t\t\t\t\t\t\t\t\t\t\t<label for=\"form-field-field_2\" class=\"elementor-field-label\">\n\t\t\t\t\t\t\t\tIhre Anschrift\t\t\t\t\t\t\t<\/label>\n\t\t\t\t\t\t\t\t\t\t\t\t\t\t<input size=\"1\" type=\"text\" name=\"form_fields[field_2]\" id=\"form-field-field_2\" class=\"elementor-field elementor-size-sm  elementor-field-textual\" placeholder=\"---\">\n\t\t\t\t\t\t\t\t\t\t\t<\/div>\n\t\t\t\t\t\t\t\t<div class=\"elementor-field-type-textarea elementor-field-group elementor-column elementor-field-group-message elementor-col-100\">\n\t\t\t\t\t\t\t\t\t\t\t\t<label for=\"form-field-message\" class=\"elementor-field-label\">\n\t\t\t\t\t\t\t\tIhre Nachricht an uns\t\t\t\t\t\t\t<\/label>\n\t\t\t\t\t\t<textarea class=\"elementor-field-textual elementor-field  elementor-size-sm\" name=\"form_fields[message]\" id=\"form-field-message\" rows=\"6\" placeholder=\"Lassen Sie uns eine Nachricht da...\"><\/textarea>\t\t\t\t<\/div>\n\t\t\t\t\t\t\t\t<div class=\"elementor-field-type-upload elementor-field-group elementor-column elementor-field-group-field_e591ffe elementor-col-100\">\n\t\t\t\t\t\t\t\t\t\t\t\t<label for=\"form-field-field_e591ffe\" class=\"elementor-field-label\">\n\t\t\t\t\t\t\t\tUpload von Daten\t\t\t\t\t\t\t<\/label>\n\t\t\t\t\t\t\t\t<input type=\"file\" name=\"form_fields[field_e591ffe][]\" id=\"form-field-field_e591ffe\" class=\"elementor-field elementor-size-sm  elementor-upload-field\" multiple=\"multiple\" data-maxsize=\"15\" data-maxsize-message=\"Este archivo excede el tama\u00f1o m\u00e1ximo permitido.\">\n\n\t\t\t\t\t\t<\/div>\n\t\t\t\t\t\t\t\t<div class=\"elementor-field-type-html elementor-field-group elementor-column elementor-field-group-field_82b2ee5 elementor-col-100\">\n\t\t\t\t\t<span style=\"font-weight:300;font-size:14px;\">z.B. Bestattungsauftrag, <u>Antrag f\u00fcr Bestattungskosten<\/u> oder sonstige Dokumente. <br>Erlaubte Dateitypen: <b>JPG, JPEG, PNG &amp; PDF<\/b><br> Max.: <b>5 Dateien und 15MB<\/b> <\/span><br \/>\t\t\t\t<\/div>\n\t\t\t\t\t\t\t\t<div class=\"elementor-field-type-acceptance elementor-field-group elementor-column elementor-field-group-field_3_dsgvo elementor-col-100 elementor-field-required elementor-mark-required\">\n\t\t\t\t\t\t\t\t\t\t\t\t<label for=\"form-field-field_3_dsgvo\" class=\"elementor-field-label\">\n\t\t\t\t\t\t\t\tBitte akzeptieren Sie unseren Datenschutz\t\t\t\t\t\t\t<\/label>\n\t\t\t\t\t\t\t\t<div class=\"elementor-field-subgroup\">\n\t\t\t<span class=\"elementor-field-option\">\n\t\t\t\t<input type=\"checkbox\" name=\"form_fields[field_3_dsgvo]\" id=\"form-field-field_3_dsgvo\" class=\"elementor-field elementor-size-sm  elementor-acceptance-field\" required=\"required\">\n\t\t\t\t<label for=\"form-field-field_3_dsgvo\"><span style=\"font-size:14px;\">Ich habe die <a href=\"\/datenschutz\/\" titel=\"Datenschutz - DSGVO\">Datenschutzerkl\u00e4rung <\/a>zur Kenntnis genommen. Ich stimme zu, dass meine Angaben zur Kontaktaufnahme und f\u00fcr R\u00fcckfragen dauerhaft gespeichert werden.<\/span><br \/> <span style=\"color:red;\">*<\/span> <span style=\"font-weight:300;font-size:14px;\">Pflichtfelder m\u00fcssen ausgef\u00fcllt werden.<\/span><\/label>\t\t\t<\/span>\n\t\t<\/div>\n\t\t\t\t\t\t<\/div>\n\t\t\t\t\t\t\t\t<div class=\"elementor-field-type-recaptcha_v3 elementor-field-group elementor-column elementor-field-group-field_4 elementor-col-100 recaptcha_v3-bottomright\">\n\t\t\t\t\t<div class=\"elementor-field\" id=\"form-field-field_4\"><div class=\"elementor-g-recaptcha\" data-sitekey=\"6LcGsMsUAAAAACyKHZHF5RZE1AZ2OpBA_48z117k\" data-type=\"v3\" data-action=\"Form\" data-badge=\"bottomright\" data-size=\"invisible\"><\/div><\/div>\t\t\t\t<\/div>\n\t\t\t\t\t\t\t\t<div class=\"elementor-field-group elementor-column elementor-field-type-submit elementor-col-100 e-form__buttons\">\n\t\t\t\t\t<button class=\"elementor-button elementor-size-sm\" type=\"submit\">\n\t\t\t\t\t\t<span class=\"elementor-button-content-wrapper\">\n\t\t\t\t\t\t\t\t\t\t\t\t\t\t\t\t\t\t\t\t\t\t<span class=\"elementor-button-text\">Nachricht senden<\/span>\n\t\t\t\t\t\t\t\t\t\t\t\t\t<\/span>\n\t\t\t\t\t<\/button>\n\t\t\t\t<\/div>\n\t\t\t<\/div>\n\t\t<\/form>\n\t\t <div class=\"brlbs-cmpnt-container brlbs-cmpnt-content-blocker brlbs-cmpnt-with-individual-styles\" data-borlabs-cookie-content-blocker-id=\"default\" data-borlabs-cookie-content=\"\"><div class=\"brlbs-cmpnt-cb-preset-a\"> <p class=\"brlbs-cmpnt-cb-description\">Est\u00e1s viendo un contenido de marcador de posici\u00f3n de <strong>Predeterminado<\/strong>. Para acceder al contenido real, haz clic en el siguiente bot\u00f3n. Ten en cuenta que al hacerlo compartir\u00e1s datos con terceros proveedores.<\/p> <div class=\"brlbs-cmpnt-cb-buttons\"> <a class=\"brlbs-cmpnt-cb-btn\" href=\"#\" data-borlabs-cookie-unblock role=\"button\">Desbloquear contenido<\/a> <a class=\"brlbs-cmpnt-cb-btn\" href=\"#\" data-borlabs-cookie-accept-service role=\"button\" style=\"display: none\">Aceptar el servicio requerido y desbloquear los contenidos<\/a> <\/div> <a class=\"brlbs-cmpnt-cb-provider-toggle\" href=\"#\" data-borlabs-cookie-show-provider-information role=\"button\">M\u00e1s informaci\u00f3n<\/a> <\/div><\/div>\t\t\t\t<\/div>\n\t\t\t\t<\/div>\n\t\t\t\t<div class=\"elementor-element elementor-element-225fa9c elementor-widget elementor-widget-text-editor\" data-id=\"225fa9c\" data-element_type=\"widget\" data-e-type=\"widget\" data-widget_type=\"text-editor.default\">\n\t\t\t\t<div class=\"elementor-widget-container\">\n\t\t\t\t\t\t\t\t\t(*) gekennzeichnete Felder sind Pflichtfelder. Au\u00dferhalb der Gesch\u00e4ftszeiten, Termine nur nach telefonischer Vereinbarung\t\t\t\t\t\t\t\t<\/div>\n\t\t\t\t<\/div>\n\t\t\t\t\t<\/div>\n\t\t\t\t<\/div>\n\t\t\t\t<\/div>\n\t\t","protected":false},"excerpt":{"rendered":"<p>C\u00f3mo llegar (*) Los campos marcados son obligatorios. Fuera del horario de oficina, s\u00f3lo por tel\u00e9fono<\/p>","protected":false},"author":1,"featured_media":0,"parent":0,"menu_order":0,"comment_status":"closed","ping_status":"closed","template":"","meta":{"_acf_changed":false,"footnotes":""},"class_list":["post-210","page","type-page","status-publish","hentry"],"acf":[],"yoast_head":"<!-- This site is optimized with the Yoast SEO plugin v27.5 - https:\/\/yoast.com\/product\/yoast-seo-wordpress\/ -->\n<title>Kontakt | International Funeral \u2013 Pers\u00f6nlich f\u00fcr Sie da<\/title>\n<meta name=\"description\" content=\"Sie haben Fragen zur \u00dcberf\u00fchrung oder ben\u00f6tigen Hilfe im Trauerfall? Kontaktieren Sie uns, mehrsprachig, empathisch &amp; rund um die Uhr.\" \/>\n<meta name=\"robots\" content=\"index, follow, max-snippet:-1, max-image-preview:large, max-video-preview:-1\" \/>\n<link rel=\"canonical\" href=\"https:\/\/international-funeral.com\/es\/pongase-en-contacto-con\/\" \/>\n<meta property=\"og:locale\" content=\"es_ES\" \/>\n<meta property=\"og:type\" content=\"article\" \/>\n<meta property=\"og:title\" content=\"Kontakt | International Funeral \u2013 Pers\u00f6nlich f\u00fcr Sie da\" \/>\n<meta property=\"og:description\" content=\"Sie haben Fragen zur \u00dcberf\u00fchrung oder ben\u00f6tigen Hilfe im Trauerfall? Kontaktieren Sie uns, mehrsprachig, empathisch &amp; rund um die Uhr.\" \/>\n<meta property=\"og:url\" content=\"https:\/\/international-funeral.com\/es\/pongase-en-contacto-con\/\" \/>\n<meta property=\"og:site_name\" content=\"international-funeral.com\" \/>\n<meta property=\"article:modified_time\" content=\"2025-05-23T12:05:46+00:00\" \/>\n<meta name=\"twitter:card\" content=\"summary_large_image\" \/>\n<meta name=\"twitter:label1\" content=\"Tiempo de lectura\" \/>\n\t<meta name=\"twitter:data1\" content=\"1 minuto\" \/>\n<script type=\"application\/ld+json\" class=\"yoast-schema-graph\">{\"@context\":\"https:\\\/\\\/schema.org\",\"@graph\":[{\"@type\":\"WebPage\",\"@id\":\"https:\\\/\\\/international-funeral.com\\\/kontakt\\\/\",\"url\":\"https:\\\/\\\/international-funeral.com\\\/kontakt\\\/\",\"name\":\"Kontakt | International Funeral \u2013 Pers\u00f6nlich f\u00fcr Sie da\",\"isPartOf\":{\"@id\":\"https:\\\/\\\/international-funeral.com\\\/#website\"},\"datePublished\":\"2023-12-19T16:16:39+00:00\",\"dateModified\":\"2025-05-23T12:05:46+00:00\",\"description\":\"Sie haben Fragen zur \u00dcberf\u00fchrung oder ben\u00f6tigen Hilfe im Trauerfall? Kontaktieren Sie uns, mehrsprachig, empathisch & rund um die Uhr.\",\"breadcrumb\":{\"@id\":\"https:\\\/\\\/international-funeral.com\\\/kontakt\\\/#breadcrumb\"},\"inLanguage\":\"es\",\"potentialAction\":[{\"@type\":\"ReadAction\",\"target\":[\"https:\\\/\\\/international-funeral.com\\\/kontakt\\\/\"]}]},{\"@type\":\"BreadcrumbList\",\"@id\":\"https:\\\/\\\/international-funeral.com\\\/kontakt\\\/#breadcrumb\",\"itemListElement\":[{\"@type\":\"ListItem\",\"position\":1,\"name\":\"Startseite\",\"item\":\"https:\\\/\\\/international-funeral.com\\\/\"},{\"@type\":\"ListItem\",\"position\":2,\"name\":\"Kontakt\"}]},{\"@type\":\"WebSite\",\"@id\":\"https:\\\/\\\/international-funeral.com\\\/#website\",\"url\":\"https:\\\/\\\/international-funeral.com\\\/\",\"name\":\"international-funeral.com\",\"description\":\"Pompes Fun\u00e9bres |\u00a0Funeral Home | Wordwide Transfers\",\"publisher\":{\"@id\":\"https:\\\/\\\/international-funeral.com\\\/#organization\"},\"potentialAction\":[{\"@type\":\"SearchAction\",\"target\":{\"@type\":\"EntryPoint\",\"urlTemplate\":\"https:\\\/\\\/international-funeral.com\\\/?s={search_term_string}\"},\"query-input\":{\"@type\":\"PropertyValueSpecification\",\"valueRequired\":true,\"valueName\":\"search_term_string\"}}],\"inLanguage\":\"es\"},{\"@type\":\"Organization\",\"@id\":\"https:\\\/\\\/international-funeral.com\\\/#organization\",\"name\":\"international-funeral.com\",\"url\":\"https:\\\/\\\/international-funeral.com\\\/\",\"logo\":{\"@type\":\"ImageObject\",\"inLanguage\":\"es\",\"@id\":\"https:\\\/\\\/international-funeral.com\\\/#\\\/schema\\\/logo\\\/image\\\/\",\"url\":\"https:\\\/\\\/international-funeral.com\\\/wp-content\\\/uploads\\\/2025\\\/05\\\/if_logo_pos.png\",\"contentUrl\":\"https:\\\/\\\/international-funeral.com\\\/wp-content\\\/uploads\\\/2025\\\/05\\\/if_logo_pos.png\",\"width\":1890,\"height\":543,\"caption\":\"international-funeral.com\"},\"image\":{\"@id\":\"https:\\\/\\\/international-funeral.com\\\/#\\\/schema\\\/logo\\\/image\\\/\"}}]}<\/script>\n<!-- \/ Yoast SEO plugin. -->","yoast_head_json":{"title":"Contacto | Funeraria Internacional - There for you personally","description":"\u00bfTiene preguntas sobre la repatriaci\u00f3n o necesita ayuda en caso de duelo? P\u00f3ngase en contacto con nosotros, multiling\u00fces, emp\u00e1ticos y las 24 horas del d\u00eda.","robots":{"index":"index","follow":"follow","max-snippet":"max-snippet:-1","max-image-preview":"max-image-preview:large","max-video-preview":"max-video-preview:-1"},"canonical":"https:\/\/international-funeral.com\/es\/pongase-en-contacto-con\/","og_locale":"es_ES","og_type":"article","og_title":"Kontakt | International Funeral \u2013 Pers\u00f6nlich f\u00fcr Sie da","og_description":"Sie haben Fragen zur \u00dcberf\u00fchrung oder ben\u00f6tigen Hilfe im Trauerfall? Kontaktieren Sie uns, mehrsprachig, empathisch & rund um die Uhr.","og_url":"https:\/\/international-funeral.com\/es\/pongase-en-contacto-con\/","og_site_name":"international-funeral.com","article_modified_time":"2025-05-23T12:05:46+00:00","twitter_card":"summary_large_image","twitter_misc":{"Tiempo de lectura":"1 minuto"},"schema":{"@context":"https:\/\/schema.org","@graph":[{"@type":"WebPage","@id":"https:\/\/international-funeral.com\/kontakt\/","url":"https:\/\/international-funeral.com\/kontakt\/","name":"Contacto | Funeraria Internacional - There for you personally","isPartOf":{"@id":"https:\/\/international-funeral.com\/#website"},"datePublished":"2023-12-19T16:16:39+00:00","dateModified":"2025-05-23T12:05:46+00:00","description":"\u00bfTiene preguntas sobre la repatriaci\u00f3n o necesita ayuda en caso de duelo? P\u00f3ngase en contacto con nosotros, multiling\u00fces, emp\u00e1ticos y las 24 horas del d\u00eda.","breadcrumb":{"@id":"https:\/\/international-funeral.com\/kontakt\/#breadcrumb"},"inLanguage":"es","potentialAction":[{"@type":"ReadAction","target":["https:\/\/international-funeral.com\/kontakt\/"]}]},{"@type":"BreadcrumbList","@id":"https:\/\/international-funeral.com\/kontakt\/#breadcrumb","itemListElement":[{"@type":"ListItem","position":1,"name":"Startseite","item":"https:\/\/international-funeral.com\/"},{"@type":"ListItem","position":2,"name":"Kontakt"}]},{"@type":"WebSite","@id":"https:\/\/international-funeral.com\/#website","url":"https:\/\/international-funeral.com\/","name":"international-funeral.com","description":"Pompes Fun\u00e9bres | Funeraria | Traslados internacionales","publisher":{"@id":"https:\/\/international-funeral.com\/#organization"},"potentialAction":[{"@type":"SearchAction","target":{"@type":"EntryPoint","urlTemplate":"https:\/\/international-funeral.com\/?s={search_term_string}"},"query-input":{"@type":"PropertyValueSpecification","valueRequired":true,"valueName":"search_term_string"}}],"inLanguage":"es"},{"@type":"Organization","@id":"https:\/\/international-funeral.com\/#organization","name":"international-funeral.com","url":"https:\/\/international-funeral.com\/","logo":{"@type":"ImageObject","inLanguage":"es","@id":"https:\/\/international-funeral.com\/#\/schema\/logo\/image\/","url":"https:\/\/international-funeral.com\/wp-content\/uploads\/2025\/05\/if_logo_pos.png","contentUrl":"https:\/\/international-funeral.com\/wp-content\/uploads\/2025\/05\/if_logo_pos.png","width":1890,"height":543,"caption":"international-funeral.com"},"image":{"@id":"https:\/\/international-funeral.com\/#\/schema\/logo\/image\/"}}]}},"_links":{"self":[{"href":"https:\/\/international-funeral.com\/es\/wp-json\/wp\/v2\/pages\/210","targetHints":{"allow":["GET"]}}],"collection":[{"href":"https:\/\/international-funeral.com\/es\/wp-json\/wp\/v2\/pages"}],"about":[{"href":"https:\/\/international-funeral.com\/es\/wp-json\/wp\/v2\/types\/page"}],"author":[{"embeddable":true,"href":"https:\/\/international-funeral.com\/es\/wp-json\/wp\/v2\/users\/1"}],"replies":[{"embeddable":true,"href":"https:\/\/international-funeral.com\/es\/wp-json\/wp\/v2\/comments?post=210"}],"version-history":[{"count":10,"href":"https:\/\/international-funeral.com\/es\/wp-json\/wp\/v2\/pages\/210\/revisions"}],"predecessor-version":[{"id":3098,"href":"https:\/\/international-funeral.com\/es\/wp-json\/wp\/v2\/pages\/210\/revisions\/3098"}],"wp:attachment":[{"href":"https:\/\/international-funeral.com\/es\/wp-json\/wp\/v2\/media?parent=210"}],"curies":[{"name":"wp","href":"https:\/\/api.w.org\/{rel}","templated":true}]}}