{"id":167,"date":"2023-12-19T17:11:41","date_gmt":"2023-12-19T16:11:41","guid":{"rendered":"https:\/\/international-funeral.com\/?page_id=167"},"modified":"2025-05-23T13:56:05","modified_gmt":"2025-05-23T11:56:05","slug":"transferencia","status":"publish","type":"page","link":"https:\/\/international-funeral.com\/es\/ueberfuehrung\/","title":{"rendered":"Traslados en todo el mundo"},"content":{"rendered":"<div data-elementor-type=\"wp-page\" data-elementor-id=\"167\" class=\"elementor elementor-167\" data-elementor-post-type=\"page\">\n\t\t\t\t<div class=\"elementor-element elementor-element-326f116 e-flex e-con-boxed e-con e-parent\" data-id=\"326f116\" data-element_type=\"container\" data-e-type=\"container\">\n\t\t\t\t\t<div class=\"e-con-inner\">\n\t\t\t\t<div class=\"elementor-element elementor-element-7cb0971 elementor-widget elementor-widget-heading\" data-id=\"7cb0971\" data-element_type=\"widget\" data-e-type=\"widget\" data-widget_type=\"heading.default\">\n\t\t\t\t<div class=\"elementor-widget-container\">\n\t\t\t\t\t<h1 class=\"elementor-heading-title elementor-size-default\">Repatriaci\u00f3n mundial en caso de fallecimiento: segura y digna<\/h1>\t\t\t\t<\/div>\n\t\t\t\t<\/div>\n\t\t\t\t<div class=\"elementor-element elementor-element-527f7160 elementor-widget elementor-widget-text-editor\" data-id=\"527f7160\" data-element_type=\"widget\" data-e-type=\"widget\" data-widget_type=\"text-editor.default\">\n\t\t\t\t<div class=\"elementor-widget-container\">\n\t\t\t\t\t\t\t\t\tLa p\u00e9rdida de un ser querido es una de las experiencias m\u00e1s dif\u00edciles de la vida. Resulta especialmente dif\u00edcil cuando el fallecimiento se produce en el extranjero o se desea la repatriaci\u00f3n al pa\u00eds de origen.\nEstamos a su lado como socio fiable en esta situaci\u00f3n excepcional y tomamos todas las medidas necesarias para una repatriaci\u00f3n sin contratiempos, en todo el mundo y las 24 horas del d\u00eda.\t\t\t\t\t\t\t\t<\/div>\n\t\t\t\t<\/div>\n\t\t\t\t<div class=\"elementor-element elementor-element-9487c23 elementor-widget elementor-widget-heading\" data-id=\"9487c23\" data-element_type=\"widget\" data-e-type=\"widget\" data-widget_type=\"heading.default\">\n\t\t\t\t<div class=\"elementor-widget-container\">\n\t\t\t\t\t<h2 class=\"elementor-heading-title elementor-size-default\">Qu\u00e9 es importante para las transferencias internacionales<\/h2>\t\t\t\t<\/div>\n\t\t\t\t<\/div>\n\t\t\t\t<div class=\"elementor-element elementor-element-b7e4641 elementor-widget elementor-widget-text-editor\" data-id=\"b7e4641\" data-element_type=\"widget\" data-e-type=\"widget\" data-widget_type=\"text-editor.default\">\n\t\t\t\t<div class=\"elementor-widget-container\">\n\t\t\t\t\t\t\t\t\t<p>Un traslado a cualquier parte del mundo requiere amplia experiencia, sensibilidad cultural y un trabajo preciso. Nuestro equipo se encarga de todas las autorizaciones oficiales, requisitos consulares y reservas de vuelos.<br \/>Prestamos atenci\u00f3n a:<\/p><ul><li>Cumplimiento de la normativa internacional<\/li><li>Las exigencias culturales y religiosas<\/li><li>Tratar a los difuntos con dignidad<\/li><li>Comunicaci\u00f3n transparente con usted como familiar<\/li><\/ul><p>\u00a0<\/p><p>Trabajamos con socios internacionales, empresas funerarias y compa\u00f1\u00edas a\u00e9reas para garantizar que el \u00faltimo viaje de su ser querido sea lo m\u00e1s digno y eficiente posible.<\/p>\t\t\t\t\t\t\t\t<\/div>\n\t\t\t\t<\/div>\n\t\t\t\t<div class=\"elementor-element elementor-element-50caf56 elementor-widget elementor-widget-heading\" data-id=\"50caf56\" data-element_type=\"widget\" data-e-type=\"widget\" data-widget_type=\"heading.default\">\n\t\t\t\t<div class=\"elementor-widget-container\">\n\t\t\t\t\t<h3 class=\"elementor-heading-title elementor-size-default\">Su ventaja: todo de un mismo proveedor, con coraz\u00f3n y experiencia<\/h3>\t\t\t\t<\/div>\n\t\t\t\t<\/div>\n\t\t\t\t<div class=\"elementor-element elementor-element-5a55747 elementor-widget elementor-widget-text-editor\" data-id=\"5a55747\" data-element_type=\"widget\" data-e-type=\"widget\" data-widget_type=\"text-editor.default\">\n\t\t\t\t<div class=\"elementor-widget-container\">\n\t\t\t\t\t\t\t\t\t<p>Le quitamos presi\u00f3n en un momento en el que deber\u00eda concentrarse en su duelo. Desde la primera llamada hasta la llegada al pa\u00eds de destino, nos encargamos de la organizaci\u00f3n completa del traslado.<br \/>Estamos a su lado con empat\u00eda, profesionalidad y a\u00f1os de experiencia, independientemente de si viaja a \u00c1frica, Asia, Am\u00e9rica o dentro de Europa.<\/p><p>P\u00f3ngase en contacto con nosotros las 24 horas del d\u00eda: le ayudaremos inmediatamente.<\/p>\t\t\t\t\t\t\t\t<\/div>\n\t\t\t\t<\/div>\n\t\t\t\t\t<\/div>\n\t\t\t\t<\/div>\n\t\t\t\t<\/div>","protected":false},"excerpt":{"rendered":"<p>Weltweite \u00dcberf\u00fchrungen im Trauerfall \u2013 sicher &amp; w\u00fcrdevoll Der Verlust eines geliebten Menschen ist eine der schwersten Erfahrungen im Leben. Besonders herausfordernd wird es, wenn der Todesfall im Ausland eintritt oder eine R\u00fcckf\u00fchrung in das Herkunftsland gew\u00fcnscht wird. Wir stehen Ihnen in dieser Ausnahmesituation als verl\u00e4sslicher Partner zur Seite und \u00fcbernehmen alle notwendigen Schritte f\u00fcr [&hellip;]<\/p>\n","protected":false},"author":1,"featured_media":1904,"parent":0,"menu_order":0,"comment_status":"closed","ping_status":"closed","template":"","meta":{"_acf_changed":false,"footnotes":""},"class_list":["post-167","page","type-page","status-publish","has-post-thumbnail","hentry"],"acf":[],"yoast_head":"<!-- This site is optimized with the Yoast SEO plugin v27.5 - https:\/\/yoast.com\/product\/yoast-seo-wordpress\/ -->\n<title>Weltweite \u00dcberf\u00fchrungen im Todesfall | International Funeral<\/title>\n<meta name=\"description\" content=\"Weltweite \u00dcberf\u00fchrungen im Trauerfall \u2013 wir organisieren jeden Schritt zuverl\u00e4ssig, piet\u00e4tvoll &amp; kultursensibel \u2013 24\/7 f\u00fcr Sie da.\" \/>\n<meta name=\"robots\" content=\"index, follow, max-snippet:-1, max-image-preview:large, max-video-preview:-1\" \/>\n<link rel=\"canonical\" href=\"https:\/\/international-funeral.com\/es\/transferencia\/\" \/>\n<meta property=\"og:locale\" content=\"es_ES\" \/>\n<meta property=\"og:type\" content=\"article\" \/>\n<meta property=\"og:title\" content=\"Weltweite \u00dcberf\u00fchrungen im Todesfall | International Funeral\" \/>\n<meta property=\"og:description\" content=\"Weltweite \u00dcberf\u00fchrungen im Trauerfall \u2013 wir organisieren jeden Schritt zuverl\u00e4ssig, piet\u00e4tvoll &amp; kultursensibel \u2013 24\/7 f\u00fcr Sie da.\" \/>\n<meta property=\"og:url\" content=\"https:\/\/international-funeral.com\/es\/transferencia\/\" \/>\n<meta property=\"og:site_name\" content=\"international-funeral.com\" \/>\n<meta property=\"article:modified_time\" content=\"2025-05-23T11:56:05+00:00\" \/>\n<meta property=\"og:image\" content=\"https:\/\/international-funeral.com\/wp-content\/uploads\/2025\/04\/fantasy-style-clouds-scaled.jpg\" \/>\n\t<meta property=\"og:image:width\" content=\"2560\" \/>\n\t<meta property=\"og:image:height\" content=\"2560\" \/>\n\t<meta property=\"og:image:type\" content=\"image\/jpeg\" \/>\n<meta name=\"twitter:card\" content=\"summary_large_image\" \/>\n<meta name=\"twitter:label1\" content=\"Tiempo de lectura\" \/>\n\t<meta name=\"twitter:data1\" content=\"2 minutos\" \/>\n<script type=\"application\/ld+json\" class=\"yoast-schema-graph\">{\"@context\":\"https:\\\/\\\/schema.org\",\"@graph\":[{\"@type\":\"WebPage\",\"@id\":\"https:\\\/\\\/international-funeral.com\\\/ueberfuehrung\\\/\",\"url\":\"https:\\\/\\\/international-funeral.com\\\/ueberfuehrung\\\/\",\"name\":\"Weltweite \u00dcberf\u00fchrungen im Todesfall | International Funeral\",\"isPartOf\":{\"@id\":\"https:\\\/\\\/international-funeral.com\\\/#website\"},\"primaryImageOfPage\":{\"@id\":\"https:\\\/\\\/international-funeral.com\\\/ueberfuehrung\\\/#primaryimage\"},\"image\":{\"@id\":\"https:\\\/\\\/international-funeral.com\\\/ueberfuehrung\\\/#primaryimage\"},\"thumbnailUrl\":\"https:\\\/\\\/international-funeral.com\\\/wp-content\\\/uploads\\\/2025\\\/04\\\/fantasy-style-clouds-scaled.jpg\",\"datePublished\":\"2023-12-19T16:11:41+00:00\",\"dateModified\":\"2025-05-23T11:56:05+00:00\",\"description\":\"Weltweite \u00dcberf\u00fchrungen im Trauerfall \u2013 wir organisieren jeden Schritt zuverl\u00e4ssig, piet\u00e4tvoll & kultursensibel \u2013 24\\\/7 f\u00fcr Sie da.\",\"breadcrumb\":{\"@id\":\"https:\\\/\\\/international-funeral.com\\\/ueberfuehrung\\\/#breadcrumb\"},\"inLanguage\":\"es\",\"potentialAction\":[{\"@type\":\"ReadAction\",\"target\":[\"https:\\\/\\\/international-funeral.com\\\/ueberfuehrung\\\/\"]}]},{\"@type\":\"ImageObject\",\"inLanguage\":\"es\",\"@id\":\"https:\\\/\\\/international-funeral.com\\\/ueberfuehrung\\\/#primaryimage\",\"url\":\"https:\\\/\\\/international-funeral.com\\\/wp-content\\\/uploads\\\/2025\\\/04\\\/fantasy-style-clouds-scaled.jpg\",\"contentUrl\":\"https:\\\/\\\/international-funeral.com\\\/wp-content\\\/uploads\\\/2025\\\/04\\\/fantasy-style-clouds-scaled.jpg\",\"width\":2560,\"height\":2560},{\"@type\":\"BreadcrumbList\",\"@id\":\"https:\\\/\\\/international-funeral.com\\\/ueberfuehrung\\\/#breadcrumb\",\"itemListElement\":[{\"@type\":\"ListItem\",\"position\":1,\"name\":\"Startseite\",\"item\":\"https:\\\/\\\/international-funeral.com\\\/\"},{\"@type\":\"ListItem\",\"position\":2,\"name\":\"Weltweite \u00dcberf\u00fchrungen\"}]},{\"@type\":\"WebSite\",\"@id\":\"https:\\\/\\\/international-funeral.com\\\/#website\",\"url\":\"https:\\\/\\\/international-funeral.com\\\/\",\"name\":\"international-funeral.com\",\"description\":\"Pompes Fun\u00e9bres |\u00a0Funeral Home | Wordwide Transfers\",\"publisher\":{\"@id\":\"https:\\\/\\\/international-funeral.com\\\/#organization\"},\"potentialAction\":[{\"@type\":\"SearchAction\",\"target\":{\"@type\":\"EntryPoint\",\"urlTemplate\":\"https:\\\/\\\/international-funeral.com\\\/?s={search_term_string}\"},\"query-input\":{\"@type\":\"PropertyValueSpecification\",\"valueRequired\":true,\"valueName\":\"search_term_string\"}}],\"inLanguage\":\"es\"},{\"@type\":\"Organization\",\"@id\":\"https:\\\/\\\/international-funeral.com\\\/#organization\",\"name\":\"international-funeral.com\",\"url\":\"https:\\\/\\\/international-funeral.com\\\/\",\"logo\":{\"@type\":\"ImageObject\",\"inLanguage\":\"es\",\"@id\":\"https:\\\/\\\/international-funeral.com\\\/#\\\/schema\\\/logo\\\/image\\\/\",\"url\":\"https:\\\/\\\/international-funeral.com\\\/wp-content\\\/uploads\\\/2025\\\/05\\\/if_logo_pos.png\",\"contentUrl\":\"https:\\\/\\\/international-funeral.com\\\/wp-content\\\/uploads\\\/2025\\\/05\\\/if_logo_pos.png\",\"width\":1890,\"height\":543,\"caption\":\"international-funeral.com\"},\"image\":{\"@id\":\"https:\\\/\\\/international-funeral.com\\\/#\\\/schema\\\/logo\\\/image\\\/\"}}]}<\/script>\n<!-- \/ Yoast SEO plugin. -->","yoast_head_json":{"title":"Repatriaciones en todo el mundo en caso de fallecimiento | Funeral internacional","description":"Repatriaci\u00f3n mundial en caso de fallecimiento: organizamos cada paso de forma fiable, respetuosa y culturalmente sensible, y estamos a su disposici\u00f3n 24 horas al d\u00eda, 7 d\u00edas a la semana.","robots":{"index":"index","follow":"follow","max-snippet":"max-snippet:-1","max-image-preview":"max-image-preview:large","max-video-preview":"max-video-preview:-1"},"canonical":"https:\/\/international-funeral.com\/es\/transferencia\/","og_locale":"es_ES","og_type":"article","og_title":"Weltweite \u00dcberf\u00fchrungen im Todesfall | International Funeral","og_description":"Weltweite \u00dcberf\u00fchrungen im Trauerfall \u2013 wir organisieren jeden Schritt zuverl\u00e4ssig, piet\u00e4tvoll & kultursensibel \u2013 24\/7 f\u00fcr Sie da.","og_url":"https:\/\/international-funeral.com\/es\/transferencia\/","og_site_name":"international-funeral.com","article_modified_time":"2025-05-23T11:56:05+00:00","og_image":[{"width":2560,"height":2560,"url":"https:\/\/international-funeral.com\/wp-content\/uploads\/2025\/04\/fantasy-style-clouds-scaled.jpg","type":"image\/jpeg"}],"twitter_card":"summary_large_image","twitter_misc":{"Tiempo de lectura":"2 minutos"},"schema":{"@context":"https:\/\/schema.org","@graph":[{"@type":"WebPage","@id":"https:\/\/international-funeral.com\/ueberfuehrung\/","url":"https:\/\/international-funeral.com\/ueberfuehrung\/","name":"Repatriaciones en todo el mundo en caso de fallecimiento | Funeral internacional","isPartOf":{"@id":"https:\/\/international-funeral.com\/#website"},"primaryImageOfPage":{"@id":"https:\/\/international-funeral.com\/ueberfuehrung\/#primaryimage"},"image":{"@id":"https:\/\/international-funeral.com\/ueberfuehrung\/#primaryimage"},"thumbnailUrl":"https:\/\/international-funeral.com\/wp-content\/uploads\/2025\/04\/fantasy-style-clouds-scaled.jpg","datePublished":"2023-12-19T16:11:41+00:00","dateModified":"2025-05-23T11:56:05+00:00","description":"Repatriaci\u00f3n mundial en caso de fallecimiento: organizamos cada paso de forma fiable, respetuosa y culturalmente sensible, y estamos a su disposici\u00f3n 24 horas al d\u00eda, 7 d\u00edas a la semana.","breadcrumb":{"@id":"https:\/\/international-funeral.com\/ueberfuehrung\/#breadcrumb"},"inLanguage":"es","potentialAction":[{"@type":"ReadAction","target":["https:\/\/international-funeral.com\/ueberfuehrung\/"]}]},{"@type":"ImageObject","inLanguage":"es","@id":"https:\/\/international-funeral.com\/ueberfuehrung\/#primaryimage","url":"https:\/\/international-funeral.com\/wp-content\/uploads\/2025\/04\/fantasy-style-clouds-scaled.jpg","contentUrl":"https:\/\/international-funeral.com\/wp-content\/uploads\/2025\/04\/fantasy-style-clouds-scaled.jpg","width":2560,"height":2560},{"@type":"BreadcrumbList","@id":"https:\/\/international-funeral.com\/ueberfuehrung\/#breadcrumb","itemListElement":[{"@type":"ListItem","position":1,"name":"Startseite","item":"https:\/\/international-funeral.com\/"},{"@type":"ListItem","position":2,"name":"Weltweite \u00dcberf\u00fchrungen"}]},{"@type":"WebSite","@id":"https:\/\/international-funeral.com\/#website","url":"https:\/\/international-funeral.com\/","name":"international-funeral.com","description":"Pompes Fun\u00e9bres | Funeraria | Traslados internacionales","publisher":{"@id":"https:\/\/international-funeral.com\/#organization"},"potentialAction":[{"@type":"SearchAction","target":{"@type":"EntryPoint","urlTemplate":"https:\/\/international-funeral.com\/?s={search_term_string}"},"query-input":{"@type":"PropertyValueSpecification","valueRequired":true,"valueName":"search_term_string"}}],"inLanguage":"es"},{"@type":"Organization","@id":"https:\/\/international-funeral.com\/#organization","name":"international-funeral.com","url":"https:\/\/international-funeral.com\/","logo":{"@type":"ImageObject","inLanguage":"es","@id":"https:\/\/international-funeral.com\/#\/schema\/logo\/image\/","url":"https:\/\/international-funeral.com\/wp-content\/uploads\/2025\/05\/if_logo_pos.png","contentUrl":"https:\/\/international-funeral.com\/wp-content\/uploads\/2025\/05\/if_logo_pos.png","width":1890,"height":543,"caption":"international-funeral.com"},"image":{"@id":"https:\/\/international-funeral.com\/#\/schema\/logo\/image\/"}}]}},"_links":{"self":[{"href":"https:\/\/international-funeral.com\/es\/wp-json\/wp\/v2\/pages\/167","targetHints":{"allow":["GET"]}}],"collection":[{"href":"https:\/\/international-funeral.com\/es\/wp-json\/wp\/v2\/pages"}],"about":[{"href":"https:\/\/international-funeral.com\/es\/wp-json\/wp\/v2\/types\/page"}],"author":[{"embeddable":true,"href":"https:\/\/international-funeral.com\/es\/wp-json\/wp\/v2\/users\/1"}],"replies":[{"embeddable":true,"href":"https:\/\/international-funeral.com\/es\/wp-json\/wp\/v2\/comments?post=167"}],"version-history":[{"count":9,"href":"https:\/\/international-funeral.com\/es\/wp-json\/wp\/v2\/pages\/167\/revisions"}],"predecessor-version":[{"id":3087,"href":"https:\/\/international-funeral.com\/es\/wp-json\/wp\/v2\/pages\/167\/revisions\/3087"}],"wp:featuredmedia":[{"embeddable":true,"href":"https:\/\/international-funeral.com\/es\/wp-json\/wp\/v2\/media\/1904"}],"wp:attachment":[{"href":"https:\/\/international-funeral.com\/es\/wp-json\/wp\/v2\/media?parent=167"}],"curies":[{"name":"wp","href":"https:\/\/api.w.org\/{rel}","templated":true}]}}